{"id":16203,"date":"2019-01-01T20:00:54","date_gmt":"2019-01-01T20:00:54","guid":{"rendered":"https:\/\/cmnordeste.pt\/cultura\/?page_id=16203"},"modified":"2019-12-05T22:07:38","modified_gmt":"2019-12-05T22:07:38","slug":"atividades-e-visitas","status":"publish","type":"page","link":"https:\/\/cmnordeste.pt\/cultura\/museu-do-nordeste\/atividades-e-visitas\/","title":{"rendered":"Museu Municipal Nestor de Sousa &#8211; Atividades e Visitas"},"content":{"rendered":"<script>fsg_json['fsg_post_16203'] = [\n{id: 16259, image: 'http:\/\/cmnordeste.pt\/cultura\/wp-content\/uploads\/sites\/4\/2019\/05\/2015_05_02_cmn_69.jpg', extlink: '', thumb: 'https:\/\/cmnordeste.pt\/cultura\/wp-content\/uploads\/sites\/4\/2019\/05\/2015_05_02_cmn_69-300x300.jpg', permalink: '<div class=\"galleria-layeritem\"><a title=\"Permalink\" href=\"https:\/\/cmnordeste.pt\/cultura\/museu-do-nordeste\/atividades-e-visitas\/#16259\"><div class=\"galleria-link-bookmark\"><\/div><\/a><\/div>', layer: '<div class=\"galleria-infolayer\"><div class=\"galleria-layeritem\" style=\"padding-right: 20px;\"><h1>Museu do Nordeste - Evento - 2015-05-02<\/h1><\/div><div class=\"galleria-layeritem\"><a title=\"Permalink\" href=\"https:\/\/cmnordeste.pt\/cultura\/museu-do-nordeste\/atividades-e-visitas\/#16259\"><div class=\"galleria-link-bookmark\"><\/div><\/a><\/div><div class=\"galleria-layeritem\" style=\"padding-right: 20px;\"><\/div>'},\n{id: 16260, image: 'http:\/\/cmnordeste.pt\/cultura\/wp-content\/uploads\/sites\/4\/2019\/05\/2015_05_02_cmn_72.jpg', extlink: '', thumb: 'https:\/\/cmnordeste.pt\/cultura\/wp-content\/uploads\/sites\/4\/2019\/05\/2015_05_02_cmn_72-300x300.jpg', permalink: '<div class=\"galleria-layeritem\"><a title=\"Permalink\" href=\"https:\/\/cmnordeste.pt\/cultura\/museu-do-nordeste\/atividades-e-visitas\/#16260\"><div class=\"galleria-link-bookmark\"><\/div><\/a><\/div>', layer: '<div class=\"galleria-infolayer\"><div class=\"galleria-layeritem\" style=\"padding-right: 20px;\"><h1>Museu do Nordeste - Evento - 2015-05-05<\/h1><\/div><div class=\"galleria-layeritem\"><a title=\"Permalink\" href=\"https:\/\/cmnordeste.pt\/cultura\/museu-do-nordeste\/atividades-e-visitas\/#16260\"><div class=\"galleria-link-bookmark\"><\/div><\/a><\/div><div class=\"galleria-layeritem\" style=\"padding-right: 20px;\"><\/div>'},\n{id: 16261, image: 'http:\/\/cmnordeste.pt\/cultura\/wp-content\/uploads\/sites\/4\/2019\/05\/2015_05_02_cmn_73.jpg', extlink: '', thumb: 'https:\/\/cmnordeste.pt\/cultura\/wp-content\/uploads\/sites\/4\/2019\/05\/2015_05_02_cmn_73-300x300.jpg', permalink: '<div class=\"galleria-layeritem\"><a title=\"Permalink\" href=\"https:\/\/cmnordeste.pt\/cultura\/museu-do-nordeste\/atividades-e-visitas\/#16261\"><div class=\"galleria-link-bookmark\"><\/div><\/a><\/div>', layer: '<div class=\"galleria-infolayer\"><div class=\"galleria-layeritem\" style=\"padding-right: 20px;\"><h1>Museu do Nordeste - Evento - 2015-05-05<\/h1><\/div><div class=\"galleria-layeritem\"><a title=\"Permalink\" href=\"https:\/\/cmnordeste.pt\/cultura\/museu-do-nordeste\/atividades-e-visitas\/#16261\"><div class=\"galleria-link-bookmark\"><\/div><\/a><\/div><div class=\"galleria-layeritem\" style=\"padding-right: 20px;\"><\/div>'},\n{id: 16275, image: 'http:\/\/cmnordeste.pt\/cultura\/wp-content\/uploads\/sites\/4\/2019\/05\/2016_06_03_peddy_paper_3jun2016_30.jpg', extlink: '', thumb: 'https:\/\/cmnordeste.pt\/cultura\/wp-content\/uploads\/sites\/4\/2019\/05\/2016_06_03_peddy_paper_3jun2016_30-300x300.jpg', permalink: '<div class=\"galleria-layeritem\"><a title=\"Permalink\" href=\"https:\/\/cmnordeste.pt\/cultura\/museu-do-nordeste\/atividades-e-visitas\/#16275\"><div class=\"galleria-link-bookmark\"><\/div><\/a><\/div>', layer: '<div class=\"galleria-infolayer\"><div class=\"galleria-layeritem\" style=\"padding-right: 20px;\"><h1>Museu do Nordeste - Evento - 2016-06-03<\/h1><\/div><div class=\"galleria-layeritem\"><a title=\"Permalink\" href=\"https:\/\/cmnordeste.pt\/cultura\/museu-do-nordeste\/atividades-e-visitas\/#16275\"><div class=\"galleria-link-bookmark\"><\/div><\/a><\/div><div class=\"galleria-layeritem\" style=\"padding-right: 20px;\"><\/div>'},\n{id: 16276, image: 'http:\/\/cmnordeste.pt\/cultura\/wp-content\/uploads\/sites\/4\/2019\/05\/2016_06_03_peddy_paper_3jun2016_32.jpg', extlink: '', thumb: 'https:\/\/cmnordeste.pt\/cultura\/wp-content\/uploads\/sites\/4\/2019\/05\/2016_06_03_peddy_paper_3jun2016_32-300x300.jpg', permalink: '<div class=\"galleria-layeritem\"><a title=\"Permalink\" href=\"https:\/\/cmnordeste.pt\/cultura\/museu-do-nordeste\/atividades-e-visitas\/#16276\"><div class=\"galleria-link-bookmark\"><\/div><\/a><\/div>', layer: '<div class=\"galleria-infolayer\"><div class=\"galleria-layeritem\" style=\"padding-right: 20px;\"><h1>Museu do Nordeste - Evento - 2016-06-03<\/h1><\/div><div class=\"galleria-layeritem\"><a title=\"Permalink\" href=\"https:\/\/cmnordeste.pt\/cultura\/museu-do-nordeste\/atividades-e-visitas\/#16276\"><div class=\"galleria-link-bookmark\"><\/div><\/a><\/div><div class=\"galleria-layeritem\" style=\"padding-right: 20px;\"><\/div>'},\n{id: 16277, image: 'http:\/\/cmnordeste.pt\/cultura\/wp-content\/uploads\/sites\/4\/2019\/05\/2016_06_03_peddy_paper_3jun2016_36.jpg', extlink: '', thumb: 'https:\/\/cmnordeste.pt\/cultura\/wp-content\/uploads\/sites\/4\/2019\/05\/2016_06_03_peddy_paper_3jun2016_36-300x300.jpg', permalink: '<div class=\"galleria-layeritem\"><a title=\"Permalink\" href=\"https:\/\/cmnordeste.pt\/cultura\/museu-do-nordeste\/atividades-e-visitas\/#16277\"><div class=\"galleria-link-bookmark\"><\/div><\/a><\/div>', layer: '<div class=\"galleria-infolayer\"><div class=\"galleria-layeritem\" style=\"padding-right: 20px;\"><h1>Museu do Nordeste - Evento - 2016-06-03<\/h1><\/div><div class=\"galleria-layeritem\"><a title=\"Permalink\" href=\"https:\/\/cmnordeste.pt\/cultura\/museu-do-nordeste\/atividades-e-visitas\/#16277\"><div class=\"galleria-link-bookmark\"><\/div><\/a><\/div><div class=\"galleria-layeritem\" style=\"padding-right: 20px;\"><\/div>'},\n{id: 16279, image: 'http:\/\/cmnordeste.pt\/cultura\/wp-content\/uploads\/sites\/4\/2019\/05\/2018_03_17_visita_associacao_profs_17marcao_2018_11.jpg', extlink: '', thumb: 'https:\/\/cmnordeste.pt\/cultura\/wp-content\/uploads\/sites\/4\/2019\/05\/2018_03_17_visita_associacao_profs_17marcao_2018_11-300x300.jpg', permalink: '<div class=\"galleria-layeritem\"><a title=\"Permalink\" href=\"https:\/\/cmnordeste.pt\/cultura\/museu-do-nordeste\/atividades-e-visitas\/#16279\"><div class=\"galleria-link-bookmark\"><\/div><\/a><\/div>', layer: '<div class=\"galleria-infolayer\"><div class=\"galleria-layeritem\" style=\"padding-right: 20px;\"><h1>2018 03 17 Visita Associacao Profs 17marcao 2018 11<\/h1><\/div><div class=\"galleria-layeritem\"><a title=\"Permalink\" href=\"https:\/\/cmnordeste.pt\/cultura\/museu-do-nordeste\/atividades-e-visitas\/#16279\"><div class=\"galleria-link-bookmark\"><\/div><\/a><\/div><div class=\"galleria-layeritem\" style=\"padding-right: 20px;\"><\/div>'},\n{id: 16280, image: 'http:\/\/cmnordeste.pt\/cultura\/wp-content\/uploads\/sites\/4\/2019\/05\/2018_03_17_visita_associacao_profs_17marco2018_10.jpg', extlink: '', thumb: 'https:\/\/cmnordeste.pt\/cultura\/wp-content\/uploads\/sites\/4\/2019\/05\/2018_03_17_visita_associacao_profs_17marco2018_10-300x300.jpg', permalink: '<div class=\"galleria-layeritem\"><a title=\"Permalink\" href=\"https:\/\/cmnordeste.pt\/cultura\/museu-do-nordeste\/atividades-e-visitas\/#16280\"><div class=\"galleria-link-bookmark\"><\/div><\/a><\/div>', layer: '<div class=\"galleria-infolayer\"><div class=\"galleria-layeritem\" style=\"padding-right: 20px;\"><h1>2018 03 17 Visita Associacao Profs 17marco2018 10<\/h1><\/div><div class=\"galleria-layeritem\"><a title=\"Permalink\" href=\"https:\/\/cmnordeste.pt\/cultura\/museu-do-nordeste\/atividades-e-visitas\/#16280\"><div class=\"galleria-link-bookmark\"><\/div><\/a><\/div><div class=\"galleria-layeritem\" style=\"padding-right: 20px;\"><\/div>'},\n{id: 16281, image: 'http:\/\/cmnordeste.pt\/cultura\/wp-content\/uploads\/sites\/4\/2019\/05\/2018_04_18_dims2018_9.jpg', extlink: '', thumb: 'https:\/\/cmnordeste.pt\/cultura\/wp-content\/uploads\/sites\/4\/2019\/05\/2018_04_18_dims2018_9-300x300.jpg', permalink: '<div class=\"galleria-layeritem\"><a title=\"Permalink\" href=\"https:\/\/cmnordeste.pt\/cultura\/museu-do-nordeste\/atividades-e-visitas\/#16281\"><div class=\"galleria-link-bookmark\"><\/div><\/a><\/div>', layer: '<div class=\"galleria-infolayer\"><div class=\"galleria-layeritem\" style=\"padding-right: 20px;\"><h1>Museu do Nordeste - Evento - 2018-04-18<\/h1><\/div><div class=\"galleria-layeritem\"><a title=\"Permalink\" href=\"https:\/\/cmnordeste.pt\/cultura\/museu-do-nordeste\/atividades-e-visitas\/#16281\"><div class=\"galleria-link-bookmark\"><\/div><\/a><\/div><div class=\"galleria-layeritem\" style=\"padding-right: 20px;\"><\/div>'},\n{id: 16282, image: 'http:\/\/cmnordeste.pt\/cultura\/wp-content\/uploads\/sites\/4\/2019\/05\/2018_04_18_dims2018_16.jpg', extlink: '', thumb: 'https:\/\/cmnordeste.pt\/cultura\/wp-content\/uploads\/sites\/4\/2019\/05\/2018_04_18_dims2018_16-300x300.jpg', permalink: '<div class=\"galleria-layeritem\"><a title=\"Permalink\" href=\"https:\/\/cmnordeste.pt\/cultura\/museu-do-nordeste\/atividades-e-visitas\/#16282\"><div class=\"galleria-link-bookmark\"><\/div><\/a><\/div>', layer: '<div class=\"galleria-infolayer\"><div class=\"galleria-layeritem\" style=\"padding-right: 20px;\"><h1>Museu do Nordeste - Evento - 2018-04-18<\/h1><\/div><div class=\"galleria-layeritem\"><a title=\"Permalink\" href=\"https:\/\/cmnordeste.pt\/cultura\/museu-do-nordeste\/atividades-e-visitas\/#16282\"><div class=\"galleria-link-bookmark\"><\/div><\/a><\/div><div class=\"galleria-layeritem\" style=\"padding-right: 20px;\"><\/div>'},\n{id: 16283, image: 'http:\/\/cmnordeste.pt\/cultura\/wp-content\/uploads\/sites\/4\/2019\/05\/2018_04_18_dims2018_118.jpg', extlink: '', thumb: 'https:\/\/cmnordeste.pt\/cultura\/wp-content\/uploads\/sites\/4\/2019\/05\/2018_04_18_dims2018_118-300x300.jpg', permalink: '<div class=\"galleria-layeritem\"><a title=\"Permalink\" href=\"https:\/\/cmnordeste.pt\/cultura\/museu-do-nordeste\/atividades-e-visitas\/#16283\"><div class=\"galleria-link-bookmark\"><\/div><\/a><\/div>', layer: '<div class=\"galleria-infolayer\"><div class=\"galleria-layeritem\" style=\"padding-right: 20px;\"><h1>Museu do Nordeste - Evento - 2018-04-18<\/h1><\/div><div class=\"galleria-layeritem\"><a title=\"Permalink\" href=\"https:\/\/cmnordeste.pt\/cultura\/museu-do-nordeste\/atividades-e-visitas\/#16283\"><div class=\"galleria-link-bookmark\"><\/div><\/a><\/div><div class=\"galleria-layeritem\" style=\"padding-right: 20px;\"><\/div>'},\n{id: 16284, image: 'http:\/\/cmnordeste.pt\/cultura\/wp-content\/uploads\/sites\/4\/2019\/05\/2019_05_14_1.jpg', extlink: '', thumb: 'https:\/\/cmnordeste.pt\/cultura\/wp-content\/uploads\/sites\/4\/2019\/05\/2019_05_14_1-300x300.jpg', permalink: '<div class=\"galleria-layeritem\"><a title=\"Permalink\" href=\"https:\/\/cmnordeste.pt\/cultura\/museu-do-nordeste\/atividades-e-visitas\/#16284\"><div class=\"galleria-link-bookmark\"><\/div><\/a><\/div>', layer: '<div class=\"galleria-infolayer\"><div class=\"galleria-layeritem\" style=\"padding-right: 20px;\"><h1>Museu do Nordeste - Evento - 2019-05-14<\/h1><\/div><div class=\"galleria-layeritem\"><a title=\"Permalink\" href=\"https:\/\/cmnordeste.pt\/cultura\/museu-do-nordeste\/atividades-e-visitas\/#16284\"><div class=\"galleria-link-bookmark\"><\/div><\/a><\/div><div class=\"galleria-layeritem\" style=\"padding-right: 20px;\"><\/div>'},\n{id: 16285, image: 'http:\/\/cmnordeste.pt\/cultura\/wp-content\/uploads\/sites\/4\/2019\/05\/2019_05_14_2.jpg', extlink: '', thumb: 'https:\/\/cmnordeste.pt\/cultura\/wp-content\/uploads\/sites\/4\/2019\/05\/2019_05_14_2-300x300.jpg', permalink: '<div class=\"galleria-layeritem\"><a title=\"Permalink\" href=\"https:\/\/cmnordeste.pt\/cultura\/museu-do-nordeste\/atividades-e-visitas\/#16285\"><div class=\"galleria-link-bookmark\"><\/div><\/a><\/div>', layer: '<div class=\"galleria-infolayer\"><div class=\"galleria-layeritem\" style=\"padding-right: 20px;\"><h1>Museu do Nordeste - Evento - 2019-05-14<\/h1><\/div><div class=\"galleria-layeritem\"><a title=\"Permalink\" href=\"https:\/\/cmnordeste.pt\/cultura\/museu-do-nordeste\/atividades-e-visitas\/#16285\"><div class=\"galleria-link-bookmark\"><\/div><\/a><\/div><div class=\"galleria-layeritem\" style=\"padding-right: 20px;\"><\/div>'},\n{id: 16286, image: 'http:\/\/cmnordeste.pt\/cultura\/wp-content\/uploads\/sites\/4\/2019\/05\/2019_05_14_3.jpg', extlink: '', thumb: 'https:\/\/cmnordeste.pt\/cultura\/wp-content\/uploads\/sites\/4\/2019\/05\/2019_05_14_3-300x300.jpg', permalink: '<div class=\"galleria-layeritem\"><a title=\"Permalink\" href=\"https:\/\/cmnordeste.pt\/cultura\/museu-do-nordeste\/atividades-e-visitas\/#16286\"><div class=\"galleria-link-bookmark\"><\/div><\/a><\/div>', layer: '<div class=\"galleria-infolayer\"><div class=\"galleria-layeritem\" style=\"padding-right: 20px;\"><h1>Museu do Nordeste - Evento - 2019-05-14<\/h1><\/div><div class=\"galleria-layeritem\"><a title=\"Permalink\" href=\"https:\/\/cmnordeste.pt\/cultura\/museu-do-nordeste\/atividades-e-visitas\/#16286\"><div class=\"galleria-link-bookmark\"><\/div><\/a><\/div><div class=\"galleria-layeritem\" style=\"padding-right: 20px;\"><\/div>'}\n];<\/script>\n<h2>Atividades passadas<\/h2>\n<p>&nbsp;<\/p>\n<p><strong>02\/05\/2015<\/strong> \u2013 Neste dia foi realizada uma visita guiada \u00e0 Vila de Nordeste pela ocasi\u00e3o do lan\u00e7amento do Roteiro Cultural e Tur\u00edstico da Vila de Nordeste, com passagem pelo museu. Durante toda a manh\u00e3 este grupo percorreu as ruas da vila e teve contacto direto com o patrim\u00f3nio edificado e arquitet\u00f3nico que caracteriza esta localidade, percebendo como foi feita a ocupa\u00e7\u00e3o do territ\u00f3rio desde os tempos do povoamento at\u00e9 \u00e0 atualidade. A passagem pelo Museu Municipal Nestor de Sousa trouxe uma clara perce\u00e7\u00e3o sobre as viv\u00eancias tradicionais da popula\u00e7\u00e3o local e das dificuldades que o povo Nordestense teve que enfrentar ao longo dos 500 anos de perman\u00eancia nesta que foi considerada a &#8220;D\u00e9cima Ilha&#8221; dos A\u00e7ores.<\/p>\n<p><a data-postid=\"fsg_post_16203\" data-imgid=\"16259\" href=\"https:\/\/cmnordeste.pt\/cultura\/wp-content\/uploads\/sites\/4\/2019\/05\/2015_05_02_cmn_69.jpg\"><img loading=\"lazy\" decoding=\"async\" title=\"Museu do Nordeste - Evento - 2015-05-02\" src=\"https:\/\/cmnordeste.pt\/cultura\/wp-content\/uploads\/sites\/4\/2019\/05\/2015_05_02_cmn_69-768x512.jpg\" alt=\"Museu do Nordeste - Evento - 2015-05-02\" class=\"_img_responsive_grid col-xs-12 col-sm-4 alignnone wp-image-16259 size-medium_large\" width=\"768\" height=\"512\" srcset=\"https:\/\/cmnordeste.pt\/cultura\/wp-content\/uploads\/sites\/4\/2019\/05\/2015_05_02_cmn_69-768x512.jpg 768w, https:\/\/cmnordeste.pt\/cultura\/wp-content\/uploads\/sites\/4\/2019\/05\/2015_05_02_cmn_69-1024x683.jpg 1024w, https:\/\/cmnordeste.pt\/cultura\/wp-content\/uploads\/sites\/4\/2019\/05\/2015_05_02_cmn_69.jpg 1920w\" sizes=\"auto, (max-width: 768px) 100vw, 768px\" \/><\/a><\/p>\n<p><a data-postid=\"fsg_post_16203\" data-imgid=\"16260\" href=\"https:\/\/cmnordeste.pt\/cultura\/wp-content\/uploads\/sites\/4\/2019\/05\/2015_05_02_cmn_72.jpg\"><img loading=\"lazy\" decoding=\"async\" title=\"Museu do Nordeste - Evento - 2015-05-05\" src=\"https:\/\/cmnordeste.pt\/cultura\/wp-content\/uploads\/sites\/4\/2019\/05\/2015_05_02_cmn_72-768x512.jpg\" alt=\"Museu do Nordeste - Evento - 2015-05-05\" class=\"_img_responsive_grid col-xs-12 col-sm-4 alignnone wp-image-16260 size-medium_large\" width=\"768\" height=\"512\" srcset=\"https:\/\/cmnordeste.pt\/cultura\/wp-content\/uploads\/sites\/4\/2019\/05\/2015_05_02_cmn_72-768x512.jpg 768w, https:\/\/cmnordeste.pt\/cultura\/wp-content\/uploads\/sites\/4\/2019\/05\/2015_05_02_cmn_72-1024x683.jpg 1024w, https:\/\/cmnordeste.pt\/cultura\/wp-content\/uploads\/sites\/4\/2019\/05\/2015_05_02_cmn_72.jpg 1920w\" sizes=\"auto, (max-width: 768px) 100vw, 768px\" \/><\/a><\/p>\n<p><a data-postid=\"fsg_post_16203\" data-imgid=\"16261\" href=\"https:\/\/cmnordeste.pt\/cultura\/wp-content\/uploads\/sites\/4\/2019\/05\/2015_05_02_cmn_73.jpg\"><img loading=\"lazy\" decoding=\"async\" title=\"Museu do Nordeste - Evento - 2015-05-05\" src=\"https:\/\/cmnordeste.pt\/cultura\/wp-content\/uploads\/sites\/4\/2019\/05\/2015_05_02_cmn_73-768x512.jpg\" alt=\"Museu do Nordeste - Evento - 2015-05-05\" class=\"_img_responsive_grid col-xs-12 col-sm-4 alignnone wp-image-16261 size-medium_large\" width=\"768\" height=\"512\" srcset=\"https:\/\/cmnordeste.pt\/cultura\/wp-content\/uploads\/sites\/4\/2019\/05\/2015_05_02_cmn_73-768x512.jpg 768w, https:\/\/cmnordeste.pt\/cultura\/wp-content\/uploads\/sites\/4\/2019\/05\/2015_05_02_cmn_73-1024x683.jpg 1024w, https:\/\/cmnordeste.pt\/cultura\/wp-content\/uploads\/sites\/4\/2019\/05\/2015_05_02_cmn_73.jpg 1920w\" sizes=\"auto, (max-width: 768px) 100vw, 768px\" \/><\/a><\/p>\n<p>&nbsp;<\/p>\n<p><strong>03\/06\/2016<\/strong> \u2013 Neste dia, um grupo de alunos da Escola Secund\u00e1ria Alves Martins (Viseu) deslocou-se ao Nordeste para realizar um peddy-paper que os levou a descobrir algumas curiosidades hist\u00f3ricas sobre o concelho de Nordeste. Ao longo de todo o dia os alunos foram descobrindo pistas escondidas desde a Ponta do Arnel at\u00e9 \u00e0 Ermida de Nossa Senhora do Pranto, num jogo de equipa que os desafiou a orientar-se num territ\u00f3rio para eles desconhecido, a desvendar datas hist\u00f3ricas e a descobrir monumentos.<\/p>\n<p>O grupo passou pelo museu, onde puderam observar as mem\u00f3rias culturais do povo Nordestense e puderam estabelecer paralelismos com as tradi\u00e7\u00f5es das suas terras de origem.<\/p>\n<p><a data-postid=\"fsg_post_16203\" data-imgid=\"16275\" href=\"https:\/\/cmnordeste.pt\/cultura\/wp-content\/uploads\/sites\/4\/2019\/05\/2016_06_03_peddy_paper_3jun2016_30.jpg\"><img loading=\"lazy\" decoding=\"async\" title=\"Museu do Nordeste - Evento - 2016-06-03\" src=\"https:\/\/cmnordeste.pt\/cultura\/wp-content\/uploads\/sites\/4\/2019\/05\/2016_06_03_peddy_paper_3jun2016_30-768x576.jpg\" alt=\"Museu do Nordeste - Evento - 2016-06-03\" class=\"_img_responsive_grid col-xs-12 col-sm-4 alignnone wp-image-16275 size-medium_large\" width=\"768\" height=\"576\" srcset=\"https:\/\/cmnordeste.pt\/cultura\/wp-content\/uploads\/sites\/4\/2019\/05\/2016_06_03_peddy_paper_3jun2016_30-768x576.jpg 768w, https:\/\/cmnordeste.pt\/cultura\/wp-content\/uploads\/sites\/4\/2019\/05\/2016_06_03_peddy_paper_3jun2016_30-683x512.jpg 683w, https:\/\/cmnordeste.pt\/cultura\/wp-content\/uploads\/sites\/4\/2019\/05\/2016_06_03_peddy_paper_3jun2016_30-1024x768.jpg 1024w, https:\/\/cmnordeste.pt\/cultura\/wp-content\/uploads\/sites\/4\/2019\/05\/2016_06_03_peddy_paper_3jun2016_30.jpg 1920w\" sizes=\"auto, (max-width: 768px) 100vw, 768px\" \/><\/a><\/p>\n<p><a data-postid=\"fsg_post_16203\" data-imgid=\"16276\" href=\"https:\/\/cmnordeste.pt\/cultura\/wp-content\/uploads\/sites\/4\/2019\/05\/2016_06_03_peddy_paper_3jun2016_32.jpg\"><img loading=\"lazy\" decoding=\"async\" title=\"Museu do Nordeste - Evento - 2016-06-03\" src=\"https:\/\/cmnordeste.pt\/cultura\/wp-content\/uploads\/sites\/4\/2019\/05\/2016_06_03_peddy_paper_3jun2016_32-768x576.jpg\" alt=\"Museu do Nordeste - Evento - 2016-06-03\" class=\"_img_responsive_grid col-xs-12 col-sm-4 alignnone wp-image-16276 size-medium_large\" width=\"768\" height=\"576\" srcset=\"https:\/\/cmnordeste.pt\/cultura\/wp-content\/uploads\/sites\/4\/2019\/05\/2016_06_03_peddy_paper_3jun2016_32-768x576.jpg 768w, https:\/\/cmnordeste.pt\/cultura\/wp-content\/uploads\/sites\/4\/2019\/05\/2016_06_03_peddy_paper_3jun2016_32-683x512.jpg 683w, https:\/\/cmnordeste.pt\/cultura\/wp-content\/uploads\/sites\/4\/2019\/05\/2016_06_03_peddy_paper_3jun2016_32-1024x768.jpg 1024w, https:\/\/cmnordeste.pt\/cultura\/wp-content\/uploads\/sites\/4\/2019\/05\/2016_06_03_peddy_paper_3jun2016_32.jpg 1920w\" sizes=\"auto, (max-width: 768px) 100vw, 768px\" \/><\/a><\/p>\n<p><a data-postid=\"fsg_post_16203\" data-imgid=\"16277\" href=\"https:\/\/cmnordeste.pt\/cultura\/wp-content\/uploads\/sites\/4\/2019\/05\/2016_06_03_peddy_paper_3jun2016_36.jpg\"><img loading=\"lazy\" decoding=\"async\" title=\"Museu do Nordeste - Evento - 2016-06-03\" src=\"https:\/\/cmnordeste.pt\/cultura\/wp-content\/uploads\/sites\/4\/2019\/05\/2016_06_03_peddy_paper_3jun2016_36-768x576.jpg\" alt=\"Museu do Nordeste - Evento - 2016-06-03\" class=\"_img_responsive_grid col-xs-12 col-sm-4 alignnone wp-image-16277 size-medium_large\" width=\"768\" height=\"576\" srcset=\"https:\/\/cmnordeste.pt\/cultura\/wp-content\/uploads\/sites\/4\/2019\/05\/2016_06_03_peddy_paper_3jun2016_36-768x576.jpg 768w, https:\/\/cmnordeste.pt\/cultura\/wp-content\/uploads\/sites\/4\/2019\/05\/2016_06_03_peddy_paper_3jun2016_36-683x512.jpg 683w, https:\/\/cmnordeste.pt\/cultura\/wp-content\/uploads\/sites\/4\/2019\/05\/2016_06_03_peddy_paper_3jun2016_36-1024x768.jpg 1024w, https:\/\/cmnordeste.pt\/cultura\/wp-content\/uploads\/sites\/4\/2019\/05\/2016_06_03_peddy_paper_3jun2016_36.jpg 1920w\" sizes=\"auto, (max-width: 768px) 100vw, 768px\" \/><\/a><\/p>\n<p>&nbsp;<\/p>\n<p><strong>17\/03\/2018<\/strong> \u2013 Neste dia, um grupo de representantes da delega\u00e7\u00e3o dos A\u00e7ores da Associa\u00e7\u00e3o de Solidariedade Social dos Professores fez uma visita guiada ao concelho de Nordeste, com passagem na Ermida de Nossa Senhora do Pranto, na Igreja Matriz de S\u00e3o Jorge e no Museu Municipal Nestor de Sousa.<\/p>\n<p>Atendendo \u00e0 idade dos visitantes, esta experi\u00eancia resultou numa interessante partilha de viv\u00eancias e de mem\u00f3rias associadas \u00e0 utiliza\u00e7\u00e3o de diversos objetos expostos no museu.<\/p>\n<p><a data-postid=\"fsg_post_16203\" data-imgid=\"16279\" href=\"https:\/\/cmnordeste.pt\/cultura\/wp-content\/uploads\/sites\/4\/2019\/05\/2018_03_17_visita_associacao_profs_17marcao_2018_11.jpg\"><img loading=\"lazy\" decoding=\"async\" title=\"2018 03 17 Visita Associacao Profs 17marcao 2018 11\" src=\"https:\/\/cmnordeste.pt\/cultura\/wp-content\/uploads\/sites\/4\/2019\/05\/2018_03_17_visita_associacao_profs_17marcao_2018_11-768x576.jpg\" alt=\"2018 03 17 Visita Associacao Profs 17marcao 2018 11\" class=\"_img_responsive_grid col-xs-12 col-sm-6 alignnone wp-image-16279 size-medium_large\" width=\"768\" height=\"576\" srcset=\"https:\/\/cmnordeste.pt\/cultura\/wp-content\/uploads\/sites\/4\/2019\/05\/2018_03_17_visita_associacao_profs_17marcao_2018_11-768x576.jpg 768w, https:\/\/cmnordeste.pt\/cultura\/wp-content\/uploads\/sites\/4\/2019\/05\/2018_03_17_visita_associacao_profs_17marcao_2018_11-683x512.jpg 683w, https:\/\/cmnordeste.pt\/cultura\/wp-content\/uploads\/sites\/4\/2019\/05\/2018_03_17_visita_associacao_profs_17marcao_2018_11-1024x768.jpg 1024w, https:\/\/cmnordeste.pt\/cultura\/wp-content\/uploads\/sites\/4\/2019\/05\/2018_03_17_visita_associacao_profs_17marcao_2018_11.jpg 1920w\" sizes=\"auto, (max-width: 768px) 100vw, 768px\" \/><\/a><\/p>\n<p><a data-postid=\"fsg_post_16203\" data-imgid=\"16280\" href=\"https:\/\/cmnordeste.pt\/cultura\/wp-content\/uploads\/sites\/4\/2019\/05\/2018_03_17_visita_associacao_profs_17marco2018_10.jpg\"><img loading=\"lazy\" decoding=\"async\" title=\"2018 03 17 Visita Associacao Profs 17marco2018 10\" src=\"https:\/\/cmnordeste.pt\/cultura\/wp-content\/uploads\/sites\/4\/2019\/05\/2018_03_17_visita_associacao_profs_17marco2018_10-768x576.jpg\" alt=\"2018 03 17 Visita Associacao Profs 17marco2018 10\" class=\"_img_responsive_grid col-xs-12 col-sm-6 alignnone wp-image-16280 size-medium_large\" width=\"768\" height=\"576\" srcset=\"https:\/\/cmnordeste.pt\/cultura\/wp-content\/uploads\/sites\/4\/2019\/05\/2018_03_17_visita_associacao_profs_17marco2018_10-768x576.jpg 768w, https:\/\/cmnordeste.pt\/cultura\/wp-content\/uploads\/sites\/4\/2019\/05\/2018_03_17_visita_associacao_profs_17marco2018_10-683x512.jpg 683w, https:\/\/cmnordeste.pt\/cultura\/wp-content\/uploads\/sites\/4\/2019\/05\/2018_03_17_visita_associacao_profs_17marco2018_10-1024x768.jpg 1024w, https:\/\/cmnordeste.pt\/cultura\/wp-content\/uploads\/sites\/4\/2019\/05\/2018_03_17_visita_associacao_profs_17marco2018_10.jpg 1920w\" sizes=\"auto, (max-width: 768px) 100vw, 768px\" \/><\/a><\/p>\n<p>&nbsp;<\/p>\n<p><strong>18\/04\/2018<\/strong> \u2013 Nas comemora\u00e7\u00f5es do Dia Internacional de Monumentos e S\u00edtios, sob o tema &#8220;Patrim\u00f3nio de Gera\u00e7\u00e3o em Gera\u00e7\u00e3o&#8221;, a C\u00e2mara Municipal de Nordeste promoveu uma visita guiada ao museu, com os alunos do 4\u00ba ano de todas as escolas do ensino b\u00e1sico deste concelho. As visitas foram acompanhadas por quatro Nordestenses de outras gera\u00e7\u00f5es que cativaram a aten\u00e7\u00e3o destes alunos com as hist\u00f3rias que contaram dos tempos em que usavam os objetos que se encontram expostos no museu.<\/p>\n<p><a data-postid=\"fsg_post_16203\" data-imgid=\"16281\" href=\"https:\/\/cmnordeste.pt\/cultura\/wp-content\/uploads\/sites\/4\/2019\/05\/2018_04_18_dims2018_9.jpg\"><img loading=\"lazy\" decoding=\"async\" title=\"Museu do Nordeste - Evento - 2018-04-18\" src=\"https:\/\/cmnordeste.pt\/cultura\/wp-content\/uploads\/sites\/4\/2019\/05\/2018_04_18_dims2018_9-768x510.jpg\" alt=\"Museu do Nordeste - Evento - 2018-04-18\" class=\"_img_responsive_grid col-xs-12 col-sm-4 alignnone wp-image-16281 size-medium_large\" width=\"768\" height=\"510\" srcset=\"https:\/\/cmnordeste.pt\/cultura\/wp-content\/uploads\/sites\/4\/2019\/05\/2018_04_18_dims2018_9-768x510.jpg 768w, https:\/\/cmnordeste.pt\/cultura\/wp-content\/uploads\/sites\/4\/2019\/05\/2018_04_18_dims2018_9-1024x680.jpg 1024w, https:\/\/cmnordeste.pt\/cultura\/wp-content\/uploads\/sites\/4\/2019\/05\/2018_04_18_dims2018_9.jpg 1920w\" sizes=\"auto, (max-width: 768px) 100vw, 768px\" \/><\/a><\/p>\n<p><a data-postid=\"fsg_post_16203\" data-imgid=\"16282\" href=\"https:\/\/cmnordeste.pt\/cultura\/wp-content\/uploads\/sites\/4\/2019\/05\/2018_04_18_dims2018_16.jpg\"><img loading=\"lazy\" decoding=\"async\" title=\"Museu do Nordeste - Evento - 2018-04-18\" src=\"https:\/\/cmnordeste.pt\/cultura\/wp-content\/uploads\/sites\/4\/2019\/05\/2018_04_18_dims2018_16-768x510.jpg\" alt=\"Museu do Nordeste - Evento - 2018-04-18\" class=\"_img_responsive_grid col-xs-12 col-sm-4 alignnone wp-image-16282 size-medium_large\" width=\"768\" height=\"510\" srcset=\"https:\/\/cmnordeste.pt\/cultura\/wp-content\/uploads\/sites\/4\/2019\/05\/2018_04_18_dims2018_16-768x510.jpg 768w, https:\/\/cmnordeste.pt\/cultura\/wp-content\/uploads\/sites\/4\/2019\/05\/2018_04_18_dims2018_16-1024x680.jpg 1024w, https:\/\/cmnordeste.pt\/cultura\/wp-content\/uploads\/sites\/4\/2019\/05\/2018_04_18_dims2018_16.jpg 1920w\" sizes=\"auto, (max-width: 768px) 100vw, 768px\" \/><\/a><\/p>\n<p><a data-postid=\"fsg_post_16203\" data-imgid=\"16283\" href=\"https:\/\/cmnordeste.pt\/cultura\/wp-content\/uploads\/sites\/4\/2019\/05\/2018_04_18_dims2018_118.jpg\"><img loading=\"lazy\" decoding=\"async\" title=\"Museu do Nordeste - Evento - 2018-04-18\" src=\"https:\/\/cmnordeste.pt\/cultura\/wp-content\/uploads\/sites\/4\/2019\/05\/2018_04_18_dims2018_118-768x510.jpg\" alt=\"Museu do Nordeste - Evento - 2018-04-18\" class=\"_img_responsive_grid col-xs-12 col-sm-4 alignnone wp-image-16283 size-medium_large\" width=\"768\" height=\"510\" srcset=\"https:\/\/cmnordeste.pt\/cultura\/wp-content\/uploads\/sites\/4\/2019\/05\/2018_04_18_dims2018_118-768x510.jpg 768w, https:\/\/cmnordeste.pt\/cultura\/wp-content\/uploads\/sites\/4\/2019\/05\/2018_04_18_dims2018_118-1024x680.jpg 1024w, https:\/\/cmnordeste.pt\/cultura\/wp-content\/uploads\/sites\/4\/2019\/05\/2018_04_18_dims2018_118.jpg 1920w\" sizes=\"auto, (max-width: 768px) 100vw, 768px\" \/><\/a><\/p>\n<p>&nbsp;<\/p>\n<p><strong>14\/05\/2019<\/strong> &#8211; O museu recebeu a visita de um grupo de representantes da Rede de Bibliotecas de Vagos, promovida no \u00e2mbito de uma atividade formativa \u00e0s bibliotecas de S\u00e3o Miguel e atrav\u00e9s de uma parceria entre a Rede Regional de Bibliotecas Escolares e o Munic\u00edpio de Nordeste.<\/p>\n<p>A atividade iniciou-se com uma visita guiada \u00e0 Vila de Nordeste que passou pelos principais pontos hist\u00f3ricos, culturais e naturais da sede de concelho, com a dura\u00e7\u00e3o de 3 horas. Deste passeio destacamos a passagem pelos seguintes locais: Pra\u00e7a da Rep\u00fablica, Igreja Matriz de S\u00e3o Jorge, Museu M. Nestor de Sousa, \u201cTreato\u201d do Topo, Ponte dos Sete Arcos, Escola Central e Farol do Arnel.<\/p>\n<p>Durante a tarde foram visitadas a biblioteca da Escola B\u00e1sica e Secund\u00e1ria de Nordeste e a biblioteca municipal (localizada na Lomba da Cruz), proporcionando a troca de experi\u00eancias entre os t\u00e9cnicos locais e os visitantes, e dando a conhecer a oferta cultural direcionada aos alunos do Nordeste e as atividades que t\u00eam disso promovidas para incentivar os mais jovens pelo gosto pela leitura. A passagem pela Casa de Trabalho mostrou as t\u00e9cnicas tradicionais que ainda se mant\u00eam vivas no centro de artesanato, com especial destaque para os bordados e para o processo artesanal de tecelagem.<\/p>\n<p>A comitiva passou pela Ermida de Nossa Senhora do Pranto e pelo Pocinho da Senhora do Pranto, onde foram explicadas as lendas que levaram \u00e0 constru\u00e7\u00e3o do templo e as vicissitudes pelas quais o povo Nordestense passou ao longo dos s\u00e9culos e que transformaram aquele local num importante ponto de refer\u00eancia para peregrinos e Romeiros. O passeio terminou num momento contemplativo da paisagem do Miradouro da Boca da Ribeira e da natureza envolvente.<\/p>\n<p><a data-postid=\"fsg_post_16203\" data-imgid=\"16284\" href=\"https:\/\/cmnordeste.pt\/cultura\/wp-content\/uploads\/sites\/4\/2019\/05\/2019_05_14_1.jpg\"><img loading=\"lazy\" decoding=\"async\" title=\"Museu do Nordeste - Evento - 2019-05-14\" src=\"https:\/\/cmnordeste.pt\/cultura\/wp-content\/uploads\/sites\/4\/2019\/05\/2019_05_14_1-768x576.jpg\" alt=\"Museu do Nordeste - Evento - 2019-05-14\" class=\"_img_responsive_grid col-xs-12 col-sm-4 alignnone wp-image-16284 size-medium_large\" width=\"768\" height=\"576\" srcset=\"https:\/\/cmnordeste.pt\/cultura\/wp-content\/uploads\/sites\/4\/2019\/05\/2019_05_14_1-768x576.jpg 768w, https:\/\/cmnordeste.pt\/cultura\/wp-content\/uploads\/sites\/4\/2019\/05\/2019_05_14_1-683x512.jpg 683w, https:\/\/cmnordeste.pt\/cultura\/wp-content\/uploads\/sites\/4\/2019\/05\/2019_05_14_1-1024x768.jpg 1024w, https:\/\/cmnordeste.pt\/cultura\/wp-content\/uploads\/sites\/4\/2019\/05\/2019_05_14_1.jpg 1920w\" sizes=\"auto, (max-width: 768px) 100vw, 768px\" \/><\/a><\/p>\n<p><a data-postid=\"fsg_post_16203\" data-imgid=\"16285\" href=\"https:\/\/cmnordeste.pt\/cultura\/wp-content\/uploads\/sites\/4\/2019\/05\/2019_05_14_2.jpg\"><img loading=\"lazy\" decoding=\"async\" title=\"Museu do Nordeste - Evento - 2019-05-14\" src=\"https:\/\/cmnordeste.pt\/cultura\/wp-content\/uploads\/sites\/4\/2019\/05\/2019_05_14_2-768x576.jpg\" alt=\"Museu do Nordeste - Evento - 2019-05-14\" class=\"_img_responsive_grid col-xs-12 col-sm-4 alignnone wp-image-16285 size-medium_large\" width=\"768\" height=\"576\" srcset=\"https:\/\/cmnordeste.pt\/cultura\/wp-content\/uploads\/sites\/4\/2019\/05\/2019_05_14_2-768x576.jpg 768w, https:\/\/cmnordeste.pt\/cultura\/wp-content\/uploads\/sites\/4\/2019\/05\/2019_05_14_2-683x512.jpg 683w, https:\/\/cmnordeste.pt\/cultura\/wp-content\/uploads\/sites\/4\/2019\/05\/2019_05_14_2-1024x768.jpg 1024w, https:\/\/cmnordeste.pt\/cultura\/wp-content\/uploads\/sites\/4\/2019\/05\/2019_05_14_2.jpg 1920w\" sizes=\"auto, (max-width: 768px) 100vw, 768px\" \/><\/a><\/p>\n<p><a data-postid=\"fsg_post_16203\" data-imgid=\"16286\" href=\"https:\/\/cmnordeste.pt\/cultura\/wp-content\/uploads\/sites\/4\/2019\/05\/2019_05_14_3.jpg\"><img loading=\"lazy\" decoding=\"async\" title=\"Museu do Nordeste - Evento - 2019-05-14\" src=\"https:\/\/cmnordeste.pt\/cultura\/wp-content\/uploads\/sites\/4\/2019\/05\/2019_05_14_3-768x576.jpg\" alt=\"Museu do Nordeste - Evento - 2019-05-14\" class=\"_img_responsive_grid col-xs-12 col-sm-4 alignnone wp-image-16286 size-medium_large\" width=\"768\" height=\"576\" srcset=\"https:\/\/cmnordeste.pt\/cultura\/wp-content\/uploads\/sites\/4\/2019\/05\/2019_05_14_3-768x576.jpg 768w, https:\/\/cmnordeste.pt\/cultura\/wp-content\/uploads\/sites\/4\/2019\/05\/2019_05_14_3-683x512.jpg 683w, https:\/\/cmnordeste.pt\/cultura\/wp-content\/uploads\/sites\/4\/2019\/05\/2019_05_14_3-1024x768.jpg 1024w, https:\/\/cmnordeste.pt\/cultura\/wp-content\/uploads\/sites\/4\/2019\/05\/2019_05_14_3.jpg 1920w\" sizes=\"auto, (max-width: 768px) 100vw, 768px\" \/><\/a><\/p>\n<p>&nbsp;<\/p>\n","protected":false},"excerpt":{"rendered":"<p>Atividades passadas &nbsp; 02\/05\/2015 \u2013 Neste dia foi realizada uma visita guiada \u00e0 Vila de Nordeste pela ocasi\u00e3o do lan\u00e7amento do Roteiro Cultural e Tur\u00edstico da Vila de Nordeste, com passagem pelo museu. Durante toda a manh\u00e3 este grupo percorreu as ruas da vila e teve contacto direto com o patrim\u00f3nio edificado e arquitet\u00f3nico que [&hellip;]<\/p>\n","protected":false},"author":1,"featured_media":16204,"parent":16138,"menu_order":15,"comment_status":"closed","ping_status":"closed","template":"page-museu.php","meta":{"_acf_changed":false,"footnotes":""},"class_list":["post-16203","page","type-page","status-publish","has-post-thumbnail","hentry"],"acf":[],"yoast_head":"<!-- This site is optimized with the Yoast SEO plugin v27.4 - https:\/\/yoast.com\/product\/yoast-seo-wordpress\/ -->\n<title>Museu Municipal Nestor de Sousa - Atividades e Visitas - Cultura<\/title>\n<meta name=\"robots\" content=\"index, follow, max-snippet:-1, max-image-preview:large, max-video-preview:-1\" \/>\n<link rel=\"canonical\" href=\"https:\/\/cmnordeste.pt\/cultura\/museu-do-nordeste\/atividades-e-visitas\/\" \/>\n<meta property=\"og:locale\" content=\"pt_PT\" \/>\n<meta property=\"og:type\" content=\"article\" \/>\n<meta property=\"og:title\" content=\"Museu Municipal Nestor de Sousa - Atividades e Visitas - Cultura\" \/>\n<meta property=\"og:description\" content=\"Atividades passadas &nbsp; 02\/05\/2015 \u2013 Neste dia foi realizada uma visita guiada \u00e0 Vila de Nordeste pela ocasi\u00e3o do lan\u00e7amento do Roteiro Cultural e Tur\u00edstico da Vila de Nordeste, com passagem pelo museu. Durante toda a manh\u00e3 este grupo percorreu as ruas da vila e teve contacto direto com o patrim\u00f3nio edificado e arquitet\u00f3nico que [&hellip;]\" \/>\n<meta property=\"og:url\" content=\"https:\/\/cmnordeste.pt\/cultura\/museu-do-nordeste\/atividades-e-visitas\/\" \/>\n<meta property=\"og:site_name\" content=\"Cultura\" \/>\n<meta property=\"article:modified_time\" content=\"2019-12-05T22:07:38+00:00\" \/>\n<meta property=\"og:image\" content=\"https:\/\/cmnordeste.pt\/cultura\/wp-content\/uploads\/sites\/4\/2019\/05\/atividades-e-visitas-1920x1080.jpg\" \/>\n\t<meta property=\"og:image:width\" content=\"1920\" \/>\n\t<meta property=\"og:image:height\" content=\"1275\" \/>\n\t<meta property=\"og:image:type\" content=\"image\/jpeg\" \/>\n<meta name=\"twitter:card\" content=\"summary_large_image\" \/>\n<meta name=\"twitter:label1\" content=\"Tempo estimado de leitura\" \/>\n\t<meta name=\"twitter:data1\" content=\"3 minutos\" \/>\n<script type=\"application\/ld+json\" class=\"yoast-schema-graph\">{\"@context\":\"https:\\\/\\\/schema.org\",\"@graph\":[{\"@type\":\"WebPage\",\"@id\":\"https:\\\/\\\/cmnordeste.pt\\\/cultura\\\/museu-do-nordeste\\\/atividades-e-visitas\\\/\",\"url\":\"https:\\\/\\\/cmnordeste.pt\\\/cultura\\\/museu-do-nordeste\\\/atividades-e-visitas\\\/\",\"name\":\"Museu Municipal Nestor de Sousa - Atividades e Visitas - Cultura\",\"isPartOf\":{\"@id\":\"https:\\\/\\\/cmnordeste.pt\\\/cultura\\\/#website\"},\"primaryImageOfPage\":{\"@id\":\"https:\\\/\\\/cmnordeste.pt\\\/cultura\\\/museu-do-nordeste\\\/atividades-e-visitas\\\/#primaryimage\"},\"image\":{\"@id\":\"https:\\\/\\\/cmnordeste.pt\\\/cultura\\\/museu-do-nordeste\\\/atividades-e-visitas\\\/#primaryimage\"},\"thumbnailUrl\":\"https:\\\/\\\/cmnordeste.pt\\\/cultura\\\/wp-content\\\/uploads\\\/sites\\\/4\\\/2019\\\/05\\\/atividades-e-visitas-1920x1080.jpg\",\"datePublished\":\"2019-01-01T20:00:54+00:00\",\"dateModified\":\"2019-12-05T22:07:38+00:00\",\"breadcrumb\":{\"@id\":\"https:\\\/\\\/cmnordeste.pt\\\/cultura\\\/museu-do-nordeste\\\/atividades-e-visitas\\\/#breadcrumb\"},\"inLanguage\":\"pt-PT\",\"potentialAction\":[{\"@type\":\"ReadAction\",\"target\":[\"https:\\\/\\\/cmnordeste.pt\\\/cultura\\\/museu-do-nordeste\\\/atividades-e-visitas\\\/\"]}]},{\"@type\":\"ImageObject\",\"inLanguage\":\"pt-PT\",\"@id\":\"https:\\\/\\\/cmnordeste.pt\\\/cultura\\\/museu-do-nordeste\\\/atividades-e-visitas\\\/#primaryimage\",\"url\":\"https:\\\/\\\/cmnordeste.pt\\\/cultura\\\/wp-content\\\/uploads\\\/sites\\\/4\\\/2019\\\/05\\\/atividades-e-visitas-1920x1080.jpg\",\"contentUrl\":\"https:\\\/\\\/cmnordeste.pt\\\/cultura\\\/wp-content\\\/uploads\\\/sites\\\/4\\\/2019\\\/05\\\/atividades-e-visitas-1920x1080.jpg\",\"width\":1920,\"height\":1275,\"caption\":\"Atividades e Visitas\"},{\"@type\":\"BreadcrumbList\",\"@id\":\"https:\\\/\\\/cmnordeste.pt\\\/cultura\\\/museu-do-nordeste\\\/atividades-e-visitas\\\/#breadcrumb\",\"itemListElement\":[{\"@type\":\"ListItem\",\"position\":1,\"name\":\"In\u00edcio\",\"item\":\"https:\\\/\\\/cmnordeste.pt\\\/cultura\\\/\"},{\"@type\":\"ListItem\",\"position\":2,\"name\":\"Museu Municipal Nestor de Sousa\",\"item\":\"https:\\\/\\\/cmnordeste.pt\\\/cultura\\\/museu-do-nordeste\\\/\"},{\"@type\":\"ListItem\",\"position\":3,\"name\":\"Museu Municipal Nestor de Sousa &#8211; Atividades e Visitas\"}]},{\"@type\":\"WebSite\",\"@id\":\"https:\\\/\\\/cmnordeste.pt\\\/cultura\\\/#website\",\"url\":\"https:\\\/\\\/cmnordeste.pt\\\/cultura\\\/\",\"name\":\"Cultura\",\"description\":\"Nordeste - Cultura\",\"potentialAction\":[{\"@type\":\"SearchAction\",\"target\":{\"@type\":\"EntryPoint\",\"urlTemplate\":\"https:\\\/\\\/cmnordeste.pt\\\/cultura\\\/?s={search_term_string}\"},\"query-input\":{\"@type\":\"PropertyValueSpecification\",\"valueRequired\":true,\"valueName\":\"search_term_string\"}}],\"inLanguage\":\"pt-PT\"}]}<\/script>\n<!-- \/ Yoast SEO plugin. -->","yoast_head_json":{"title":"Museu Municipal Nestor de Sousa - Atividades e Visitas - Cultura","robots":{"index":"index","follow":"follow","max-snippet":"max-snippet:-1","max-image-preview":"max-image-preview:large","max-video-preview":"max-video-preview:-1"},"canonical":"https:\/\/cmnordeste.pt\/cultura\/museu-do-nordeste\/atividades-e-visitas\/","og_locale":"pt_PT","og_type":"article","og_title":"Museu Municipal Nestor de Sousa - Atividades e Visitas - Cultura","og_description":"Atividades passadas &nbsp; 02\/05\/2015 \u2013 Neste dia foi realizada uma visita guiada \u00e0 Vila de Nordeste pela ocasi\u00e3o do lan\u00e7amento do Roteiro Cultural e Tur\u00edstico da Vila de Nordeste, com passagem pelo museu. Durante toda a manh\u00e3 este grupo percorreu as ruas da vila e teve contacto direto com o patrim\u00f3nio edificado e arquitet\u00f3nico que [&hellip;]","og_url":"https:\/\/cmnordeste.pt\/cultura\/museu-do-nordeste\/atividades-e-visitas\/","og_site_name":"Cultura","article_modified_time":"2019-12-05T22:07:38+00:00","og_image":[{"width":1920,"height":1275,"url":"https:\/\/cmnordeste.pt\/cultura\/wp-content\/uploads\/sites\/4\/2019\/05\/atividades-e-visitas-1920x1080.jpg","type":"image\/jpeg"}],"twitter_card":"summary_large_image","twitter_misc":{"Tempo estimado de leitura":"3 minutos"},"schema":{"@context":"https:\/\/schema.org","@graph":[{"@type":"WebPage","@id":"https:\/\/cmnordeste.pt\/cultura\/museu-do-nordeste\/atividades-e-visitas\/","url":"https:\/\/cmnordeste.pt\/cultura\/museu-do-nordeste\/atividades-e-visitas\/","name":"Museu Municipal Nestor de Sousa - Atividades e Visitas - Cultura","isPartOf":{"@id":"https:\/\/cmnordeste.pt\/cultura\/#website"},"primaryImageOfPage":{"@id":"https:\/\/cmnordeste.pt\/cultura\/museu-do-nordeste\/atividades-e-visitas\/#primaryimage"},"image":{"@id":"https:\/\/cmnordeste.pt\/cultura\/museu-do-nordeste\/atividades-e-visitas\/#primaryimage"},"thumbnailUrl":"https:\/\/cmnordeste.pt\/cultura\/wp-content\/uploads\/sites\/4\/2019\/05\/atividades-e-visitas-1920x1080.jpg","datePublished":"2019-01-01T20:00:54+00:00","dateModified":"2019-12-05T22:07:38+00:00","breadcrumb":{"@id":"https:\/\/cmnordeste.pt\/cultura\/museu-do-nordeste\/atividades-e-visitas\/#breadcrumb"},"inLanguage":"pt-PT","potentialAction":[{"@type":"ReadAction","target":["https:\/\/cmnordeste.pt\/cultura\/museu-do-nordeste\/atividades-e-visitas\/"]}]},{"@type":"ImageObject","inLanguage":"pt-PT","@id":"https:\/\/cmnordeste.pt\/cultura\/museu-do-nordeste\/atividades-e-visitas\/#primaryimage","url":"https:\/\/cmnordeste.pt\/cultura\/wp-content\/uploads\/sites\/4\/2019\/05\/atividades-e-visitas-1920x1080.jpg","contentUrl":"https:\/\/cmnordeste.pt\/cultura\/wp-content\/uploads\/sites\/4\/2019\/05\/atividades-e-visitas-1920x1080.jpg","width":1920,"height":1275,"caption":"Atividades e Visitas"},{"@type":"BreadcrumbList","@id":"https:\/\/cmnordeste.pt\/cultura\/museu-do-nordeste\/atividades-e-visitas\/#breadcrumb","itemListElement":[{"@type":"ListItem","position":1,"name":"In\u00edcio","item":"https:\/\/cmnordeste.pt\/cultura\/"},{"@type":"ListItem","position":2,"name":"Museu Municipal Nestor de Sousa","item":"https:\/\/cmnordeste.pt\/cultura\/museu-do-nordeste\/"},{"@type":"ListItem","position":3,"name":"Museu Municipal Nestor de Sousa &#8211; Atividades e Visitas"}]},{"@type":"WebSite","@id":"https:\/\/cmnordeste.pt\/cultura\/#website","url":"https:\/\/cmnordeste.pt\/cultura\/","name":"Cultura","description":"Nordeste - Cultura","potentialAction":[{"@type":"SearchAction","target":{"@type":"EntryPoint","urlTemplate":"https:\/\/cmnordeste.pt\/cultura\/?s={search_term_string}"},"query-input":{"@type":"PropertyValueSpecification","valueRequired":true,"valueName":"search_term_string"}}],"inLanguage":"pt-PT"}]}},"_links":{"self":[{"href":"https:\/\/cmnordeste.pt\/cultura\/wp-json\/wp\/v2\/pages\/16203","targetHints":{"allow":["GET"]}}],"collection":[{"href":"https:\/\/cmnordeste.pt\/cultura\/wp-json\/wp\/v2\/pages"}],"about":[{"href":"https:\/\/cmnordeste.pt\/cultura\/wp-json\/wp\/v2\/types\/page"}],"author":[{"embeddable":true,"href":"https:\/\/cmnordeste.pt\/cultura\/wp-json\/wp\/v2\/users\/1"}],"replies":[{"embeddable":true,"href":"https:\/\/cmnordeste.pt\/cultura\/wp-json\/wp\/v2\/comments?post=16203"}],"version-history":[{"count":4,"href":"https:\/\/cmnordeste.pt\/cultura\/wp-json\/wp\/v2\/pages\/16203\/revisions"}],"predecessor-version":[{"id":16389,"href":"https:\/\/cmnordeste.pt\/cultura\/wp-json\/wp\/v2\/pages\/16203\/revisions\/16389"}],"up":[{"embeddable":true,"href":"https:\/\/cmnordeste.pt\/cultura\/wp-json\/wp\/v2\/pages\/16138"}],"wp:featuredmedia":[{"embeddable":true,"href":"https:\/\/cmnordeste.pt\/cultura\/wp-json\/wp\/v2\/media\/16204"}],"wp:attachment":[{"href":"https:\/\/cmnordeste.pt\/cultura\/wp-json\/wp\/v2\/media?parent=16203"}],"curies":[{"name":"wp","href":"https:\/\/api.w.org\/{rel}","templated":true}]}}