{"id":16215,"date":"2019-01-01T20:32:55","date_gmt":"2019-01-01T20:32:55","guid":{"rendered":"https:\/\/cmnordeste.pt\/cultura\/?page_id=16215"},"modified":"2019-12-05T22:19:54","modified_gmt":"2019-12-05T22:19:54","slug":"destaque-do-mes","status":"publish","type":"page","link":"https:\/\/cmnordeste.pt\/cultura\/museu-do-nordeste\/destaque-do-mes\/","title":{"rendered":"Museu Municipal Nestor de Sousa &#8211; Destaque do M\u00eas"},"content":{"rendered":"<script>fsg_json['fsg_post_16215'] = [\n{id: 16230, image: 'http:\/\/cmnordeste.pt\/cultura\/wp-content\/uploads\/sites\/4\/2019\/05\/imagem-de-nossa-senhora-mae-de-deus.jpg', extlink: '', thumb: 'https:\/\/cmnordeste.pt\/cultura\/wp-content\/uploads\/sites\/4\/2019\/05\/imagem-de-nossa-senhora-mae-de-deus-300x300.jpg', permalink: '<div class=\"galleria-layeritem\"><a title=\"Permalink\" href=\"https:\/\/cmnordeste.pt\/cultura\/museu-do-nordeste\/destaque-do-mes\/#16230\"><div class=\"galleria-link-bookmark\"><\/div><\/a><\/div>', layer: '<div class=\"galleria-infolayer\"><div class=\"galleria-layeritem\" style=\"padding-right: 20px;\"><h1>Imagem de Nossa Senhora M\u00e3e de Deus<\/h1><\/div><div class=\"galleria-layeritem\"><a title=\"Permalink\" href=\"https:\/\/cmnordeste.pt\/cultura\/museu-do-nordeste\/destaque-do-mes\/#16230\"><div class=\"galleria-link-bookmark\"><\/div><\/a><\/div><div class=\"galleria-layeritem\" style=\"padding-right: 20px;\"><\/div>'},\n{id: 16232, image: 'http:\/\/cmnordeste.pt\/cultura\/wp-content\/uploads\/sites\/4\/2019\/05\/caneca-de-lata.jpg', extlink: '', thumb: 'https:\/\/cmnordeste.pt\/cultura\/wp-content\/uploads\/sites\/4\/2019\/05\/caneca-de-lata-300x300.jpg', permalink: '<div class=\"galleria-layeritem\"><a title=\"Permalink\" href=\"https:\/\/cmnordeste.pt\/cultura\/museu-do-nordeste\/destaque-do-mes\/#16232\"><div class=\"galleria-link-bookmark\"><\/div><\/a><\/div>', layer: '<div class=\"galleria-infolayer\"><div class=\"galleria-layeritem\" style=\"padding-right: 20px;\"><h1>Caneca de lata<\/h1><\/div><div class=\"galleria-layeritem\"><a title=\"Permalink\" href=\"https:\/\/cmnordeste.pt\/cultura\/museu-do-nordeste\/destaque-do-mes\/#16232\"><div class=\"galleria-link-bookmark\"><\/div><\/a><\/div><div class=\"galleria-layeritem\" style=\"padding-right: 20px;\"><\/div>'},\n{id: 16233, image: 'http:\/\/cmnordeste.pt\/cultura\/wp-content\/uploads\/sites\/4\/2019\/05\/bordado-de-linho.jpg', extlink: '', thumb: 'https:\/\/cmnordeste.pt\/cultura\/wp-content\/uploads\/sites\/4\/2019\/05\/bordado-de-linho-300x300.jpg', permalink: '<div class=\"galleria-layeritem\"><a title=\"Permalink\" href=\"https:\/\/cmnordeste.pt\/cultura\/museu-do-nordeste\/destaque-do-mes\/#16233\"><div class=\"galleria-link-bookmark\"><\/div><\/a><\/div>', layer: '<div class=\"galleria-infolayer\"><div class=\"galleria-layeritem\" style=\"padding-right: 20px;\"><h1>Bordado de linho<\/h1><\/div><div class=\"galleria-layeritem\"><a title=\"Permalink\" href=\"https:\/\/cmnordeste.pt\/cultura\/museu-do-nordeste\/destaque-do-mes\/#16233\"><div class=\"galleria-link-bookmark\"><\/div><\/a><\/div><div class=\"galleria-layeritem\" style=\"padding-right: 20px;\"><\/div>'}\n];<\/script>\n<h2>Imagem de Nossa Senhora M\u00e3e de Deus<\/h2>\n<p><a data-postid=\"fsg_post_16215\" data-imgid=\"16230\" href=\"https:\/\/cmnordeste.pt\/cultura\/wp-content\/uploads\/sites\/4\/2019\/05\/imagem-de-nossa-senhora-mae-de-deus.jpg\"><img loading=\"lazy\" decoding=\"async\" title=\"Imagem de Nossa Senhora M\u00e3e de Deus\" src=\"https:\/\/cmnordeste.pt\/cultura\/wp-content\/uploads\/sites\/4\/2019\/05\/imagem-de-nossa-senhora-mae-de-deus.jpg\" alt=\"Imagem de Nossa Senhora M\u00e3e de Deus\" class=\"_img_responsive_auto _self_right alignnone wp-image-16230 size-full\" width=\"1920\" height=\"2891\" srcset=\"https:\/\/cmnordeste.pt\/cultura\/wp-content\/uploads\/sites\/4\/2019\/05\/imagem-de-nossa-senhora-mae-de-deus.jpg 1920w, https:\/\/cmnordeste.pt\/cultura\/wp-content\/uploads\/sites\/4\/2019\/05\/imagem-de-nossa-senhora-mae-de-deus-340x512.jpg 340w, https:\/\/cmnordeste.pt\/cultura\/wp-content\/uploads\/sites\/4\/2019\/05\/imagem-de-nossa-senhora-mae-de-deus-768x1156.jpg 768w, https:\/\/cmnordeste.pt\/cultura\/wp-content\/uploads\/sites\/4\/2019\/05\/imagem-de-nossa-senhora-mae-de-deus-680x1024.jpg 680w\" sizes=\"auto, (max-width: 1920px) 100vw, 1920px\" \/><\/a><\/p>\n<p><strong>Maio de 2019<\/strong><\/p>\n<p>H\u00e1 registos de ter existido, no 1\u00ba quartel do s\u00e9culo XVI (aprox. 1526), uma ermida particular, mandada erigir no termo da Vila de Nordeste por Jo\u00e3o Soares (tamb\u00e9m conhecido por Jo\u00e3o Soares de Albergaria), dedicada a N.\u00aa Sr.\u00aa M\u00e3e de Deus. Atualmente, aquilo que \u00e9 poss\u00edvel encontrar, num terreno privado junto \u00e0 Estrada Regional, entre a Vila de Nordeste e a Pedreira, s\u00e3o as ru\u00ednas de uma ermida com caracter\u00edsticas do s\u00e9culo XIX que se acredita que possa ser suced\u00e2nea do templo primitivo sob o mesmo orago.<\/p>\n<p>Esta imagem de Nossa Senhora com o Menino Jesus nos bra\u00e7os, do s\u00e9culo XVII, ter\u00e1 pertencido a essa antiga Ermida de Nossa Senhora M\u00e3e de Deus. Representa o mundo sagrado, a enorme devo\u00e7\u00e3o religiosa e a f\u00e9 fervorosa que serviram de base para o povo ultrapassar obst\u00e1culos e vencer adversidades desde o tempo do povoamento.<\/p>\n<p>&nbsp;<\/p>\n<p class=\"separador_bloco\">\n<h2>Caneca de lata<\/h2>\n<p><a data-postid=\"fsg_post_16215\" data-imgid=\"16232\" href=\"https:\/\/cmnordeste.pt\/cultura\/wp-content\/uploads\/sites\/4\/2019\/05\/caneca-de-lata.jpg\"><img loading=\"lazy\" decoding=\"async\" title=\"Caneca de lata\" src=\"https:\/\/cmnordeste.pt\/cultura\/wp-content\/uploads\/sites\/4\/2019\/05\/caneca-de-lata.jpg\" alt=\"Caneca de lata\" class=\"_img_responsive_auto _self_right alignnone wp-image-16232 size-full\" width=\"1920\" height=\"1275\" srcset=\"https:\/\/cmnordeste.pt\/cultura\/wp-content\/uploads\/sites\/4\/2019\/05\/caneca-de-lata.jpg 1920w, https:\/\/cmnordeste.pt\/cultura\/wp-content\/uploads\/sites\/4\/2019\/05\/caneca-de-lata-768x510.jpg 768w, https:\/\/cmnordeste.pt\/cultura\/wp-content\/uploads\/sites\/4\/2019\/05\/caneca-de-lata-1024x680.jpg 1024w\" sizes=\"auto, (max-width: 1920px) 100vw, 1920px\" \/><\/a><\/p>\n<p><strong>Junho de 2019<\/strong><\/p>\n<p>As canecas de lata podiam ter diversas utiliza\u00e7\u00f5es, quer para consumo de bebidas em casa ou na taberna (\u00e1gua, vinho, leite, aguardente\u2026) ou para medir o leite que era transportado pelo leiteiro e vendido de porta em porta.<\/p>\n<p>&nbsp;<\/p>\n<p class=\"separador_bloco\">\n<h2>Bordado de linho<\/h2>\n<p><a data-postid=\"fsg_post_16215\" data-imgid=\"16233\" href=\"https:\/\/cmnordeste.pt\/cultura\/wp-content\/uploads\/sites\/4\/2019\/05\/bordado-de-linho.jpg\"><img loading=\"lazy\" decoding=\"async\" title=\"Bordado de linho\" src=\"https:\/\/cmnordeste.pt\/cultura\/wp-content\/uploads\/sites\/4\/2019\/05\/bordado-de-linho.jpg\" alt=\"Bordado de linho\" class=\"_img_responsive_auto _self_right alignnone wp-image-16233 size-full\" width=\"1920\" height=\"1275\" srcset=\"https:\/\/cmnordeste.pt\/cultura\/wp-content\/uploads\/sites\/4\/2019\/05\/bordado-de-linho.jpg 1920w, https:\/\/cmnordeste.pt\/cultura\/wp-content\/uploads\/sites\/4\/2019\/05\/bordado-de-linho-768x510.jpg 768w, https:\/\/cmnordeste.pt\/cultura\/wp-content\/uploads\/sites\/4\/2019\/05\/bordado-de-linho-1024x680.jpg 1024w\" sizes=\"auto, (max-width: 1920px) 100vw, 1920px\" \/><\/a><\/p>\n<p><strong>Julho de 2019<\/strong><\/p>\n<p>As rendas e os bordados t\u00eam um grande valor art\u00edstico e representam uma componente etnogr\u00e1fica de grande interesse.<\/p>\n<p>A aprendizagem da arte de bordar iniciava-se em crian\u00e7a, quase sempre em ambiente familiar, com os pontos mais simples, como o ponto de p\u00e9 de flor, de cetim, de malmequer, de cadeia, de grilh\u00e3o, de casa, de sombra, ilh\u00f3s e caseados, entre outros.<\/p>\n<p>A atividade dos bordados, ao n\u00edvel da indument\u00e1ria e dos t\u00eaxteis de casa, que conheceu nos A\u00e7ores grande desenvolvimento e variedade ao longo do s\u00e9culo XIX, continua hoje a ser uma realidade.<\/p>\n<p>Este bordado pertenceu a Pedro F\u00e9lix Machado, nascido no Nordeste, e \u00e0 sua filha, Am\u00e9lia Mendon\u00e7a Machado Rebelo Arruda, fundadora dos &#8220;Bordados Regionais de S\u00e3o Miguel&#8221;.<\/p>\n<p>&nbsp;<\/p>\n<p class=\"separador_bloco\">\n","protected":false},"excerpt":{"rendered":"<p>Imagem de Nossa Senhora M\u00e3e de Deus Maio de 2019 H\u00e1 registos de ter existido, no 1\u00ba quartel do s\u00e9culo XVI (aprox. 1526), uma ermida particular, mandada erigir no termo da Vila de Nordeste por Jo\u00e3o Soares (tamb\u00e9m conhecido por Jo\u00e3o Soares de Albergaria), dedicada a N.\u00aa Sr.\u00aa M\u00e3e de Deus. Atualmente, aquilo que \u00e9 [&hellip;]<\/p>\n","protected":false},"author":1,"featured_media":16229,"parent":16138,"menu_order":17,"comment_status":"closed","ping_status":"closed","template":"page-museu.php","meta":{"_acf_changed":false,"footnotes":""},"class_list":["post-16215","page","type-page","status-publish","has-post-thumbnail","hentry"],"acf":[],"yoast_head":"<!-- This site is optimized with the Yoast SEO plugin v27.4 - https:\/\/yoast.com\/product\/yoast-seo-wordpress\/ -->\n<title>Museu Municipal Nestor de Sousa - Destaque do M\u00eas - Cultura<\/title>\n<meta name=\"robots\" content=\"index, follow, max-snippet:-1, max-image-preview:large, max-video-preview:-1\" \/>\n<link rel=\"canonical\" href=\"https:\/\/cmnordeste.pt\/cultura\/museu-do-nordeste\/destaque-do-mes\/\" \/>\n<meta property=\"og:locale\" content=\"pt_PT\" \/>\n<meta property=\"og:type\" content=\"article\" \/>\n<meta property=\"og:title\" content=\"Museu Municipal Nestor de Sousa - Destaque do M\u00eas - Cultura\" \/>\n<meta property=\"og:description\" content=\"Imagem de Nossa Senhora M\u00e3e de Deus Maio de 2019 H\u00e1 registos de ter existido, no 1\u00ba quartel do s\u00e9culo XVI (aprox. 1526), uma ermida particular, mandada erigir no termo da Vila de Nordeste por Jo\u00e3o Soares (tamb\u00e9m conhecido por Jo\u00e3o Soares de Albergaria), dedicada a N.\u00aa Sr.\u00aa M\u00e3e de Deus. Atualmente, aquilo que \u00e9 [&hellip;]\" \/>\n<meta property=\"og:url\" content=\"https:\/\/cmnordeste.pt\/cultura\/museu-do-nordeste\/destaque-do-mes\/\" \/>\n<meta property=\"og:site_name\" content=\"Cultura\" \/>\n<meta property=\"article:modified_time\" content=\"2019-12-05T22:19:54+00:00\" \/>\n<meta property=\"og:image\" content=\"https:\/\/cmnordeste.pt\/cultura\/wp-content\/uploads\/sites\/4\/2019\/05\/destaque-do-mes-1920x1080.jpg\" \/>\n\t<meta property=\"og:image:width\" content=\"1920\" \/>\n\t<meta property=\"og:image:height\" content=\"2413\" \/>\n\t<meta property=\"og:image:type\" content=\"image\/jpeg\" \/>\n<meta name=\"twitter:card\" content=\"summary_large_image\" \/>\n<meta name=\"twitter:label1\" content=\"Tempo estimado de leitura\" \/>\n\t<meta name=\"twitter:data1\" content=\"2 minutos\" \/>\n<script type=\"application\/ld+json\" class=\"yoast-schema-graph\">{\"@context\":\"https:\\\/\\\/schema.org\",\"@graph\":[{\"@type\":\"WebPage\",\"@id\":\"https:\\\/\\\/cmnordeste.pt\\\/cultura\\\/museu-do-nordeste\\\/destaque-do-mes\\\/\",\"url\":\"https:\\\/\\\/cmnordeste.pt\\\/cultura\\\/museu-do-nordeste\\\/destaque-do-mes\\\/\",\"name\":\"Museu Municipal Nestor de Sousa - Destaque do M\u00eas - Cultura\",\"isPartOf\":{\"@id\":\"https:\\\/\\\/cmnordeste.pt\\\/cultura\\\/#website\"},\"primaryImageOfPage\":{\"@id\":\"https:\\\/\\\/cmnordeste.pt\\\/cultura\\\/museu-do-nordeste\\\/destaque-do-mes\\\/#primaryimage\"},\"image\":{\"@id\":\"https:\\\/\\\/cmnordeste.pt\\\/cultura\\\/museu-do-nordeste\\\/destaque-do-mes\\\/#primaryimage\"},\"thumbnailUrl\":\"https:\\\/\\\/cmnordeste.pt\\\/cultura\\\/wp-content\\\/uploads\\\/sites\\\/4\\\/2019\\\/05\\\/destaque-do-mes-1920x1080.jpg\",\"datePublished\":\"2019-01-01T20:32:55+00:00\",\"dateModified\":\"2019-12-05T22:19:54+00:00\",\"breadcrumb\":{\"@id\":\"https:\\\/\\\/cmnordeste.pt\\\/cultura\\\/museu-do-nordeste\\\/destaque-do-mes\\\/#breadcrumb\"},\"inLanguage\":\"pt-PT\",\"potentialAction\":[{\"@type\":\"ReadAction\",\"target\":[\"https:\\\/\\\/cmnordeste.pt\\\/cultura\\\/museu-do-nordeste\\\/destaque-do-mes\\\/\"]}]},{\"@type\":\"ImageObject\",\"inLanguage\":\"pt-PT\",\"@id\":\"https:\\\/\\\/cmnordeste.pt\\\/cultura\\\/museu-do-nordeste\\\/destaque-do-mes\\\/#primaryimage\",\"url\":\"https:\\\/\\\/cmnordeste.pt\\\/cultura\\\/wp-content\\\/uploads\\\/sites\\\/4\\\/2019\\\/05\\\/destaque-do-mes-1920x1080.jpg\",\"contentUrl\":\"https:\\\/\\\/cmnordeste.pt\\\/cultura\\\/wp-content\\\/uploads\\\/sites\\\/4\\\/2019\\\/05\\\/destaque-do-mes-1920x1080.jpg\",\"width\":1920,\"height\":2413,\"caption\":\"Destaque do M\u00eas\"},{\"@type\":\"BreadcrumbList\",\"@id\":\"https:\\\/\\\/cmnordeste.pt\\\/cultura\\\/museu-do-nordeste\\\/destaque-do-mes\\\/#breadcrumb\",\"itemListElement\":[{\"@type\":\"ListItem\",\"position\":1,\"name\":\"In\u00edcio\",\"item\":\"https:\\\/\\\/cmnordeste.pt\\\/cultura\\\/\"},{\"@type\":\"ListItem\",\"position\":2,\"name\":\"Museu Municipal Nestor de Sousa\",\"item\":\"https:\\\/\\\/cmnordeste.pt\\\/cultura\\\/museu-do-nordeste\\\/\"},{\"@type\":\"ListItem\",\"position\":3,\"name\":\"Museu Municipal Nestor de Sousa &#8211; Destaque do M\u00eas\"}]},{\"@type\":\"WebSite\",\"@id\":\"https:\\\/\\\/cmnordeste.pt\\\/cultura\\\/#website\",\"url\":\"https:\\\/\\\/cmnordeste.pt\\\/cultura\\\/\",\"name\":\"Cultura\",\"description\":\"Nordeste - Cultura\",\"potentialAction\":[{\"@type\":\"SearchAction\",\"target\":{\"@type\":\"EntryPoint\",\"urlTemplate\":\"https:\\\/\\\/cmnordeste.pt\\\/cultura\\\/?s={search_term_string}\"},\"query-input\":{\"@type\":\"PropertyValueSpecification\",\"valueRequired\":true,\"valueName\":\"search_term_string\"}}],\"inLanguage\":\"pt-PT\"}]}<\/script>\n<!-- \/ Yoast SEO plugin. -->","yoast_head_json":{"title":"Museu Municipal Nestor de Sousa - Destaque do M\u00eas - Cultura","robots":{"index":"index","follow":"follow","max-snippet":"max-snippet:-1","max-image-preview":"max-image-preview:large","max-video-preview":"max-video-preview:-1"},"canonical":"https:\/\/cmnordeste.pt\/cultura\/museu-do-nordeste\/destaque-do-mes\/","og_locale":"pt_PT","og_type":"article","og_title":"Museu Municipal Nestor de Sousa - Destaque do M\u00eas - Cultura","og_description":"Imagem de Nossa Senhora M\u00e3e de Deus Maio de 2019 H\u00e1 registos de ter existido, no 1\u00ba quartel do s\u00e9culo XVI (aprox. 1526), uma ermida particular, mandada erigir no termo da Vila de Nordeste por Jo\u00e3o Soares (tamb\u00e9m conhecido por Jo\u00e3o Soares de Albergaria), dedicada a N.\u00aa Sr.\u00aa M\u00e3e de Deus. Atualmente, aquilo que \u00e9 [&hellip;]","og_url":"https:\/\/cmnordeste.pt\/cultura\/museu-do-nordeste\/destaque-do-mes\/","og_site_name":"Cultura","article_modified_time":"2019-12-05T22:19:54+00:00","og_image":[{"width":1920,"height":2413,"url":"https:\/\/cmnordeste.pt\/cultura\/wp-content\/uploads\/sites\/4\/2019\/05\/destaque-do-mes-1920x1080.jpg","type":"image\/jpeg"}],"twitter_card":"summary_large_image","twitter_misc":{"Tempo estimado de leitura":"2 minutos"},"schema":{"@context":"https:\/\/schema.org","@graph":[{"@type":"WebPage","@id":"https:\/\/cmnordeste.pt\/cultura\/museu-do-nordeste\/destaque-do-mes\/","url":"https:\/\/cmnordeste.pt\/cultura\/museu-do-nordeste\/destaque-do-mes\/","name":"Museu Municipal Nestor de Sousa - Destaque do M\u00eas - Cultura","isPartOf":{"@id":"https:\/\/cmnordeste.pt\/cultura\/#website"},"primaryImageOfPage":{"@id":"https:\/\/cmnordeste.pt\/cultura\/museu-do-nordeste\/destaque-do-mes\/#primaryimage"},"image":{"@id":"https:\/\/cmnordeste.pt\/cultura\/museu-do-nordeste\/destaque-do-mes\/#primaryimage"},"thumbnailUrl":"https:\/\/cmnordeste.pt\/cultura\/wp-content\/uploads\/sites\/4\/2019\/05\/destaque-do-mes-1920x1080.jpg","datePublished":"2019-01-01T20:32:55+00:00","dateModified":"2019-12-05T22:19:54+00:00","breadcrumb":{"@id":"https:\/\/cmnordeste.pt\/cultura\/museu-do-nordeste\/destaque-do-mes\/#breadcrumb"},"inLanguage":"pt-PT","potentialAction":[{"@type":"ReadAction","target":["https:\/\/cmnordeste.pt\/cultura\/museu-do-nordeste\/destaque-do-mes\/"]}]},{"@type":"ImageObject","inLanguage":"pt-PT","@id":"https:\/\/cmnordeste.pt\/cultura\/museu-do-nordeste\/destaque-do-mes\/#primaryimage","url":"https:\/\/cmnordeste.pt\/cultura\/wp-content\/uploads\/sites\/4\/2019\/05\/destaque-do-mes-1920x1080.jpg","contentUrl":"https:\/\/cmnordeste.pt\/cultura\/wp-content\/uploads\/sites\/4\/2019\/05\/destaque-do-mes-1920x1080.jpg","width":1920,"height":2413,"caption":"Destaque do M\u00eas"},{"@type":"BreadcrumbList","@id":"https:\/\/cmnordeste.pt\/cultura\/museu-do-nordeste\/destaque-do-mes\/#breadcrumb","itemListElement":[{"@type":"ListItem","position":1,"name":"In\u00edcio","item":"https:\/\/cmnordeste.pt\/cultura\/"},{"@type":"ListItem","position":2,"name":"Museu Municipal Nestor de Sousa","item":"https:\/\/cmnordeste.pt\/cultura\/museu-do-nordeste\/"},{"@type":"ListItem","position":3,"name":"Museu Municipal Nestor de Sousa &#8211; Destaque do M\u00eas"}]},{"@type":"WebSite","@id":"https:\/\/cmnordeste.pt\/cultura\/#website","url":"https:\/\/cmnordeste.pt\/cultura\/","name":"Cultura","description":"Nordeste - Cultura","potentialAction":[{"@type":"SearchAction","target":{"@type":"EntryPoint","urlTemplate":"https:\/\/cmnordeste.pt\/cultura\/?s={search_term_string}"},"query-input":{"@type":"PropertyValueSpecification","valueRequired":true,"valueName":"search_term_string"}}],"inLanguage":"pt-PT"}]}},"_links":{"self":[{"href":"https:\/\/cmnordeste.pt\/cultura\/wp-json\/wp\/v2\/pages\/16215","targetHints":{"allow":["GET"]}}],"collection":[{"href":"https:\/\/cmnordeste.pt\/cultura\/wp-json\/wp\/v2\/pages"}],"about":[{"href":"https:\/\/cmnordeste.pt\/cultura\/wp-json\/wp\/v2\/types\/page"}],"author":[{"embeddable":true,"href":"https:\/\/cmnordeste.pt\/cultura\/wp-json\/wp\/v2\/users\/1"}],"replies":[{"embeddable":true,"href":"https:\/\/cmnordeste.pt\/cultura\/wp-json\/wp\/v2\/comments?post=16215"}],"version-history":[{"count":4,"href":"https:\/\/cmnordeste.pt\/cultura\/wp-json\/wp\/v2\/pages\/16215\/revisions"}],"predecessor-version":[{"id":16349,"href":"https:\/\/cmnordeste.pt\/cultura\/wp-json\/wp\/v2\/pages\/16215\/revisions\/16349"}],"up":[{"embeddable":true,"href":"https:\/\/cmnordeste.pt\/cultura\/wp-json\/wp\/v2\/pages\/16138"}],"wp:featuredmedia":[{"embeddable":true,"href":"https:\/\/cmnordeste.pt\/cultura\/wp-json\/wp\/v2\/media\/16229"}],"wp:attachment":[{"href":"https:\/\/cmnordeste.pt\/cultura\/wp-json\/wp\/v2\/media?parent=16215"}],"curies":[{"name":"wp","href":"https:\/\/api.w.org\/{rel}","templated":true}]}}