{"id":16414,"date":"2020-09-22T12:20:25","date_gmt":"2020-09-22T12:20:25","guid":{"rendered":"https:\/\/cmnordeste.pt\/cultura\/?page_id=16414"},"modified":"2025-09-22T12:21:08","modified_gmt":"2025-09-22T12:21:08","slug":"centro-ambiental-do-priolo","status":"publish","type":"page","link":"https:\/\/cmnordeste.pt\/cultura\/museus-do_nordeste\/centro-ambiental-do-priolo\/","title":{"rendered":"Centro Ambiental do Priolo"},"content":{"rendered":"<script>fsg_json['fsg_post_16414'] = [\n{id: 16415, image: 'http:\/\/cmnordeste.pt\/cultura\/wp-content\/uploads\/sites\/4\/2020\/04\/centro_ambiental_priolo_1.jpg', extlink: '', thumb: 'https:\/\/cmnordeste.pt\/cultura\/wp-content\/uploads\/sites\/4\/2020\/04\/centro_ambiental_priolo_1-300x300.jpg', permalink: '<div class=\"galleria-layeritem\"><a title=\"Permalink\" href=\"https:\/\/cmnordeste.pt\/cultura\/museus-do_nordeste\/centro-ambiental-do-priolo\/#16415\"><div class=\"galleria-link-bookmark\"><\/div><\/a><\/div>', layer: '<div class=\"galleria-infolayer\"><div class=\"galleria-layeritem\" style=\"padding-right: 20px;\"><h1>centro ambiental priolo 1<\/h1><\/div><div class=\"galleria-layeritem\"><a title=\"Permalink\" href=\"https:\/\/cmnordeste.pt\/cultura\/museus-do_nordeste\/centro-ambiental-do-priolo\/#16415\"><div class=\"galleria-link-bookmark\"><\/div><\/a><\/div><div class=\"galleria-layeritem\" style=\"padding-right: 20px;\"><\/div>'},\n{id: 16416, image: 'http:\/\/cmnordeste.pt\/cultura\/wp-content\/uploads\/sites\/4\/2020\/04\/centro_ambiental_priolo_daniel_jareno.jpg', extlink: '', thumb: 'https:\/\/cmnordeste.pt\/cultura\/wp-content\/uploads\/sites\/4\/2020\/04\/centro_ambiental_priolo_daniel_jareno-300x300.jpg', permalink: '<div class=\"galleria-layeritem\"><a title=\"Permalink\" href=\"https:\/\/cmnordeste.pt\/cultura\/museus-do_nordeste\/centro-ambiental-do-priolo\/#16416\"><div class=\"galleria-link-bookmark\"><\/div><\/a><\/div>', layer: '<div class=\"galleria-infolayer\"><div class=\"galleria-layeritem\" style=\"padding-right: 20px;\"><h1>centro ambiental priolo Daniel Jareno<\/h1><\/div><div class=\"galleria-layeritem\"><a title=\"Permalink\" href=\"https:\/\/cmnordeste.pt\/cultura\/museus-do_nordeste\/centro-ambiental-do-priolo\/#16416\"><div class=\"galleria-link-bookmark\"><\/div><\/a><\/div><div class=\"galleria-layeritem\" style=\"padding-right: 20px;\"><\/div>'},\n{id: 16417, image: 'http:\/\/cmnordeste.pt\/cultura\/wp-content\/uploads\/sites\/4\/2020\/04\/centro_ambiental_priolo_mapa.jpg', extlink: '', thumb: 'https:\/\/cmnordeste.pt\/cultura\/wp-content\/uploads\/sites\/4\/2020\/04\/centro_ambiental_priolo_mapa-300x300.jpg', permalink: '<div class=\"galleria-layeritem\"><a title=\"Permalink\" href=\"https:\/\/cmnordeste.pt\/cultura\/museus-do_nordeste\/centro-ambiental-do-priolo\/#16417\"><div class=\"galleria-link-bookmark\"><\/div><\/a><\/div>', layer: '<div class=\"galleria-infolayer\"><div class=\"galleria-layeritem\" style=\"padding-right: 20px;\"><h1>centro ambiental priolo mapa<\/h1><\/div><div class=\"galleria-layeritem\"><a title=\"Permalink\" href=\"https:\/\/cmnordeste.pt\/cultura\/museus-do_nordeste\/centro-ambiental-do-priolo\/#16417\"><div class=\"galleria-link-bookmark\"><\/div><\/a><\/div><div class=\"galleria-layeritem\" style=\"padding-right: 20px;\"><\/div>'}\n];<\/script>\n<p>O Centro Ambiental do Priolo \u00e9 um espa\u00e7o de informa\u00e7\u00e3o e divulga\u00e7\u00e3o cuja miss\u00e3o consiste em contribuir para o conhecimento do Priolo e a preserva\u00e7\u00e3o do seu habitat natural: a Floresta Laurissilva.<\/p>\n<p>O Priolo \u00e9 uma ave que s\u00f3 existe na zona leste da ilha de S\u00e3o Miguel, nas \u00e1reas montanhosas da Serra da Tronqueira, abrangendo os concelhos do Nordeste e da Povoa\u00e7\u00e3o.<\/p>\n<p>O Centro Ambiental do Priolo tem um espa\u00e7o de exposi\u00e7\u00e3o que conta a hist\u00f3ria do Priolo, as suas amea\u00e7as e os resultados obtidos nas diferentes campanhas de preserva\u00e7\u00e3o levadas a cabo pela SPEA desde 2003.<\/p>\n<p><strong>Morada<\/strong>: Reserva Florestal de Recreio da Cancela do Cinzeiro, Pedreira \u2013 9630 Nordeste<\/p>\n<p><strong>Coordenadas Geogr\u00e1ficas:<\/strong><\/p>\n<div style=\"padding-left: 40px\"><strong>Longitude<\/strong> (x) = 661714.29; Latitude (y) = 418539.71 (PTRA08\/UTM Fuso 26N)<\/div>\n<div style=\"padding-left: 40px\"><strong>Longitude<\/strong> (x) = -25.16311; Latitude (y) = 37.80160 (WGS 84)<\/div>\n<p><strong>Telefone<\/strong>: (+351) 918 536 123<\/p>\n<p><strong>Hor\u00e1rios<\/strong>:<\/p>\n<p>15 fevereiro a 15 novembro<\/p>\n<div>Ter\u00e7a a s\u00e1bado das 10h30 \u00e0s 18h00<\/div>\n<div>Noutras datas e hor\u00e1rios por marca\u00e7\u00e3o e dependente de disponibilidade\u00a0<\/div>\n<div><\/div>\n<p><strong>Email<\/strong>: centropriolo@spea.pt<\/p>\n<p><strong>Web<\/strong>:<a href=\"https:\/\/www.centropriolo.com\" target=\"_blank\" rel=\"noopener noreferrer\"> https:\/\/www.centropriolo.com\/<\/a>\u00a0<\/p>\n<p><a data-postid=\"fsg_post_16414\" data-imgid=\"16415\" href=\"https:\/\/cmnordeste.pt\/cultura\/wp-content\/uploads\/sites\/4\/2020\/04\/centro_ambiental_priolo_1.jpg\"><img loading=\"lazy\" decoding=\"async\" title=\"centro ambiental priolo 1\" src=\"https:\/\/cmnordeste.pt\/cultura\/wp-content\/uploads\/sites\/4\/2020\/04\/centro_ambiental_priolo_1-768x512.jpg\" alt=\"centro ambiental priolo 1\" class=\"_img_responsive_grid col-xs-12 col-sm-4 alignnone wp-image-16415 size-medium_large\" width=\"768\" height=\"512\" srcset=\"https:\/\/cmnordeste.pt\/cultura\/wp-content\/uploads\/sites\/4\/2020\/04\/centro_ambiental_priolo_1-768x512.jpg 768w, https:\/\/cmnordeste.pt\/cultura\/wp-content\/uploads\/sites\/4\/2020\/04\/centro_ambiental_priolo_1-1024x683.jpg 1024w, https:\/\/cmnordeste.pt\/cultura\/wp-content\/uploads\/sites\/4\/2020\/04\/centro_ambiental_priolo_1.jpg 1200w\" sizes=\"auto, (max-width: 768px) 100vw, 768px\" \/><\/a><\/p>\n<p><a data-postid=\"fsg_post_16414\" data-imgid=\"16416\" href=\"https:\/\/cmnordeste.pt\/cultura\/wp-content\/uploads\/sites\/4\/2020\/04\/centro_ambiental_priolo_daniel_jareno.jpg\"><img loading=\"lazy\" decoding=\"async\" title=\"centro ambiental priolo Daniel Jareno\" src=\"https:\/\/cmnordeste.pt\/cultura\/wp-content\/uploads\/sites\/4\/2020\/04\/centro_ambiental_priolo_daniel_jareno-768x512.jpg\" alt=\"centro ambiental priolo Daniel Jareno\" class=\"_img_responsive_grid col-xs-12 col-sm-4 alignnone wp-image-16416 size-medium_large\" width=\"768\" height=\"512\" srcset=\"https:\/\/cmnordeste.pt\/cultura\/wp-content\/uploads\/sites\/4\/2020\/04\/centro_ambiental_priolo_daniel_jareno-768x512.jpg 768w, https:\/\/cmnordeste.pt\/cultura\/wp-content\/uploads\/sites\/4\/2020\/04\/centro_ambiental_priolo_daniel_jareno-1024x683.jpg 1024w, https:\/\/cmnordeste.pt\/cultura\/wp-content\/uploads\/sites\/4\/2020\/04\/centro_ambiental_priolo_daniel_jareno.jpg 1200w\" sizes=\"auto, (max-width: 768px) 100vw, 768px\" \/><\/a><\/p>\n<p><a data-postid=\"fsg_post_16414\" data-imgid=\"16417\" href=\"https:\/\/cmnordeste.pt\/cultura\/wp-content\/uploads\/sites\/4\/2020\/04\/centro_ambiental_priolo_mapa.jpg\"><img loading=\"lazy\" decoding=\"async\" title=\"centro ambiental priolo mapa\" src=\"https:\/\/cmnordeste.pt\/cultura\/wp-content\/uploads\/sites\/4\/2020\/04\/centro_ambiental_priolo_mapa-768x512.jpg\" alt=\"centro ambiental priolo mapa\" class=\"_img_responsive_grid col-xs-12 col-sm-4 alignnone wp-image-16417 size-medium_large\" width=\"768\" height=\"512\" srcset=\"https:\/\/cmnordeste.pt\/cultura\/wp-content\/uploads\/sites\/4\/2020\/04\/centro_ambiental_priolo_mapa-768x512.jpg 768w, https:\/\/cmnordeste.pt\/cultura\/wp-content\/uploads\/sites\/4\/2020\/04\/centro_ambiental_priolo_mapa-1024x683.jpg 1024w, https:\/\/cmnordeste.pt\/cultura\/wp-content\/uploads\/sites\/4\/2020\/04\/centro_ambiental_priolo_mapa.jpg 1200w\" sizes=\"auto, (max-width: 768px) 100vw, 768px\" \/><\/a><\/p>\n<p class=\"separador_bloco\">\n","protected":false},"excerpt":{"rendered":"<p>O Centro Ambiental do Priolo \u00e9 um espa\u00e7o de informa\u00e7\u00e3o e divulga\u00e7\u00e3o cuja miss\u00e3o consiste em contribuir para o conhecimento do Priolo e a preserva\u00e7\u00e3o do seu habitat natural: a Floresta Laurissilva. O Priolo \u00e9 uma ave que s\u00f3 existe na zona leste da ilha de S\u00e3o Miguel, nas \u00e1reas montanhosas da Serra da Tronqueira, [&hellip;]<\/p>\n","protected":false},"author":1,"featured_media":16415,"parent":22,"menu_order":26,"comment_status":"closed","ping_status":"closed","template":"","meta":{"_acf_changed":false,"footnotes":""},"class_list":["post-16414","page","type-page","status-publish","has-post-thumbnail","hentry"],"acf":[],"yoast_head":"<!-- This site is optimized with the Yoast SEO plugin v27.4 - https:\/\/yoast.com\/product\/yoast-seo-wordpress\/ -->\n<title>Centro Ambiental do Priolo - Cultura<\/title>\n<meta name=\"robots\" content=\"index, follow, max-snippet:-1, max-image-preview:large, max-video-preview:-1\" \/>\n<link rel=\"canonical\" href=\"https:\/\/cmnordeste.pt\/cultura\/museus-do_nordeste\/centro-ambiental-do-priolo\/\" \/>\n<meta property=\"og:locale\" content=\"pt_PT\" \/>\n<meta property=\"og:type\" content=\"article\" \/>\n<meta property=\"og:title\" content=\"Centro Ambiental do Priolo - Cultura\" \/>\n<meta property=\"og:description\" content=\"O Centro Ambiental do Priolo \u00e9 um espa\u00e7o de informa\u00e7\u00e3o e divulga\u00e7\u00e3o cuja miss\u00e3o consiste em contribuir para o conhecimento do Priolo e a preserva\u00e7\u00e3o do seu habitat natural: a Floresta Laurissilva. O Priolo \u00e9 uma ave que s\u00f3 existe na zona leste da ilha de S\u00e3o Miguel, nas \u00e1reas montanhosas da Serra da Tronqueira, [&hellip;]\" \/>\n<meta property=\"og:url\" content=\"https:\/\/cmnordeste.pt\/cultura\/museus-do_nordeste\/centro-ambiental-do-priolo\/\" \/>\n<meta property=\"og:site_name\" content=\"Cultura\" \/>\n<meta property=\"article:modified_time\" content=\"2025-09-22T12:21:08+00:00\" \/>\n<meta property=\"og:image\" content=\"https:\/\/cmnordeste.pt\/cultura\/wp-content\/uploads\/sites\/4\/2020\/04\/centro_ambiental_priolo_1.jpg\" \/>\n\t<meta property=\"og:image:width\" content=\"1200\" \/>\n\t<meta property=\"og:image:height\" content=\"800\" \/>\n\t<meta property=\"og:image:type\" content=\"image\/jpeg\" \/>\n<meta name=\"twitter:card\" content=\"summary_large_image\" \/>\n<meta name=\"twitter:label1\" content=\"Tempo estimado de leitura\" \/>\n\t<meta name=\"twitter:data1\" content=\"1 minuto\" \/>\n<script type=\"application\/ld+json\" class=\"yoast-schema-graph\">{\"@context\":\"https:\\\/\\\/schema.org\",\"@graph\":[{\"@type\":\"WebPage\",\"@id\":\"https:\\\/\\\/cmnordeste.pt\\\/cultura\\\/museus-do_nordeste\\\/centro-ambiental-do-priolo\\\/\",\"url\":\"https:\\\/\\\/cmnordeste.pt\\\/cultura\\\/museus-do_nordeste\\\/centro-ambiental-do-priolo\\\/\",\"name\":\"Centro Ambiental do Priolo - Cultura\",\"isPartOf\":{\"@id\":\"https:\\\/\\\/cmnordeste.pt\\\/cultura\\\/#website\"},\"primaryImageOfPage\":{\"@id\":\"https:\\\/\\\/cmnordeste.pt\\\/cultura\\\/museus-do_nordeste\\\/centro-ambiental-do-priolo\\\/#primaryimage\"},\"image\":{\"@id\":\"https:\\\/\\\/cmnordeste.pt\\\/cultura\\\/museus-do_nordeste\\\/centro-ambiental-do-priolo\\\/#primaryimage\"},\"thumbnailUrl\":\"https:\\\/\\\/cmnordeste.pt\\\/cultura\\\/wp-content\\\/uploads\\\/sites\\\/4\\\/2020\\\/04\\\/centro_ambiental_priolo_1.jpg\",\"datePublished\":\"2020-09-22T12:20:25+00:00\",\"dateModified\":\"2025-09-22T12:21:08+00:00\",\"breadcrumb\":{\"@id\":\"https:\\\/\\\/cmnordeste.pt\\\/cultura\\\/museus-do_nordeste\\\/centro-ambiental-do-priolo\\\/#breadcrumb\"},\"inLanguage\":\"pt-PT\",\"potentialAction\":[{\"@type\":\"ReadAction\",\"target\":[\"https:\\\/\\\/cmnordeste.pt\\\/cultura\\\/museus-do_nordeste\\\/centro-ambiental-do-priolo\\\/\"]}]},{\"@type\":\"ImageObject\",\"inLanguage\":\"pt-PT\",\"@id\":\"https:\\\/\\\/cmnordeste.pt\\\/cultura\\\/museus-do_nordeste\\\/centro-ambiental-do-priolo\\\/#primaryimage\",\"url\":\"https:\\\/\\\/cmnordeste.pt\\\/cultura\\\/wp-content\\\/uploads\\\/sites\\\/4\\\/2020\\\/04\\\/centro_ambiental_priolo_1.jpg\",\"contentUrl\":\"https:\\\/\\\/cmnordeste.pt\\\/cultura\\\/wp-content\\\/uploads\\\/sites\\\/4\\\/2020\\\/04\\\/centro_ambiental_priolo_1.jpg\",\"width\":1200,\"height\":800,\"caption\":\"centro ambiental priolo 1\"},{\"@type\":\"BreadcrumbList\",\"@id\":\"https:\\\/\\\/cmnordeste.pt\\\/cultura\\\/museus-do_nordeste\\\/centro-ambiental-do-priolo\\\/#breadcrumb\",\"itemListElement\":[{\"@type\":\"ListItem\",\"position\":1,\"name\":\"In\u00edcio\",\"item\":\"https:\\\/\\\/cmnordeste.pt\\\/cultura\\\/\"},{\"@type\":\"ListItem\",\"position\":2,\"name\":\"Espa\u00e7os Museol\u00f3gicos e de Exposi\u00e7\u00e3o do Nordeste\",\"item\":\"https:\\\/\\\/cmnordeste.pt\\\/cultura\\\/museus-do_nordeste\\\/\"},{\"@type\":\"ListItem\",\"position\":3,\"name\":\"Centro Ambiental do Priolo\"}]},{\"@type\":\"WebSite\",\"@id\":\"https:\\\/\\\/cmnordeste.pt\\\/cultura\\\/#website\",\"url\":\"https:\\\/\\\/cmnordeste.pt\\\/cultura\\\/\",\"name\":\"Cultura\",\"description\":\"Nordeste - Cultura\",\"potentialAction\":[{\"@type\":\"SearchAction\",\"target\":{\"@type\":\"EntryPoint\",\"urlTemplate\":\"https:\\\/\\\/cmnordeste.pt\\\/cultura\\\/?s={search_term_string}\"},\"query-input\":{\"@type\":\"PropertyValueSpecification\",\"valueRequired\":true,\"valueName\":\"search_term_string\"}}],\"inLanguage\":\"pt-PT\"}]}<\/script>\n<!-- \/ Yoast SEO plugin. -->","yoast_head_json":{"title":"Centro Ambiental do Priolo - Cultura","robots":{"index":"index","follow":"follow","max-snippet":"max-snippet:-1","max-image-preview":"max-image-preview:large","max-video-preview":"max-video-preview:-1"},"canonical":"https:\/\/cmnordeste.pt\/cultura\/museus-do_nordeste\/centro-ambiental-do-priolo\/","og_locale":"pt_PT","og_type":"article","og_title":"Centro Ambiental do Priolo - Cultura","og_description":"O Centro Ambiental do Priolo \u00e9 um espa\u00e7o de informa\u00e7\u00e3o e divulga\u00e7\u00e3o cuja miss\u00e3o consiste em contribuir para o conhecimento do Priolo e a preserva\u00e7\u00e3o do seu habitat natural: a Floresta Laurissilva. O Priolo \u00e9 uma ave que s\u00f3 existe na zona leste da ilha de S\u00e3o Miguel, nas \u00e1reas montanhosas da Serra da Tronqueira, [&hellip;]","og_url":"https:\/\/cmnordeste.pt\/cultura\/museus-do_nordeste\/centro-ambiental-do-priolo\/","og_site_name":"Cultura","article_modified_time":"2025-09-22T12:21:08+00:00","og_image":[{"width":1200,"height":800,"url":"https:\/\/cmnordeste.pt\/cultura\/wp-content\/uploads\/sites\/4\/2020\/04\/centro_ambiental_priolo_1.jpg","type":"image\/jpeg"}],"twitter_card":"summary_large_image","twitter_misc":{"Tempo estimado de leitura":"1 minuto"},"schema":{"@context":"https:\/\/schema.org","@graph":[{"@type":"WebPage","@id":"https:\/\/cmnordeste.pt\/cultura\/museus-do_nordeste\/centro-ambiental-do-priolo\/","url":"https:\/\/cmnordeste.pt\/cultura\/museus-do_nordeste\/centro-ambiental-do-priolo\/","name":"Centro Ambiental do Priolo - Cultura","isPartOf":{"@id":"https:\/\/cmnordeste.pt\/cultura\/#website"},"primaryImageOfPage":{"@id":"https:\/\/cmnordeste.pt\/cultura\/museus-do_nordeste\/centro-ambiental-do-priolo\/#primaryimage"},"image":{"@id":"https:\/\/cmnordeste.pt\/cultura\/museus-do_nordeste\/centro-ambiental-do-priolo\/#primaryimage"},"thumbnailUrl":"https:\/\/cmnordeste.pt\/cultura\/wp-content\/uploads\/sites\/4\/2020\/04\/centro_ambiental_priolo_1.jpg","datePublished":"2020-09-22T12:20:25+00:00","dateModified":"2025-09-22T12:21:08+00:00","breadcrumb":{"@id":"https:\/\/cmnordeste.pt\/cultura\/museus-do_nordeste\/centro-ambiental-do-priolo\/#breadcrumb"},"inLanguage":"pt-PT","potentialAction":[{"@type":"ReadAction","target":["https:\/\/cmnordeste.pt\/cultura\/museus-do_nordeste\/centro-ambiental-do-priolo\/"]}]},{"@type":"ImageObject","inLanguage":"pt-PT","@id":"https:\/\/cmnordeste.pt\/cultura\/museus-do_nordeste\/centro-ambiental-do-priolo\/#primaryimage","url":"https:\/\/cmnordeste.pt\/cultura\/wp-content\/uploads\/sites\/4\/2020\/04\/centro_ambiental_priolo_1.jpg","contentUrl":"https:\/\/cmnordeste.pt\/cultura\/wp-content\/uploads\/sites\/4\/2020\/04\/centro_ambiental_priolo_1.jpg","width":1200,"height":800,"caption":"centro ambiental priolo 1"},{"@type":"BreadcrumbList","@id":"https:\/\/cmnordeste.pt\/cultura\/museus-do_nordeste\/centro-ambiental-do-priolo\/#breadcrumb","itemListElement":[{"@type":"ListItem","position":1,"name":"In\u00edcio","item":"https:\/\/cmnordeste.pt\/cultura\/"},{"@type":"ListItem","position":2,"name":"Espa\u00e7os Museol\u00f3gicos e de Exposi\u00e7\u00e3o do Nordeste","item":"https:\/\/cmnordeste.pt\/cultura\/museus-do_nordeste\/"},{"@type":"ListItem","position":3,"name":"Centro Ambiental do Priolo"}]},{"@type":"WebSite","@id":"https:\/\/cmnordeste.pt\/cultura\/#website","url":"https:\/\/cmnordeste.pt\/cultura\/","name":"Cultura","description":"Nordeste - Cultura","potentialAction":[{"@type":"SearchAction","target":{"@type":"EntryPoint","urlTemplate":"https:\/\/cmnordeste.pt\/cultura\/?s={search_term_string}"},"query-input":{"@type":"PropertyValueSpecification","valueRequired":true,"valueName":"search_term_string"}}],"inLanguage":"pt-PT"}]}},"_links":{"self":[{"href":"https:\/\/cmnordeste.pt\/cultura\/wp-json\/wp\/v2\/pages\/16414","targetHints":{"allow":["GET"]}}],"collection":[{"href":"https:\/\/cmnordeste.pt\/cultura\/wp-json\/wp\/v2\/pages"}],"about":[{"href":"https:\/\/cmnordeste.pt\/cultura\/wp-json\/wp\/v2\/types\/page"}],"author":[{"embeddable":true,"href":"https:\/\/cmnordeste.pt\/cultura\/wp-json\/wp\/v2\/users\/1"}],"replies":[{"embeddable":true,"href":"https:\/\/cmnordeste.pt\/cultura\/wp-json\/wp\/v2\/comments?post=16414"}],"version-history":[{"count":7,"href":"https:\/\/cmnordeste.pt\/cultura\/wp-json\/wp\/v2\/pages\/16414\/revisions"}],"predecessor-version":[{"id":16825,"href":"https:\/\/cmnordeste.pt\/cultura\/wp-json\/wp\/v2\/pages\/16414\/revisions\/16825"}],"up":[{"embeddable":true,"href":"https:\/\/cmnordeste.pt\/cultura\/wp-json\/wp\/v2\/pages\/22"}],"wp:featuredmedia":[{"embeddable":true,"href":"https:\/\/cmnordeste.pt\/cultura\/wp-json\/wp\/v2\/media\/16415"}],"wp:attachment":[{"href":"https:\/\/cmnordeste.pt\/cultura\/wp-json\/wp\/v2\/media?parent=16414"}],"curies":[{"name":"wp","href":"https:\/\/api.w.org\/{rel}","templated":true}]}}