{"id":16424,"date":"2020-02-01T21:57:14","date_gmt":"2020-02-01T21:57:14","guid":{"rendered":"https:\/\/cmnordeste.pt\/cultura\/?page_id=16424"},"modified":"2020-04-22T20:15:01","modified_gmt":"2020-04-22T20:15:01","slug":"sala-de-exposicoes-do-municipio","status":"publish","type":"page","link":"https:\/\/cmnordeste.pt\/cultura\/museus-do_nordeste\/sala-de-exposicoes-do-municipio\/","title":{"rendered":"Sala de Exposi\u00e7\u00f5es do Munic\u00edpio"},"content":{"rendered":"<script>fsg_json['fsg_post_16424'] = [\n{id: 16425, image: 'http:\/\/cmnordeste.pt\/cultura\/wp-content\/uploads\/sites\/4\/2020\/04\/sala_exposicoes_municipio_1.jpg', extlink: '', thumb: 'https:\/\/cmnordeste.pt\/cultura\/wp-content\/uploads\/sites\/4\/2020\/04\/sala_exposicoes_municipio_1-300x300.jpg', permalink: '<div class=\"galleria-layeritem\"><a title=\"Permalink\" href=\"https:\/\/cmnordeste.pt\/cultura\/museus-do_nordeste\/sala-de-exposicoes-do-municipio\/#16425\"><div class=\"galleria-link-bookmark\"><\/div><\/a><\/div>', layer: '<div class=\"galleria-infolayer\"><div class=\"galleria-layeritem\" style=\"padding-right: 20px;\"><h1>sala exposicoes municipio 1<\/h1><\/div><div class=\"galleria-layeritem\"><a title=\"Permalink\" href=\"https:\/\/cmnordeste.pt\/cultura\/museus-do_nordeste\/sala-de-exposicoes-do-municipio\/#16425\"><div class=\"galleria-link-bookmark\"><\/div><\/a><\/div><div class=\"galleria-layeritem\" style=\"padding-right: 20px;\"><\/div>'},\n{id: 16426, image: 'http:\/\/cmnordeste.pt\/cultura\/wp-content\/uploads\/sites\/4\/2020\/04\/sala_exposicoes_municipio_2.jpg', extlink: '', thumb: 'https:\/\/cmnordeste.pt\/cultura\/wp-content\/uploads\/sites\/4\/2020\/04\/sala_exposicoes_municipio_2-300x300.jpg', permalink: '<div class=\"galleria-layeritem\"><a title=\"Permalink\" href=\"https:\/\/cmnordeste.pt\/cultura\/museus-do_nordeste\/sala-de-exposicoes-do-municipio\/#16426\"><div class=\"galleria-link-bookmark\"><\/div><\/a><\/div>', layer: '<div class=\"galleria-infolayer\"><div class=\"galleria-layeritem\" style=\"padding-right: 20px;\"><h1>sala exposicoes municipio 2<\/h1><\/div><div class=\"galleria-layeritem\"><a title=\"Permalink\" href=\"https:\/\/cmnordeste.pt\/cultura\/museus-do_nordeste\/sala-de-exposicoes-do-municipio\/#16426\"><div class=\"galleria-link-bookmark\"><\/div><\/a><\/div><div class=\"galleria-layeritem\" style=\"padding-right: 20px;\"><\/div>'},\n{id: 16427, image: 'http:\/\/cmnordeste.pt\/cultura\/wp-content\/uploads\/sites\/4\/2020\/04\/sala_exposicoes_municipio_mapa.jpg', extlink: '', thumb: 'https:\/\/cmnordeste.pt\/cultura\/wp-content\/uploads\/sites\/4\/2020\/04\/sala_exposicoes_municipio_mapa-300x300.jpg', permalink: '<div class=\"galleria-layeritem\"><a title=\"Permalink\" href=\"https:\/\/cmnordeste.pt\/cultura\/museus-do_nordeste\/sala-de-exposicoes-do-municipio\/#16427\"><div class=\"galleria-link-bookmark\"><\/div><\/a><\/div>', layer: '<div class=\"galleria-infolayer\"><div class=\"galleria-layeritem\" style=\"padding-right: 20px;\"><h1>sala exposicoes municipio mapa<\/h1><\/div><div class=\"galleria-layeritem\"><a title=\"Permalink\" href=\"https:\/\/cmnordeste.pt\/cultura\/museus-do_nordeste\/sala-de-exposicoes-do-municipio\/#16427\"><div class=\"galleria-link-bookmark\"><\/div><\/a><\/div><div class=\"galleria-layeritem\" style=\"padding-right: 20px;\"><\/div>'}\n];<\/script>\n<p>A Sala de Exposi\u00e7\u00f5es do Munic\u00edpio foi inaugurada em 2005 e apresenta regularmente uma grande diversidade de exposi\u00e7\u00f5es ao longo do ano. Nesta sala j\u00e1 foram apresentadas exposi\u00e7\u00f5es com obras de Paula Rego, Ant\u00f3nio Eduardo Soares de Sousa e, mais recentemente, Nestor de Sousa.<\/p>\n<p><strong>Morada<\/strong>: Pra\u00e7a da Rep\u00fablica, 9630-141 Vila de Nordeste<\/p>\n<p><strong>Coordenadas Geogr\u00e1ficas:<\/strong><\/p>\n<div style=\"padding-left: 40px;\"><strong>Longitude<\/strong> (x) = 66.097.01; Latitude (y) = 4188819.9 (PTRA08\/UTM Fuso 26N)<\/div>\n<div style=\"padding-left: 40px;\"><strong>Longitude<\/strong> (x) = -25.14666; Latitude (y) = 37.83224 (WGS 84)<\/div>\n<p><strong>Telefone<\/strong>: 296480060<\/p>\n<p><strong>Hor\u00e1rio<\/strong>: Segunda a sexta-feira: das 8:30h \u00e0s 12:30h e das 13:30h \u00e0s 16:30h (encerra aos fins de semana e feriados)<\/p>\n<p><strong>Email<\/strong>: geral@cmnordeste.pt<\/p>\n<p><strong>Web<\/strong>: cmnordeste.pt\/cultura\/<\/p>\n<p>Para saber as datas das exposi\u00e7\u00f5es, consultar a Agenda que encontra <a href=\"https:\/\/cmnordeste.pt\/agenda\/proximos-eventos\/\" target=\"_blank\" rel=\"noopener noreferrer\">aqui na p\u00e1gina<\/a>.<\/p>\n<p><a data-postid=\"fsg_post_16424\" data-imgid=\"16425\" href=\"https:\/\/cmnordeste.pt\/cultura\/wp-content\/uploads\/sites\/4\/2020\/04\/sala_exposicoes_municipio_1.jpg\"><img loading=\"lazy\" decoding=\"async\" title=\"sala exposicoes municipio 1\" src=\"https:\/\/cmnordeste.pt\/cultura\/wp-content\/uploads\/sites\/4\/2020\/04\/sala_exposicoes_municipio_1-768x512.jpg\" alt=\"sala exposicoes municipio 1\" class=\"_img_responsive_grid col-xs-12 col-sm-4 alignnone wp-image-16425 size-medium_large\" width=\"768\" height=\"512\" srcset=\"https:\/\/cmnordeste.pt\/cultura\/wp-content\/uploads\/sites\/4\/2020\/04\/sala_exposicoes_municipio_1-768x512.jpg 768w, https:\/\/cmnordeste.pt\/cultura\/wp-content\/uploads\/sites\/4\/2020\/04\/sala_exposicoes_municipio_1-1024x683.jpg 1024w, https:\/\/cmnordeste.pt\/cultura\/wp-content\/uploads\/sites\/4\/2020\/04\/sala_exposicoes_municipio_1.jpg 1200w\" sizes=\"auto, (max-width: 768px) 100vw, 768px\" \/><\/a><\/p>\n<p><a data-postid=\"fsg_post_16424\" data-imgid=\"16426\" href=\"https:\/\/cmnordeste.pt\/cultura\/wp-content\/uploads\/sites\/4\/2020\/04\/sala_exposicoes_municipio_2.jpg\"><img loading=\"lazy\" decoding=\"async\" title=\"sala exposicoes municipio 2\" src=\"https:\/\/cmnordeste.pt\/cultura\/wp-content\/uploads\/sites\/4\/2020\/04\/sala_exposicoes_municipio_2-768x512.jpg\" alt=\"sala exposicoes municipio 2\" class=\"_img_responsive_grid col-xs-12 col-sm-4 alignnone wp-image-16426 size-medium_large\" width=\"768\" height=\"512\" srcset=\"https:\/\/cmnordeste.pt\/cultura\/wp-content\/uploads\/sites\/4\/2020\/04\/sala_exposicoes_municipio_2-768x512.jpg 768w, https:\/\/cmnordeste.pt\/cultura\/wp-content\/uploads\/sites\/4\/2020\/04\/sala_exposicoes_municipio_2-1024x683.jpg 1024w, https:\/\/cmnordeste.pt\/cultura\/wp-content\/uploads\/sites\/4\/2020\/04\/sala_exposicoes_municipio_2.jpg 1200w\" sizes=\"auto, (max-width: 768px) 100vw, 768px\" \/><\/a><\/p>\n<p><a data-postid=\"fsg_post_16424\" data-imgid=\"16427\" href=\"https:\/\/cmnordeste.pt\/cultura\/wp-content\/uploads\/sites\/4\/2020\/04\/sala_exposicoes_municipio_mapa.jpg\"><img loading=\"lazy\" decoding=\"async\" title=\"sala exposicoes municipio mapa\" src=\"https:\/\/cmnordeste.pt\/cultura\/wp-content\/uploads\/sites\/4\/2020\/04\/sala_exposicoes_municipio_mapa-768x512.jpg\" alt=\"sala exposicoes municipio mapa\" class=\"_img_responsive_grid col-xs-12 col-sm-4 alignnone wp-image-16427 size-medium_large\" width=\"768\" height=\"512\" srcset=\"https:\/\/cmnordeste.pt\/cultura\/wp-content\/uploads\/sites\/4\/2020\/04\/sala_exposicoes_municipio_mapa-768x512.jpg 768w, https:\/\/cmnordeste.pt\/cultura\/wp-content\/uploads\/sites\/4\/2020\/04\/sala_exposicoes_municipio_mapa-1024x683.jpg 1024w, https:\/\/cmnordeste.pt\/cultura\/wp-content\/uploads\/sites\/4\/2020\/04\/sala_exposicoes_municipio_mapa.jpg 1200w\" sizes=\"auto, (max-width: 768px) 100vw, 768px\" \/><\/a><\/p>\n<p class=\"separador_bloco\">\n","protected":false},"excerpt":{"rendered":"<p>A Sala de Exposi\u00e7\u00f5es do Munic\u00edpio foi inaugurada em 2005 e apresenta regularmente uma grande diversidade de exposi\u00e7\u00f5es ao longo do ano. Nesta sala j\u00e1 foram apresentadas exposi\u00e7\u00f5es com obras de Paula Rego, Ant\u00f3nio Eduardo Soares de Sousa e, mais recentemente, Nestor de Sousa. Morada: Pra\u00e7a da Rep\u00fablica, 9630-141 Vila de Nordeste Coordenadas Geogr\u00e1ficas: Longitude [&hellip;]<\/p>\n","protected":false},"author":1,"featured_media":0,"parent":22,"menu_order":28,"comment_status":"closed","ping_status":"closed","template":"","meta":{"_acf_changed":false,"footnotes":""},"class_list":["post-16424","page","type-page","status-publish","hentry"],"acf":[],"yoast_head":"<!-- This site is optimized with the Yoast SEO plugin v27.4 - https:\/\/yoast.com\/product\/yoast-seo-wordpress\/ -->\n<title>Sala de Exposi\u00e7\u00f5es do Munic\u00edpio - Cultura<\/title>\n<meta name=\"robots\" content=\"index, follow, max-snippet:-1, max-image-preview:large, max-video-preview:-1\" \/>\n<link rel=\"canonical\" href=\"https:\/\/cmnordeste.pt\/cultura\/museus-do_nordeste\/sala-de-exposicoes-do-municipio\/\" \/>\n<meta property=\"og:locale\" content=\"pt_PT\" \/>\n<meta property=\"og:type\" content=\"article\" \/>\n<meta property=\"og:title\" content=\"Sala de Exposi\u00e7\u00f5es do Munic\u00edpio - Cultura\" \/>\n<meta property=\"og:description\" content=\"A Sala de Exposi\u00e7\u00f5es do Munic\u00edpio foi inaugurada em 2005 e apresenta regularmente uma grande diversidade de exposi\u00e7\u00f5es ao longo do ano. Nesta sala j\u00e1 foram apresentadas exposi\u00e7\u00f5es com obras de Paula Rego, Ant\u00f3nio Eduardo Soares de Sousa e, mais recentemente, Nestor de Sousa. Morada: Pra\u00e7a da Rep\u00fablica, 9630-141 Vila de Nordeste Coordenadas Geogr\u00e1ficas: Longitude [&hellip;]\" \/>\n<meta property=\"og:url\" content=\"https:\/\/cmnordeste.pt\/cultura\/museus-do_nordeste\/sala-de-exposicoes-do-municipio\/\" \/>\n<meta property=\"og:site_name\" content=\"Cultura\" \/>\n<meta property=\"article:modified_time\" content=\"2020-04-22T20:15:01+00:00\" \/>\n<meta property=\"og:image\" content=\"https:\/\/cmnordeste.pt\/cultura\/wp-content\/uploads\/sites\/4\/2020\/04\/sala_exposicoes_municipio_1-768x512.jpg\" \/>\n<meta name=\"twitter:card\" content=\"summary_large_image\" \/>\n<meta name=\"twitter:label1\" content=\"Tempo estimado de leitura\" \/>\n\t<meta name=\"twitter:data1\" content=\"1 minuto\" \/>\n<script type=\"application\/ld+json\" class=\"yoast-schema-graph\">{\"@context\":\"https:\\\/\\\/schema.org\",\"@graph\":[{\"@type\":\"WebPage\",\"@id\":\"https:\\\/\\\/cmnordeste.pt\\\/cultura\\\/museus-do_nordeste\\\/sala-de-exposicoes-do-municipio\\\/\",\"url\":\"https:\\\/\\\/cmnordeste.pt\\\/cultura\\\/museus-do_nordeste\\\/sala-de-exposicoes-do-municipio\\\/\",\"name\":\"Sala de Exposi\u00e7\u00f5es do Munic\u00edpio - Cultura\",\"isPartOf\":{\"@id\":\"https:\\\/\\\/cmnordeste.pt\\\/cultura\\\/#website\"},\"primaryImageOfPage\":{\"@id\":\"https:\\\/\\\/cmnordeste.pt\\\/cultura\\\/museus-do_nordeste\\\/sala-de-exposicoes-do-municipio\\\/#primaryimage\"},\"image\":{\"@id\":\"https:\\\/\\\/cmnordeste.pt\\\/cultura\\\/museus-do_nordeste\\\/sala-de-exposicoes-do-municipio\\\/#primaryimage\"},\"thumbnailUrl\":\"https:\\\/\\\/cmnordeste.pt\\\/cultura\\\/wp-content\\\/uploads\\\/sites\\\/4\\\/2020\\\/04\\\/sala_exposicoes_municipio_1-768x512.jpg\",\"datePublished\":\"2020-02-01T21:57:14+00:00\",\"dateModified\":\"2020-04-22T20:15:01+00:00\",\"breadcrumb\":{\"@id\":\"https:\\\/\\\/cmnordeste.pt\\\/cultura\\\/museus-do_nordeste\\\/sala-de-exposicoes-do-municipio\\\/#breadcrumb\"},\"inLanguage\":\"pt-PT\",\"potentialAction\":[{\"@type\":\"ReadAction\",\"target\":[\"https:\\\/\\\/cmnordeste.pt\\\/cultura\\\/museus-do_nordeste\\\/sala-de-exposicoes-do-municipio\\\/\"]}]},{\"@type\":\"ImageObject\",\"inLanguage\":\"pt-PT\",\"@id\":\"https:\\\/\\\/cmnordeste.pt\\\/cultura\\\/museus-do_nordeste\\\/sala-de-exposicoes-do-municipio\\\/#primaryimage\",\"url\":\"https:\\\/\\\/cmnordeste.pt\\\/cultura\\\/wp-content\\\/uploads\\\/sites\\\/4\\\/2020\\\/04\\\/sala_exposicoes_municipio_1.jpg\",\"contentUrl\":\"https:\\\/\\\/cmnordeste.pt\\\/cultura\\\/wp-content\\\/uploads\\\/sites\\\/4\\\/2020\\\/04\\\/sala_exposicoes_municipio_1.jpg\",\"width\":1200,\"height\":800,\"caption\":\"sala exposicoes municipio 1\"},{\"@type\":\"BreadcrumbList\",\"@id\":\"https:\\\/\\\/cmnordeste.pt\\\/cultura\\\/museus-do_nordeste\\\/sala-de-exposicoes-do-municipio\\\/#breadcrumb\",\"itemListElement\":[{\"@type\":\"ListItem\",\"position\":1,\"name\":\"In\u00edcio\",\"item\":\"https:\\\/\\\/cmnordeste.pt\\\/cultura\\\/\"},{\"@type\":\"ListItem\",\"position\":2,\"name\":\"Espa\u00e7os Museol\u00f3gicos e de Exposi\u00e7\u00e3o do Nordeste\",\"item\":\"https:\\\/\\\/cmnordeste.pt\\\/cultura\\\/museus-do_nordeste\\\/\"},{\"@type\":\"ListItem\",\"position\":3,\"name\":\"Sala de Exposi\u00e7\u00f5es do Munic\u00edpio\"}]},{\"@type\":\"WebSite\",\"@id\":\"https:\\\/\\\/cmnordeste.pt\\\/cultura\\\/#website\",\"url\":\"https:\\\/\\\/cmnordeste.pt\\\/cultura\\\/\",\"name\":\"Cultura\",\"description\":\"Nordeste - Cultura\",\"potentialAction\":[{\"@type\":\"SearchAction\",\"target\":{\"@type\":\"EntryPoint\",\"urlTemplate\":\"https:\\\/\\\/cmnordeste.pt\\\/cultura\\\/?s={search_term_string}\"},\"query-input\":{\"@type\":\"PropertyValueSpecification\",\"valueRequired\":true,\"valueName\":\"search_term_string\"}}],\"inLanguage\":\"pt-PT\"}]}<\/script>\n<!-- \/ Yoast SEO plugin. -->","yoast_head_json":{"title":"Sala de Exposi\u00e7\u00f5es do Munic\u00edpio - Cultura","robots":{"index":"index","follow":"follow","max-snippet":"max-snippet:-1","max-image-preview":"max-image-preview:large","max-video-preview":"max-video-preview:-1"},"canonical":"https:\/\/cmnordeste.pt\/cultura\/museus-do_nordeste\/sala-de-exposicoes-do-municipio\/","og_locale":"pt_PT","og_type":"article","og_title":"Sala de Exposi\u00e7\u00f5es do Munic\u00edpio - Cultura","og_description":"A Sala de Exposi\u00e7\u00f5es do Munic\u00edpio foi inaugurada em 2005 e apresenta regularmente uma grande diversidade de exposi\u00e7\u00f5es ao longo do ano. Nesta sala j\u00e1 foram apresentadas exposi\u00e7\u00f5es com obras de Paula Rego, Ant\u00f3nio Eduardo Soares de Sousa e, mais recentemente, Nestor de Sousa. Morada: Pra\u00e7a da Rep\u00fablica, 9630-141 Vila de Nordeste Coordenadas Geogr\u00e1ficas: Longitude [&hellip;]","og_url":"https:\/\/cmnordeste.pt\/cultura\/museus-do_nordeste\/sala-de-exposicoes-do-municipio\/","og_site_name":"Cultura","article_modified_time":"2020-04-22T20:15:01+00:00","og_image":[{"url":"https:\/\/cmnordeste.pt\/cultura\/wp-content\/uploads\/sites\/4\/2020\/04\/sala_exposicoes_municipio_1-768x512.jpg","type":"","width":"","height":""}],"twitter_card":"summary_large_image","twitter_misc":{"Tempo estimado de leitura":"1 minuto"},"schema":{"@context":"https:\/\/schema.org","@graph":[{"@type":"WebPage","@id":"https:\/\/cmnordeste.pt\/cultura\/museus-do_nordeste\/sala-de-exposicoes-do-municipio\/","url":"https:\/\/cmnordeste.pt\/cultura\/museus-do_nordeste\/sala-de-exposicoes-do-municipio\/","name":"Sala de Exposi\u00e7\u00f5es do Munic\u00edpio - Cultura","isPartOf":{"@id":"https:\/\/cmnordeste.pt\/cultura\/#website"},"primaryImageOfPage":{"@id":"https:\/\/cmnordeste.pt\/cultura\/museus-do_nordeste\/sala-de-exposicoes-do-municipio\/#primaryimage"},"image":{"@id":"https:\/\/cmnordeste.pt\/cultura\/museus-do_nordeste\/sala-de-exposicoes-do-municipio\/#primaryimage"},"thumbnailUrl":"https:\/\/cmnordeste.pt\/cultura\/wp-content\/uploads\/sites\/4\/2020\/04\/sala_exposicoes_municipio_1-768x512.jpg","datePublished":"2020-02-01T21:57:14+00:00","dateModified":"2020-04-22T20:15:01+00:00","breadcrumb":{"@id":"https:\/\/cmnordeste.pt\/cultura\/museus-do_nordeste\/sala-de-exposicoes-do-municipio\/#breadcrumb"},"inLanguage":"pt-PT","potentialAction":[{"@type":"ReadAction","target":["https:\/\/cmnordeste.pt\/cultura\/museus-do_nordeste\/sala-de-exposicoes-do-municipio\/"]}]},{"@type":"ImageObject","inLanguage":"pt-PT","@id":"https:\/\/cmnordeste.pt\/cultura\/museus-do_nordeste\/sala-de-exposicoes-do-municipio\/#primaryimage","url":"https:\/\/cmnordeste.pt\/cultura\/wp-content\/uploads\/sites\/4\/2020\/04\/sala_exposicoes_municipio_1.jpg","contentUrl":"https:\/\/cmnordeste.pt\/cultura\/wp-content\/uploads\/sites\/4\/2020\/04\/sala_exposicoes_municipio_1.jpg","width":1200,"height":800,"caption":"sala exposicoes municipio 1"},{"@type":"BreadcrumbList","@id":"https:\/\/cmnordeste.pt\/cultura\/museus-do_nordeste\/sala-de-exposicoes-do-municipio\/#breadcrumb","itemListElement":[{"@type":"ListItem","position":1,"name":"In\u00edcio","item":"https:\/\/cmnordeste.pt\/cultura\/"},{"@type":"ListItem","position":2,"name":"Espa\u00e7os Museol\u00f3gicos e de Exposi\u00e7\u00e3o do Nordeste","item":"https:\/\/cmnordeste.pt\/cultura\/museus-do_nordeste\/"},{"@type":"ListItem","position":3,"name":"Sala de Exposi\u00e7\u00f5es do Munic\u00edpio"}]},{"@type":"WebSite","@id":"https:\/\/cmnordeste.pt\/cultura\/#website","url":"https:\/\/cmnordeste.pt\/cultura\/","name":"Cultura","description":"Nordeste - Cultura","potentialAction":[{"@type":"SearchAction","target":{"@type":"EntryPoint","urlTemplate":"https:\/\/cmnordeste.pt\/cultura\/?s={search_term_string}"},"query-input":{"@type":"PropertyValueSpecification","valueRequired":true,"valueName":"search_term_string"}}],"inLanguage":"pt-PT"}]}},"_links":{"self":[{"href":"https:\/\/cmnordeste.pt\/cultura\/wp-json\/wp\/v2\/pages\/16424","targetHints":{"allow":["GET"]}}],"collection":[{"href":"https:\/\/cmnordeste.pt\/cultura\/wp-json\/wp\/v2\/pages"}],"about":[{"href":"https:\/\/cmnordeste.pt\/cultura\/wp-json\/wp\/v2\/types\/page"}],"author":[{"embeddable":true,"href":"https:\/\/cmnordeste.pt\/cultura\/wp-json\/wp\/v2\/users\/1"}],"replies":[{"embeddable":true,"href":"https:\/\/cmnordeste.pt\/cultura\/wp-json\/wp\/v2\/comments?post=16424"}],"version-history":[{"count":2,"href":"https:\/\/cmnordeste.pt\/cultura\/wp-json\/wp\/v2\/pages\/16424\/revisions"}],"predecessor-version":[{"id":16467,"href":"https:\/\/cmnordeste.pt\/cultura\/wp-json\/wp\/v2\/pages\/16424\/revisions\/16467"}],"up":[{"embeddable":true,"href":"https:\/\/cmnordeste.pt\/cultura\/wp-json\/wp\/v2\/pages\/22"}],"wp:attachment":[{"href":"https:\/\/cmnordeste.pt\/cultura\/wp-json\/wp\/v2\/media?parent=16424"}],"curies":[{"name":"wp","href":"https:\/\/api.w.org\/{rel}","templated":true}]}}