{"id":36,"date":"2025-09-22T16:00:53","date_gmt":"2025-09-22T16:00:53","guid":{"rendered":"https:\/\/cmnordeste.pt\/cultura\/?page_id=36"},"modified":"2025-09-22T16:03:53","modified_gmt":"2025-09-22T16:03:53","slug":"grupos-musicais","status":"publish","type":"page","link":"https:\/\/cmnordeste.pt\/cultura\/grupos-musicais\/","title":{"rendered":"Grupos Musicais"},"content":{"rendered":"\n<h3>Charanga dos Bombeiros Volunt\u00e1rios do Nordeste<\/h3>\n<p>A Associa\u00e7\u00e3o Humanit\u00e1ria dos Bombeiros Volunt\u00e1rios do Nordeste foi fundada em 23 de abril de 1980, passando a fazer parte desta Associa\u00e7\u00e3o, h\u00e1 cerca de 17 anos, a Charanga dos Bombeiros Volunt\u00e1rios do Nordeste.\u00a0<\/p>\n<p>A Charanga dos Bombeiros Volunt\u00e1rios do Nordeste foi constitu\u00edda com base na necessidade de integrar os jovens numa atividade cultural com liga\u00e7\u00e3o \u00e0s tradi\u00e7\u00f5es musicais das corpora\u00e7\u00f5es. O grupo contribui para uma maior divulga\u00e7\u00e3o e preserva\u00e7\u00e3o do patrim\u00f3nio cultural do concelho do Nordeste.\u00a0<\/p>\n<p>&nbsp;<\/p>\n<p><strong>Contacto<\/strong><\/p>\n<p>Chefe: Rafael Medeiros\u00a0<\/p>\n<p>Rua do Topo, 1\u00a0<\/p>\n<p>9630-166, Nordeste\u00a0<\/p>\n<p>Telef: 296 488 111<\/p>\n<p>Email:\u00a0 <a href=\"mailto:associacaobombeirosnordeste@gmail.com\">associacaobombeirosnordeste@gmail.com<\/a>\u00a0\u00a0\u00a0<\/p>\n<p>&nbsp;<\/p>\n<p>&nbsp;<\/p>\n<p>&nbsp;<\/p>\n<h2>Filarm\u00f3nica Eco Edificante<\/h2>\n<p>A\u00a0<strong>Filarm\u00f3nica Eco Edificante<\/strong>,\u00a0fundada em 1861, \u00e9 a filarm\u00f3nica mais antiga do concelho do Nordeste e da ilha de S\u00e3o Miguel. A n\u00edvel concelhio, \u00e9 a institui\u00e7\u00e3o com maior assiduidade em eventos musicais por todo o territ\u00f3rio portugu\u00eas, contando tamb\u00e9m com algumas desloca\u00e7\u00f5es ao estrangeiro. As atua\u00e7\u00f5es da Filarm\u00f3nica Eco Edificante s\u00e3o consideradas de elevado n\u00edvel, contendo no seu repert\u00f3rio uma riqu\u00edssima recolha da nossa tradi\u00e7\u00e3o musical, que resultou no lan\u00e7amento de dois cd\u2019s nos \u00faltimos anos.<\/p>\n<p><strong>Contacto <\/strong><\/p>\n<p>Telma Moniz<br \/>\nCentro Municipal de Atividades Culturais<br \/>\nSede da Filarm\u00f3nica Eco Edificante<br \/>\nEstrada Regional<br \/>\n9630 VILA DO NORDESTE<\/p>\n<p>Telf.: 296 488 129<br \/>\nTelm.: 96 368 6238<br \/>\nEmail: ecoedificante@sapo.pt<\/p>\n<p>&nbsp;<\/p>\n<p>&nbsp;<\/p>\n<h2>Filarm\u00f3nica Imaculada Concei\u00e7\u00e3o<\/h2>\n<p>A\u00a0<strong>Filarm\u00f3nica Imaculada Concei\u00e7\u00e3o<\/strong>, da freguesia da Lomba da Fazenda, foi fundada em 1893 pelo padre Francisco de Amaral, tendo o mesmo sido o primeiro regente, presidente e professor dos primeiros m\u00fasicos. N\u00e3o sabemos ao certo o dia em que fez a sua primeira atua\u00e7\u00e3o em p\u00fablico, mas tudo leva a crer que ter\u00e1 sido a 8 de dezembro de 1893, dia de Nossa Senhora Imaculada da Concei\u00e7\u00e3o, sua padroeira.<\/p>\n<p>Tem tido atividade cultural sem qualquer interrup\u00e7\u00e3o, uns anos melhores do que outros, prestando servi\u00e7os em todas as freguesias do concelho e em toda a ilha. Nos \u00faltimos anos, a filarm\u00f3nica tem tamb\u00e9m realizado v\u00e1rios interc\u00e2mbios com filarm\u00f3nicas de outras ilhas dos A\u00e7ores e do continente portugu\u00eas. A 16 de junho de 2001, gravaram o seu primeiro CD.<\/p>\n<p>Ao longo de mais de 100 anos, a Imaculada Concei\u00e7\u00e3o possuiu v\u00e1rias dire\u00e7\u00f5es, sendo a actual presidida por Rosa Maria Brand\u00e3o Arruda e composta por Gilberto Ferreira e Andr\u00e9 Couto. A dire\u00e7\u00e3o art\u00edstica est\u00e1 a cargo de Rafael Vieira.\u00a0<br \/>\n<strong><\/strong><\/p>\n<p><strong>Contacto<\/strong><br \/>\nPresidente: Rosa Maria Brand\u00e3o Arruda<\/p>\n<p>Estrada Regional &#8211; Barreiros<br \/>\nLomba da Fazenda<br \/>\n9630 NORDESTE<br \/>\nTel: 963 189 399<\/p>\n<p>Diretor Art\u00edstico: Hern\u00e2ni Gon\u00e7alves\u00a0<\/p>\n<p>Tel: 927 395 212<\/p>\n<p>E-mail: <a href=\"mailto:fimconceicao@hotmail.com\">fimconceicao@hotmail.com<\/a><\/p>\n<h2><\/h2>\n<p>&nbsp;<\/p>\n<h2>Filarm\u00f3nica Estrela do Oriente<\/h2>\n<p>A\u00a0<strong>Filarm\u00f3nica Estrela do Oriente<\/strong>\u00a0foi fundada em 1878, pelo Padre Dinis In\u00e1cio Machado. tem vindo a marcar presen\u00e7a ao longo dos tempos em diversos eventos musicais em todo o territ\u00f3rio portugu\u00eas, contando tamb\u00e9m com algumas desloca\u00e7\u00f5es ao estrangeiro.<br \/>\nEm mais de um s\u00e9culo de exist\u00eancia, a Filarm\u00f3nica Estrela do Oriente tem tido um peso muito significativo na forma\u00e7\u00e3o musical e social dos jovens e das crian\u00e7as da freguesia da Algarvia, estendendo-se nos dias de hoje, \u00e0s freguesias lim\u00edtrofes.<br \/>\nAs atua\u00e7\u00f5es da Estrela do Oriente s\u00e3o unanimemente consideradas de elevado n\u00edvel, contando o seu repert\u00f3rio com uma riqu\u00edssima recolha da nossa tradi\u00e7\u00e3o musical, a qual resultou no lan\u00e7amento de um CD em 2004.<br \/>\n<span style=\"font-family: 'Helvetica','sans-serif';color: #787878\"><\/span><span style=\"font-family: 'Helvetica','sans-serif';color: #787878\"><a href=\"http:\/\/www.filarmonicaestreladooriente.com\"><\/a><\/span><\/p>\n<p>&nbsp;<\/p>\n<p style=\"margin: 2.4pt 0cm 6.0pt 0cm\"><strong><span style=\"font-size: 14.0pt\">Contacto<\/span><\/strong><span style=\"font-size: 14.0pt;font-family: 'Times New Roman',serif\"><br \/>\nPresidente:<\/span><\/p>\n<p style=\"margin: 2.4pt 0cm 6.0pt 0cm\"><span style=\"font-size: 14.0pt;font-family: 'Times New Roman',serif\">Jo\u00e3o Carlos Barbosa Rebelo<\/span><\/p>\n<p style=\"margin: 2.4pt 0cm 6.0pt 0cm\"><span style=\"font-size: 14.0pt;font-family: 'Times New Roman',serif\">Morada:<br \/>\nRua Dom David Dias Pimentel, s\/n<br \/>\nAlgarvia<br \/>\n9630-221 NORDESTE<br \/>\nTel.:\u00a0 913388895 (Presidente)<\/span><\/p>\n<p style=\"margin: 2.4pt 0cm 6.0pt 0cm\"><span style=\"font-size: 14.0pt;font-family: 'Times New Roman',serif\">Tel.: 93 411 01 28 (1\u00ba secretario)<br \/>\nEmail:\u00a0<a href=\"mailto:filarmonicaestreladooriente@gmail.com\" target=\"_blank\" rel=\"noopener noreferrer\"><span style=\"color: windowtext\">filarmonicaestreladooriente@gmail.com<\/span><\/a><\/span><\/p>\n<p style=\"margin: 2.4pt 0cm 6.0pt 0cm\"><span style=\"font-size: 14.0pt;font-family: 'Times New Roman',serif\">Web:\u00a0<a href=\"https:\/\/filarmonicaestrela3.wixsite.com\/estreladooriente\"><span style=\"color: windowtext\">https:\/\/filarmonicaestrela3.wixsite.com\/estreladooriente<\/span><\/a><\/span><\/p>\n<h2><\/h2>\n<p>&nbsp;<\/p>\n<h2>Grupo Folcl\u00f3rico S\u00e3o Jorge<\/h2>\n<p>\nO Centro Social Recreativo e Cultural de Nordeste foi criado em 1985, tendo sido integrado no Centro o Grupo Folcl\u00f3rico de S\u00e3o Jorge Nordeste, criado em 1982, no \u00e2mbito do curso de Educa\u00e7\u00e3o Permanente, ministrado pela Professora Rosa Maria Vaz de Medeiros.<br \/>\nAtuou, em diversas ilhas da Regi\u00e3o Aut\u00f3noma dos A\u00e7ores, na Regi\u00e3o Aut\u00f3noma da Madeira e no continente portugu\u00eas, em diversos festivais de folclore, tendo atuado sempre com brilhantismo, a convite quer de entidades p\u00fablicas quer de outros grupos folcl\u00f3ricos.<br \/>\nO grupo atuou tamb\u00e9m em Espanha, em Badajoz, \u00a0e no Canad\u00e1, em London, no Encontro de Nordestenses.<br \/>\nNo ano de 2013, gravou um DVD para apresenta\u00e7\u00e3o do programa CORES.<br \/>\nNo ano de 2014, atuou no Pinhal da Paz para os pilotos e equipas do Rali A\u00e7ores, e tamb\u00e9m realizou o I Festival de Folclore da Primavera de Nordeste.<\/p>\n<p>Ap\u00f3s alguns anos encerrado, retomou a atividade em 2025.<\/p>\n<p>&nbsp;<\/p>\n<p>\n<strong>Contacto <\/strong><br \/>\nPresidente: Elisabete Figueiredo\u00a0<br \/>\n<span>Rua Ant\u00f3nio Alves de Oliveira, N\u00ba 14<\/span><br \/>\n<span>9630-147 Nordeste\u00a0<\/span><br \/>\nTelm. 917401179<br \/>\nEmail: grupofolcloricodesaojorge@gmail.com<\/p>\n<p>&nbsp;<\/p>\n<h2>Grupo Folcl\u00f3rico Imaculada Concei\u00e7\u00e3o<\/h2>\n<p>O Grupo Folcl\u00f3rico Imaculada Concei\u00e7\u00e3o da Casa do Povo da Lomba da Fazenda \u00e9 composto por 35 elementos aproximadamente, divididos pelas categorias de tocadores, bailadores e figurantes.<\/p>\n<p>O grupo foi fundado em 23 dezembro de 1983, por iniciativa de um grupo de fazendenses empenhados em preservar as tradi\u00e7\u00f5es culturais da sua freguesia, entre os quais se destacam Jo\u00e3o Manuel Raposo Teves, M\u00e1rio da Concei\u00e7\u00e3o Arruda Fagundo, V\u00edtor S\u00e9rgio Raposo Lima e Padre Augusto Manuel Arruda Cabral.<\/p>\n<p>Ao longo da sua exist\u00eancia, o grupo tem-se dedicado \u00e0 recolha e \u00e0 divulga\u00e7\u00e3o da cultura popular do povo. Fazem parte do seu report\u00f3rio, entre outros balhos, a Dan\u00e7a das M\u00e3os Dadas, os Quatro Cantos e Manjeric\u00e3o Velho, dan\u00e7adas por sucessivas gera\u00e7\u00f5es de fazendenses.<\/p>\n<p>Ao longo destes anos, o Grupo Folcl\u00f3rico Imaculada Concei\u00e7\u00e3o da Casa de Povo da Lomba da Fazenda tem desfilado e actuado pelas ilhas de S. Miguel, S. Maria, Terceira, Pico e S. Jorge e ainda pela Madeira e Portugal continental.<\/p>\n<p>\n<strong>Contacto\u00a0<\/strong><br \/>\nPresidente: Rafael Vieira<br \/>\nCasa do Povo da Lomba da Fazenda<br \/>\nLomba da Fazenda<br \/>\n9630\u00a0NORDESTE<br \/>\nTelm.: 91 34 487 87<br \/>\nEmail: cpfazenda@sapo.pt<\/p>\n<p>&nbsp;<\/p>\n<h2>Grupo Folcl\u00f3rico de S\u00e3o Jos\u00e9 da Salga<\/h2>\n<p>O Grupo Folcl\u00f3rico de S\u00e3o Jos\u00e9 da Salga teve a sua primeira atua\u00e7\u00e3o, de que h\u00e1 mem\u00f3ria, no Coliseu Micaelense, por volta do ano de 1950. Era ent\u00e3o dirigido por Manuel In\u00e1cio de Melo, seu fundador, tendo como monitora Maria do C\u00e9u Melo.<\/p>\n<p>Por volta de 1982, o grupo reorganiza-se, tendo uma nova Dire\u00e7\u00e3o constitu\u00edda por: Jos\u00e9 Lu\u00eds Cordeiro, Lu\u00eds Almeida que era tamb\u00e9m o ensaiador e Ant\u00f3nio Manuel Sousa da Costa, passando a chamar-se \u201cGrupo Folcl\u00f3rico de S\u00e3o Jos\u00e9 da Salga\u201d.<\/p>\n<p>O Grupo marcou presen\u00e7a em v\u00e1rios eventos culturais na nossa ilha; deslocou-se \u00e0 Madeira, em Abril de 1985; participou em Festivais Folcl\u00f3ricos; actuou em Festas Religiosas; deslocou-se \u00e0 ilha do Pico, em 1995; entre outros eventos. Em 1997 o Grupo Folcl\u00f3rico encerra a sua atividade.<\/p>\n<p>A 6 de Julho de 2014 o Grupo reabre, tendo como ensaiador Lu\u00eds Manuel Duarte de Almeida, filho do anterior, que at\u00e9 ent\u00e3o conta com a presen\u00e7a de cerca de 25 elementos.<\/p>\n<p>\u00c9 um Grupo que aos poucos, tem participado em diversos eventos culturais, um pouco por toda a ilha, levando assim a todos a sua cultura, as suas tradi\u00e7\u00f5es, usos e costumes, promovendo a sua regi\u00e3o.<\/p>\n<p>\n<strong>Contacto\u00a0<\/strong><br \/>\nPresidente: Diana Costa\u00a0<br \/>\n<strong>Telm.:<\/strong> 91 4141379<br \/>\nEmail: gfsjsalga@gmail.com<\/p>\n<p>&nbsp;<\/p>\n<p>&nbsp;<\/p>\n<h2>Grupo de Cantares do Nordeste<\/h2>\n<h2>ATUALMENTE INATIVO<\/h2>\n<p>A Associa\u00e7\u00e3o Cultural Grupo de Cantares da Vila de Nordeste foi fundada em setembro de 2002 e registada a escritura de constitui\u00e7\u00e3o da Associa\u00e7\u00e3o em maio de 2003, tendo como objetivo a recolha e a divulga\u00e7\u00e3o da musica tradicional portuguesa.<br \/>\nPresidido por Milton Mendon\u00e7a e com dire\u00e7\u00e3o art\u00edstica de Lu\u00eds Silveira, o grupo criou ao longo dos anos uma imagem que os identifica pela sonoridade. Com ela, t\u00eam animado festas dentro e fora do concelho, ser\u00f5es m\u00fasico-culturais, conv\u00edvios de idosos, eventos realizados pela C\u00e2mara Municipal do Nordeste e por outras institui\u00e7\u00f5es locais. Estiveram presentes na Bolsa de Turismo de Lisboa em 2004; na ilha da Madeira no mesmo ano; no Festival de Grupo de Cantares na ilha do Faial em 2005 e nas Festas de Santa Maria em 2006. Fizeram ainda duas desloca\u00e7\u00f5es aos Estados Unidos da Am\u00e9rica, em 2007 e 2008, para divulga\u00e7\u00e3o da m\u00fasica tradicional a\u00e7oriana junto da comunidade emigrante ali radicada e, em 2009, marcaram presen\u00e7a nas Festas de Santo Ant\u00f3nio, em Vila Verde, no Minho.<\/p>\n<p>Nos \u00faltimos anos, o grupo \u00e9 presen\u00e7a habitual nas festas que se realizam no concelho, nomeadamente nas Festas do Nordeste, assim como em eventos promovidos pelo munic\u00edpio, tendo o grupo sido respons\u00e1vel, no ano de 2016, pelo lan\u00e7amento do I Encontro de Cantares do Nordeste.<\/p>\n<p>Ao longo destes anos, t\u00eam tido tamb\u00e9m uma presen\u00e7a frequente na r\u00e1dio regional, concretamente na RDP A\u00e7ores, atrav\u00e9s do programa Inter-ilhas e da divulga\u00e7\u00e3o da m\u00fasica tradicional a\u00e7oriana.<\/p>\n<p>O ponto mais alto do grupo deu-se com a grava\u00e7\u00e3o do CD \u201cCantos do Povo\u201d, em abril de 2005, seguindo-se, em 2010, o\u00a0lan\u00e7amento do 2\u00ba CD, intitulado \u201cCantos do Povo 2\u201d.<\/p>\n<p><strong>Contacto<\/strong><br \/>\nMilton Mendon\u00e7a<br \/>\nRua Ant\u00f3nio Alves de Oliveira, N\u00ba 14<br \/>\n9630-147 Nordeste<br \/>\nTelem.: 96 693 00 18<br \/>\nEmail: mbpmendonca@gmail.com<\/p>\n<p>&nbsp;<\/p>\n<p>&nbsp;<\/p>\n<h2>Grupo de Cantares Vozes do Norte\u00a0<\/h2>\n<h2>ATUALMENTE INATIVO<\/h2>\n<p>Foi fundado a 1 de novembro de 2012 na freguesia da Salga.<br \/>\nS\u00e3o membros do grupo: Jos\u00e9 Ant\u00f3nio Moniz; Carlos Moniz; Paulino Moniz; Carlos; F\u00e1tima Machado; F\u00e1tima Helena; Paula Moniz; Lu\u00edsa Pereira; Daniela Moniz; Mafalda Moniz; Catarina Duliana; Nat\u00e1lia; Filomena; Valter; Judite; Mariana Pereira.<\/p>\n<p><strong>Contacto<\/strong><br \/>\nAfonso Rodrigues<br \/>\nRua da Alegria N\u00ba3 Salga<br \/>\n9630 Nordeste<br \/>\nTelem.: 92 64 72 113<br \/>\nEmail: ajmr1953@hotmail.com<\/p>\n<p>&nbsp;<\/p>\n<h2>Orquestra Ligeira do Nordeste<\/h2>\n<h2>ATUALMENTE INATIVA<\/h2>\n<p>A\u00a0<strong> Orquestra Ligeira do Nordeste<\/strong>,\u00a0fundada em 31 de julho de 2007, \u00e9 a \u00fanica institui\u00e7\u00e3o do g\u00e9nero no concelho do Nordeste. Foi constitu\u00edda tendo em considera\u00e7\u00e3o a necessidade de integrar os jovens em atividades que promovessem uma ocupa\u00e7\u00e3o saud\u00e1vel dos tempos livres e que fomentassem o gosto pela aprendizagem e pela actua\u00e7\u00e3o musical, preservando, recuperando e adaptado trechos musicais tipicamente nordestenses e micaelenses, que contribu\u00edssem para uma maior divulga\u00e7\u00e3o e preserva\u00e7\u00e3o do nosso patrim\u00f3nio cultural.<br \/>\nA orquestra \u00e9 presidida por Lu\u00eds Raposo Lima e tem como diretor art\u00edstico\u00a0<span>Luis Manuel Pereira da Silveira.<\/span><br \/>\n<strong>Contacto<br \/>\n<\/strong>Luis Manuel Pereira da Silveira<br \/>\n<span>Rua Ant\u00f3nio Alves de Oliveira, N\u00ba 14<\/span><br \/>\n<span>9630-147 Nordeste\u00a0<\/span><br \/>\nTel.: 918400139\/919715662<br \/>\nEmail: lumsilve@eda.pt<\/p>\n<p>&nbsp;<\/p>\n<p>&nbsp;<\/p>\n","protected":false},"excerpt":{"rendered":"<p>Charanga dos Bombeiros Volunt\u00e1rios do Nordeste A Associa\u00e7\u00e3o Humanit\u00e1ria dos Bombeiros Volunt\u00e1rios do Nordeste foi fundada em 23 de abril de 1980, passando a fazer parte desta Associa\u00e7\u00e3o, h\u00e1 cerca de 17 anos, a Charanga dos Bombeiros Volunt\u00e1rios do Nordeste.\u00a0 A Charanga dos Bombeiros Volunt\u00e1rios do Nordeste foi constitu\u00edda com base na necessidade de integrar [&hellip;]<\/p>\n","protected":false},"author":1,"featured_media":0,"parent":0,"menu_order":40,"comment_status":"closed","ping_status":"closed","template":"","meta":{"_acf_changed":false,"footnotes":""},"class_list":["post-36","page","type-page","status-publish","hentry"],"acf":[],"yoast_head":"<!-- This site is optimized with the Yoast SEO plugin v27.4 - https:\/\/yoast.com\/product\/yoast-seo-wordpress\/ -->\n<title>Grupos Musicais - Cultura<\/title>\n<meta name=\"robots\" content=\"index, follow, max-snippet:-1, max-image-preview:large, max-video-preview:-1\" \/>\n<link rel=\"canonical\" href=\"https:\/\/cmnordeste.pt\/cultura\/grupos-musicais\/\" \/>\n<meta property=\"og:locale\" content=\"pt_PT\" \/>\n<meta property=\"og:type\" content=\"article\" \/>\n<meta property=\"og:title\" content=\"Grupos Musicais - Cultura\" \/>\n<meta property=\"og:description\" content=\"Charanga dos Bombeiros Volunt\u00e1rios do Nordeste A Associa\u00e7\u00e3o Humanit\u00e1ria dos Bombeiros Volunt\u00e1rios do Nordeste foi fundada em 23 de abril de 1980, passando a fazer parte desta Associa\u00e7\u00e3o, h\u00e1 cerca de 17 anos, a Charanga dos Bombeiros Volunt\u00e1rios do Nordeste.\u00a0 A Charanga dos Bombeiros Volunt\u00e1rios do Nordeste foi constitu\u00edda com base na necessidade de integrar [&hellip;]\" \/>\n<meta property=\"og:url\" content=\"https:\/\/cmnordeste.pt\/cultura\/grupos-musicais\/\" \/>\n<meta property=\"og:site_name\" content=\"Cultura\" \/>\n<meta property=\"article:modified_time\" content=\"2025-09-22T16:03:53+00:00\" \/>\n<meta property=\"og:image\" content=\"https:\/\/cmnordeste.pt\/cultura\/wp-content\/uploads\/sites\/4\/2014\/07\/DSC_1367.jpg\" \/>\n<meta name=\"twitter:card\" content=\"summary_large_image\" \/>\n<meta name=\"twitter:label1\" content=\"Tempo estimado de leitura\" \/>\n\t<meta name=\"twitter:data1\" content=\"9 minutos\" \/>\n<script type=\"application\/ld+json\" class=\"yoast-schema-graph\">{\"@context\":\"https:\\\/\\\/schema.org\",\"@graph\":[{\"@type\":\"WebPage\",\"@id\":\"https:\\\/\\\/cmnordeste.pt\\\/cultura\\\/grupos-musicais\\\/\",\"url\":\"https:\\\/\\\/cmnordeste.pt\\\/cultura\\\/grupos-musicais\\\/\",\"name\":\"Grupos Musicais - Cultura\",\"isPartOf\":{\"@id\":\"https:\\\/\\\/cmnordeste.pt\\\/cultura\\\/#website\"},\"datePublished\":\"2025-09-22T16:00:53+00:00\",\"dateModified\":\"2025-09-22T16:03:53+00:00\",\"breadcrumb\":{\"@id\":\"https:\\\/\\\/cmnordeste.pt\\\/cultura\\\/grupos-musicais\\\/#breadcrumb\"},\"inLanguage\":\"pt-PT\",\"potentialAction\":[{\"@type\":\"ReadAction\",\"target\":[\"https:\\\/\\\/cmnordeste.pt\\\/cultura\\\/grupos-musicais\\\/\"]}]},{\"@type\":\"BreadcrumbList\",\"@id\":\"https:\\\/\\\/cmnordeste.pt\\\/cultura\\\/grupos-musicais\\\/#breadcrumb\",\"itemListElement\":[{\"@type\":\"ListItem\",\"position\":1,\"name\":\"In\u00edcio\",\"item\":\"https:\\\/\\\/cmnordeste.pt\\\/cultura\\\/\"},{\"@type\":\"ListItem\",\"position\":2,\"name\":\"Grupos Musicais\"}]},{\"@type\":\"WebSite\",\"@id\":\"https:\\\/\\\/cmnordeste.pt\\\/cultura\\\/#website\",\"url\":\"https:\\\/\\\/cmnordeste.pt\\\/cultura\\\/\",\"name\":\"Cultura\",\"description\":\"Nordeste - Cultura\",\"potentialAction\":[{\"@type\":\"SearchAction\",\"target\":{\"@type\":\"EntryPoint\",\"urlTemplate\":\"https:\\\/\\\/cmnordeste.pt\\\/cultura\\\/?s={search_term_string}\"},\"query-input\":{\"@type\":\"PropertyValueSpecification\",\"valueRequired\":true,\"valueName\":\"search_term_string\"}}],\"inLanguage\":\"pt-PT\"}]}<\/script>\n<!-- \/ Yoast SEO plugin. -->","yoast_head_json":{"title":"Grupos Musicais - Cultura","robots":{"index":"index","follow":"follow","max-snippet":"max-snippet:-1","max-image-preview":"max-image-preview:large","max-video-preview":"max-video-preview:-1"},"canonical":"https:\/\/cmnordeste.pt\/cultura\/grupos-musicais\/","og_locale":"pt_PT","og_type":"article","og_title":"Grupos Musicais - Cultura","og_description":"Charanga dos Bombeiros Volunt\u00e1rios do Nordeste A Associa\u00e7\u00e3o Humanit\u00e1ria dos Bombeiros Volunt\u00e1rios do Nordeste foi fundada em 23 de abril de 1980, passando a fazer parte desta Associa\u00e7\u00e3o, h\u00e1 cerca de 17 anos, a Charanga dos Bombeiros Volunt\u00e1rios do Nordeste.\u00a0 A Charanga dos Bombeiros Volunt\u00e1rios do Nordeste foi constitu\u00edda com base na necessidade de integrar [&hellip;]","og_url":"https:\/\/cmnordeste.pt\/cultura\/grupos-musicais\/","og_site_name":"Cultura","article_modified_time":"2025-09-22T16:03:53+00:00","og_image":[{"url":"https:\/\/cmnordeste.pt\/cultura\/wp-content\/uploads\/sites\/4\/2014\/07\/DSC_1367.jpg","type":"","width":"","height":""}],"twitter_card":"summary_large_image","twitter_misc":{"Tempo estimado de leitura":"9 minutos"},"schema":{"@context":"https:\/\/schema.org","@graph":[{"@type":"WebPage","@id":"https:\/\/cmnordeste.pt\/cultura\/grupos-musicais\/","url":"https:\/\/cmnordeste.pt\/cultura\/grupos-musicais\/","name":"Grupos Musicais - Cultura","isPartOf":{"@id":"https:\/\/cmnordeste.pt\/cultura\/#website"},"datePublished":"2025-09-22T16:00:53+00:00","dateModified":"2025-09-22T16:03:53+00:00","breadcrumb":{"@id":"https:\/\/cmnordeste.pt\/cultura\/grupos-musicais\/#breadcrumb"},"inLanguage":"pt-PT","potentialAction":[{"@type":"ReadAction","target":["https:\/\/cmnordeste.pt\/cultura\/grupos-musicais\/"]}]},{"@type":"BreadcrumbList","@id":"https:\/\/cmnordeste.pt\/cultura\/grupos-musicais\/#breadcrumb","itemListElement":[{"@type":"ListItem","position":1,"name":"In\u00edcio","item":"https:\/\/cmnordeste.pt\/cultura\/"},{"@type":"ListItem","position":2,"name":"Grupos Musicais"}]},{"@type":"WebSite","@id":"https:\/\/cmnordeste.pt\/cultura\/#website","url":"https:\/\/cmnordeste.pt\/cultura\/","name":"Cultura","description":"Nordeste - Cultura","potentialAction":[{"@type":"SearchAction","target":{"@type":"EntryPoint","urlTemplate":"https:\/\/cmnordeste.pt\/cultura\/?s={search_term_string}"},"query-input":{"@type":"PropertyValueSpecification","valueRequired":true,"valueName":"search_term_string"}}],"inLanguage":"pt-PT"}]}},"_links":{"self":[{"href":"https:\/\/cmnordeste.pt\/cultura\/wp-json\/wp\/v2\/pages\/36","targetHints":{"allow":["GET"]}}],"collection":[{"href":"https:\/\/cmnordeste.pt\/cultura\/wp-json\/wp\/v2\/pages"}],"about":[{"href":"https:\/\/cmnordeste.pt\/cultura\/wp-json\/wp\/v2\/types\/page"}],"author":[{"embeddable":true,"href":"https:\/\/cmnordeste.pt\/cultura\/wp-json\/wp\/v2\/users\/1"}],"replies":[{"embeddable":true,"href":"https:\/\/cmnordeste.pt\/cultura\/wp-json\/wp\/v2\/comments?post=36"}],"version-history":[{"count":7,"href":"https:\/\/cmnordeste.pt\/cultura\/wp-json\/wp\/v2\/pages\/36\/revisions"}],"predecessor-version":[{"id":16834,"href":"https:\/\/cmnordeste.pt\/cultura\/wp-json\/wp\/v2\/pages\/36\/revisions\/16834"}],"wp:attachment":[{"href":"https:\/\/cmnordeste.pt\/cultura\/wp-json\/wp\/v2\/media?parent=36"}],"curies":[{"name":"wp","href":"https:\/\/api.w.org\/{rel}","templated":true}]}}