{"id":22,"date":"2025-12-29T14:41:31","date_gmt":"2025-12-29T14:41:31","guid":{"rendered":"https:\/\/cmnordeste.pt\/desporto\/?page_id=22"},"modified":"2025-12-29T15:42:17","modified_gmt":"2025-12-29T15:42:17","slug":"clubes","status":"publish","type":"page","link":"https:\/\/cmnordeste.pt\/desporto\/clubes\/","title":{"rendered":"Clubes"},"content":{"rendered":"\n<p>&nbsp;<\/p>\n<h2>Uni\u00e3o Desportiva do Nordeste<\/h2>\n<p><strong>Modalidades <\/strong><\/p>\n<p>Futebol de forma\u00e7\u00e3o:<br \/>\n-Traquinas<br \/>\n-Petizes<br \/>\n-Benjamins de sub 10<br \/>\n-Infantis de sub 13<\/p>\n<p><strong>Presidente: <\/strong> S\u00e9rgio Gon\u00e7alves<br \/>\nTelem: 918278744<br \/>\nEmail:\u00a0<a href=\"mailto:udnordeste1974@gmail.com\">udnordeste1974@gmail.com<\/a><br \/>\nRua do Poceir\u00e3o s\/n<br \/>\n9630 Nordeste<\/p>\n<p>&nbsp;<\/p>\n<h2>Achada Futebol Clube<\/h2>\n<p><strong>Modalidades<\/strong><\/p>\n<p>Futsal:<br \/>\n&#8211; Juvenis<br \/>\n\u2013 S\u00e9niores<br \/>\n&#8211; Infantis(sub13)<\/p>\n<p><strong>Presidente:<\/strong> Rafael Gatto<br \/>\nLargo Adolfo Martins Ferreira, Achada<br \/>\n9630-013 Nordeste<br \/>\nTelem: 913124977<br \/>\nEmail:\u00a0<a href=\"mailto:afc.comunicacao.marketing@gmail.com\">afc.comunicacao.marketing@gmail.com<\/a><\/p>\n<p>&nbsp;<\/p>\n<h3>Fazenda Sport Clube<\/h3>\n<p>\n<strong>Modalidades<\/strong><br \/>\nFutsal:<br \/>\n&#8211; Benjamins e traquinas<br \/>\n&#8211; Iniciados (f)<br \/>\n&#8211; S\u00e9niores (m\/f) <br \/>\n<strong>Presidente:<\/strong> Diana Vieira\u00a0<br \/>\nTelem: 927395211<br \/>\nEmail:<a href=\"mailto:fazendasportclube@sapo.pt\">fazendasportclube@sapo.pt<\/a><\/p>\n<p>&nbsp;<\/p>\n<h2>Santana Clube Desportivo e Cultural\u00a0<\/h2>\n<p><strong>Modalidades<\/strong><\/p>\n<p>Atletismo Regular e Adaptado<br \/>\n<strong>Presidente:<\/strong> Andr\u00e9 Amaral<br \/>\n<span>Morada: Estrada Regional , s\/n Santana, 9630 Nordeste<\/span><br \/>\nTel. 915001138<br \/>\nEmail: <span>santanaclubedesportivo@gmail.com<\/span><\/p>\n<p>&nbsp;<\/p>\n<p>&nbsp;<\/p>\n<h2>Associa\u00e7\u00e3o Desportiva e R. EBS Nordeste<\/h2>\n<p><strong>Modalidades<\/strong><\/p>\n<p>Futsal<br \/>\n3\u00aa e 5\u00aa feira das 19h30 \u00e0s 20h30<\/p>\n<p><strong>Presidente: <\/strong>Eduardo Jorge Melo<br \/>\nTel:\u00a0965 341 981<br \/>\n<strong><span>Email:\u00a0<\/span><\/strong><a href=\"mailto:eduardo.melo@sapo.pt\">eduardo.melo@sapo.pt<\/a><strong><\/strong><\/p>\n<p>&nbsp;<\/p>\n<h3>Grupo Motard de Nordeste<\/h3>\n<p>\n<strong>Atividades:<\/strong><br \/>\n&#8211; Passeios de Motos<br \/>\nMorada: Sede do Uni\u00e3o Desportiva do Nordeste, Rua do Poceir\u00e3o<br \/>\n<strong>Presidente:<\/strong> S\u00e9rgio Gon\u00e7alves<br \/>\nTelem: 965461426<br \/>\nEmail: <strong><a href=\"mailto:grupomotarddenordeste@gmail.com\">grupomotarddenordeste@gmail.com<\/a><\/strong><\/p>\n<p>&nbsp;<\/p>\n<h3>Clube Naval de Nordeste<\/h3>\n<p>\n<strong>Atividades:<\/strong> <br \/>\n&#8211; Pesca desportiva<br \/>\n&#8211; Passeio de ca\u00edque <br \/>\n&#8211; Passeio de barco<br \/>\nMorada: Porto de Pescas do Nordeste<br \/>\n<strong>Presidente:<\/strong> S\u00e9rgio Gon\u00e7alves<br \/>\nTelem: 965461426<br \/>\nEmail: <a href=\"mailto:clubenavaldenordeste@gmail.com\">clubenavaldenordeste@gmail.com<\/a><\/p>\n<p>&nbsp;<\/p>\n<p>&nbsp;<\/p>\n","protected":false},"excerpt":{"rendered":"<p>&nbsp; Uni\u00e3o Desportiva do Nordeste Modalidades Futebol de forma\u00e7\u00e3o: -Traquinas -Petizes -Benjamins de sub 10 -Infantis de sub 13 Presidente: S\u00e9rgio Gon\u00e7alves Telem: 918278744 Email:\u00a0udnordeste1974@gmail.com Rua do Poceir\u00e3o s\/n 9630 Nordeste &nbsp; Achada Futebol Clube Modalidades Futsal: &#8211; Juvenis \u2013 S\u00e9niores &#8211; Infantis(sub13) Presidente: Rafael Gatto Largo Adolfo Martins Ferreira, Achada 9630-013 Nordeste Telem: 913124977 [&hellip;]<\/p>\n","protected":false},"author":1,"featured_media":0,"parent":0,"menu_order":40,"comment_status":"closed","ping_status":"closed","template":"","meta":{"_acf_changed":false,"footnotes":""},"class_list":["post-22","page","type-page","status-publish","hentry"],"acf":[],"yoast_head":"<!-- This site is optimized with the Yoast SEO plugin v27.4 - https:\/\/yoast.com\/product\/yoast-seo-wordpress\/ -->\n<title>Clubes - Desporto<\/title>\n<meta name=\"robots\" content=\"index, follow, max-snippet:-1, max-image-preview:large, max-video-preview:-1\" \/>\n<link rel=\"canonical\" href=\"https:\/\/cmnordeste.pt\/desporto\/clubes\/\" \/>\n<meta property=\"og:locale\" content=\"pt_PT\" \/>\n<meta property=\"og:type\" content=\"article\" \/>\n<meta property=\"og:title\" content=\"Clubes - Desporto\" \/>\n<meta property=\"og:description\" content=\"&nbsp; Uni\u00e3o Desportiva do Nordeste Modalidades Futebol de forma\u00e7\u00e3o: -Traquinas -Petizes -Benjamins de sub 10 -Infantis de sub 13 Presidente: S\u00e9rgio Gon\u00e7alves Telem: 918278744 Email:\u00a0udnordeste1974@gmail.com Rua do Poceir\u00e3o s\/n 9630 Nordeste &nbsp; Achada Futebol Clube Modalidades Futsal: &#8211; Juvenis \u2013 S\u00e9niores &#8211; Infantis(sub13) Presidente: Rafael Gatto Largo Adolfo Martins Ferreira, Achada 9630-013 Nordeste Telem: 913124977 [&hellip;]\" \/>\n<meta property=\"og:url\" content=\"https:\/\/cmnordeste.pt\/desporto\/clubes\/\" \/>\n<meta property=\"og:site_name\" content=\"Desporto\" \/>\n<meta property=\"article:modified_time\" content=\"2025-12-29T15:42:17+00:00\" \/>\n<meta property=\"og:image\" content=\"https:\/\/cmnordeste.pt\/desporto\/wp-content\/uploads\/sites\/5\/2014\/07\/Agentes-Desportivos.jpg\" \/>\n<meta name=\"twitter:card\" content=\"summary_large_image\" \/>\n<meta name=\"twitter:label1\" content=\"Tempo estimado de leitura\" \/>\n\t<meta name=\"twitter:data1\" content=\"1 minuto\" \/>\n<script type=\"application\/ld+json\" class=\"yoast-schema-graph\">{\"@context\":\"https:\\\/\\\/schema.org\",\"@graph\":[{\"@type\":\"WebPage\",\"@id\":\"https:\\\/\\\/cmnordeste.pt\\\/desporto\\\/clubes\\\/\",\"url\":\"https:\\\/\\\/cmnordeste.pt\\\/desporto\\\/clubes\\\/\",\"name\":\"Clubes - Desporto\",\"isPartOf\":{\"@id\":\"https:\\\/\\\/cmnordeste.pt\\\/desporto\\\/#website\"},\"datePublished\":\"2025-12-29T14:41:31+00:00\",\"dateModified\":\"2025-12-29T15:42:17+00:00\",\"breadcrumb\":{\"@id\":\"https:\\\/\\\/cmnordeste.pt\\\/desporto\\\/clubes\\\/#breadcrumb\"},\"inLanguage\":\"pt-PT\",\"potentialAction\":[{\"@type\":\"ReadAction\",\"target\":[\"https:\\\/\\\/cmnordeste.pt\\\/desporto\\\/clubes\\\/\"]}]},{\"@type\":\"BreadcrumbList\",\"@id\":\"https:\\\/\\\/cmnordeste.pt\\\/desporto\\\/clubes\\\/#breadcrumb\",\"itemListElement\":[{\"@type\":\"ListItem\",\"position\":1,\"name\":\"In\u00edcio\",\"item\":\"https:\\\/\\\/cmnordeste.pt\\\/desporto\\\/\"},{\"@type\":\"ListItem\",\"position\":2,\"name\":\"Clubes\"}]},{\"@type\":\"WebSite\",\"@id\":\"https:\\\/\\\/cmnordeste.pt\\\/desporto\\\/#website\",\"url\":\"https:\\\/\\\/cmnordeste.pt\\\/desporto\\\/\",\"name\":\"Desporto\",\"description\":\"Desporto no Nordeste\",\"potentialAction\":[{\"@type\":\"SearchAction\",\"target\":{\"@type\":\"EntryPoint\",\"urlTemplate\":\"https:\\\/\\\/cmnordeste.pt\\\/desporto\\\/?s={search_term_string}\"},\"query-input\":{\"@type\":\"PropertyValueSpecification\",\"valueRequired\":true,\"valueName\":\"search_term_string\"}}],\"inLanguage\":\"pt-PT\"}]}<\/script>\n<!-- \/ Yoast SEO plugin. -->","yoast_head_json":{"title":"Clubes - Desporto","robots":{"index":"index","follow":"follow","max-snippet":"max-snippet:-1","max-image-preview":"max-image-preview:large","max-video-preview":"max-video-preview:-1"},"canonical":"https:\/\/cmnordeste.pt\/desporto\/clubes\/","og_locale":"pt_PT","og_type":"article","og_title":"Clubes - Desporto","og_description":"&nbsp; Uni\u00e3o Desportiva do Nordeste Modalidades Futebol de forma\u00e7\u00e3o: -Traquinas -Petizes -Benjamins de sub 10 -Infantis de sub 13 Presidente: S\u00e9rgio Gon\u00e7alves Telem: 918278744 Email:\u00a0udnordeste1974@gmail.com Rua do Poceir\u00e3o s\/n 9630 Nordeste &nbsp; Achada Futebol Clube Modalidades Futsal: &#8211; Juvenis \u2013 S\u00e9niores &#8211; Infantis(sub13) Presidente: Rafael Gatto Largo Adolfo Martins Ferreira, Achada 9630-013 Nordeste Telem: 913124977 [&hellip;]","og_url":"https:\/\/cmnordeste.pt\/desporto\/clubes\/","og_site_name":"Desporto","article_modified_time":"2025-12-29T15:42:17+00:00","og_image":[{"url":"https:\/\/cmnordeste.pt\/desporto\/wp-content\/uploads\/sites\/5\/2014\/07\/Agentes-Desportivos.jpg","type":"","width":"","height":""}],"twitter_card":"summary_large_image","twitter_misc":{"Tempo estimado de leitura":"1 minuto"},"schema":{"@context":"https:\/\/schema.org","@graph":[{"@type":"WebPage","@id":"https:\/\/cmnordeste.pt\/desporto\/clubes\/","url":"https:\/\/cmnordeste.pt\/desporto\/clubes\/","name":"Clubes - Desporto","isPartOf":{"@id":"https:\/\/cmnordeste.pt\/desporto\/#website"},"datePublished":"2025-12-29T14:41:31+00:00","dateModified":"2025-12-29T15:42:17+00:00","breadcrumb":{"@id":"https:\/\/cmnordeste.pt\/desporto\/clubes\/#breadcrumb"},"inLanguage":"pt-PT","potentialAction":[{"@type":"ReadAction","target":["https:\/\/cmnordeste.pt\/desporto\/clubes\/"]}]},{"@type":"BreadcrumbList","@id":"https:\/\/cmnordeste.pt\/desporto\/clubes\/#breadcrumb","itemListElement":[{"@type":"ListItem","position":1,"name":"In\u00edcio","item":"https:\/\/cmnordeste.pt\/desporto\/"},{"@type":"ListItem","position":2,"name":"Clubes"}]},{"@type":"WebSite","@id":"https:\/\/cmnordeste.pt\/desporto\/#website","url":"https:\/\/cmnordeste.pt\/desporto\/","name":"Desporto","description":"Desporto no Nordeste","potentialAction":[{"@type":"SearchAction","target":{"@type":"EntryPoint","urlTemplate":"https:\/\/cmnordeste.pt\/desporto\/?s={search_term_string}"},"query-input":{"@type":"PropertyValueSpecification","valueRequired":true,"valueName":"search_term_string"}}],"inLanguage":"pt-PT"}]}},"_links":{"self":[{"href":"https:\/\/cmnordeste.pt\/desporto\/wp-json\/wp\/v2\/pages\/22","targetHints":{"allow":["GET"]}}],"collection":[{"href":"https:\/\/cmnordeste.pt\/desporto\/wp-json\/wp\/v2\/pages"}],"about":[{"href":"https:\/\/cmnordeste.pt\/desporto\/wp-json\/wp\/v2\/types\/page"}],"author":[{"embeddable":true,"href":"https:\/\/cmnordeste.pt\/desporto\/wp-json\/wp\/v2\/users\/1"}],"replies":[{"embeddable":true,"href":"https:\/\/cmnordeste.pt\/desporto\/wp-json\/wp\/v2\/comments?post=22"}],"version-history":[{"count":12,"href":"https:\/\/cmnordeste.pt\/desporto\/wp-json\/wp\/v2\/pages\/22\/revisions"}],"predecessor-version":[{"id":7366,"href":"https:\/\/cmnordeste.pt\/desporto\/wp-json\/wp\/v2\/pages\/22\/revisions\/7366"}],"wp:attachment":[{"href":"https:\/\/cmnordeste.pt\/desporto\/wp-json\/wp\/v2\/media?parent=22"}],"curies":[{"name":"wp","href":"https:\/\/api.w.org\/{rel}","templated":true}]}}