{"id":7258,"date":"2025-12-29T14:18:55","date_gmt":"2025-12-29T14:18:55","guid":{"rendered":"https:\/\/cmnordeste.pt\/desporto\/?page_id=7258"},"modified":"2026-03-10T19:52:48","modified_gmt":"2026-03-10T19:52:48","slug":"instalacoes-desportivas","status":"publish","type":"page","link":"https:\/\/cmnordeste.pt\/desporto\/instalacoes-desportivas\/","title":{"rendered":"Instala\u00e7\u00f5es Desportivas"},"content":{"rendered":"<script>fsg_json['fsg_post_7258'] = [\n{id: 7265, image: 'http:\/\/cmnordeste.pt\/desporto\/wp-content\/uploads\/sites\/5\/2019\/07\/pavilhao_achada_3.jpg', extlink: '', thumb: 'https:\/\/cmnordeste.pt\/desporto\/wp-content\/uploads\/sites\/5\/2019\/07\/pavilhao_achada_3-300x300.jpg', permalink: '<div class=\"galleria-layeritem\"><a title=\"Permalink\" href=\"https:\/\/cmnordeste.pt\/desporto\/instalacoes-desportivas\/#7265\"><div class=\"galleria-link-bookmark\"><\/div><\/a><\/div>', layer: '<div class=\"galleria-infolayer\"><div class=\"galleria-layeritem\" style=\"padding-right: 20px;\"><h1>Pavilh\u00e3o Achada 3<\/h1><\/div><div class=\"galleria-layeritem\"><a title=\"Permalink\" href=\"https:\/\/cmnordeste.pt\/desporto\/instalacoes-desportivas\/#7265\"><div class=\"galleria-link-bookmark\"><\/div><\/a><\/div><div class=\"galleria-layeritem\" style=\"padding-right: 20px;\"><\/div>'},\n{id: 7263, image: 'http:\/\/cmnordeste.pt\/desporto\/wp-content\/uploads\/sites\/5\/2019\/07\/pavilhao_achada.jpg', extlink: '', thumb: 'https:\/\/cmnordeste.pt\/desporto\/wp-content\/uploads\/sites\/5\/2019\/07\/pavilhao_achada-300x300.jpg', permalink: '<div class=\"galleria-layeritem\"><a title=\"Permalink\" href=\"https:\/\/cmnordeste.pt\/desporto\/instalacoes-desportivas\/#7263\"><div class=\"galleria-link-bookmark\"><\/div><\/a><\/div>', layer: '<div class=\"galleria-infolayer\"><div class=\"galleria-layeritem\" style=\"padding-right: 20px;\"><h1>Pavilh\u00e3o Achada<\/h1><\/div><div class=\"galleria-layeritem\"><a title=\"Permalink\" href=\"https:\/\/cmnordeste.pt\/desporto\/instalacoes-desportivas\/#7263\"><div class=\"galleria-link-bookmark\"><\/div><\/a><\/div><div class=\"galleria-layeritem\" style=\"padding-right: 20px;\"><\/div>'},\n{id: 7285, image: 'http:\/\/cmnordeste.pt\/desporto\/wp-content\/uploads\/sites\/5\/2019\/09\/pavilhao-da-achada.jpg', extlink: '', thumb: 'https:\/\/cmnordeste.pt\/desporto\/wp-content\/uploads\/sites\/5\/2019\/09\/pavilhao-da-achada-300x300.jpg', permalink: '<div class=\"galleria-layeritem\"><a title=\"Permalink\" href=\"https:\/\/cmnordeste.pt\/desporto\/instalacoes-desportivas\/#7285\"><div class=\"galleria-link-bookmark\"><\/div><\/a><\/div>', layer: '<div class=\"galleria-infolayer\"><div class=\"galleria-layeritem\" style=\"padding-right: 20px;\"><h1>Pavilh\u00e3o da Achada<\/h1><\/div><div class=\"galleria-layeritem\"><a title=\"Permalink\" href=\"https:\/\/cmnordeste.pt\/desporto\/instalacoes-desportivas\/#7285\"><div class=\"galleria-link-bookmark\"><\/div><\/a><\/div><div class=\"galleria-layeritem\" style=\"padding-right: 20px;\"><\/div>'},\n{id: 7267, image: 'http:\/\/cmnordeste.pt\/desporto\/wp-content\/uploads\/sites\/5\/2019\/07\/polidesportivo_achadinha.jpg', extlink: '', thumb: 'https:\/\/cmnordeste.pt\/desporto\/wp-content\/uploads\/sites\/5\/2019\/07\/polidesportivo_achadinha-300x300.jpg', permalink: '<div class=\"galleria-layeritem\"><a title=\"Permalink\" href=\"https:\/\/cmnordeste.pt\/desporto\/instalacoes-desportivas\/#7267\"><div class=\"galleria-link-bookmark\"><\/div><\/a><\/div>', layer: '<div class=\"galleria-infolayer\"><div class=\"galleria-layeritem\" style=\"padding-right: 20px;\"><h1>Polidesportivo Achadinha<\/h1><\/div><div class=\"galleria-layeritem\"><a title=\"Permalink\" href=\"https:\/\/cmnordeste.pt\/desporto\/instalacoes-desportivas\/#7267\"><div class=\"galleria-link-bookmark\"><\/div><\/a><\/div><div class=\"galleria-layeritem\" style=\"padding-right: 20px;\"><\/div>'},\n{id: 7297, image: 'http:\/\/cmnordeste.pt\/desporto\/wp-content\/uploads\/sites\/5\/2019\/09\/polidesportivo-da-achadinha.jpg', extlink: '', thumb: 'https:\/\/cmnordeste.pt\/desporto\/wp-content\/uploads\/sites\/5\/2019\/09\/polidesportivo-da-achadinha-300x300.jpg', permalink: '<div class=\"galleria-layeritem\"><a title=\"Permalink\" href=\"https:\/\/cmnordeste.pt\/desporto\/instalacoes-desportivas\/#7297\"><div class=\"galleria-link-bookmark\"><\/div><\/a><\/div>', layer: '<div class=\"galleria-infolayer\"><div class=\"galleria-layeritem\" style=\"padding-right: 20px;\"><h1>polidesportivo da achadinha<\/h1><\/div><div class=\"galleria-layeritem\"><a title=\"Permalink\" href=\"https:\/\/cmnordeste.pt\/desporto\/instalacoes-desportivas\/#7297\"><div class=\"galleria-link-bookmark\"><\/div><\/a><\/div><div class=\"galleria-layeritem\" style=\"padding-right: 20px;\"><\/div>'},\n{id: 7298, image: 'http:\/\/cmnordeste.pt\/desporto\/wp-content\/uploads\/sites\/5\/2019\/09\/polidesportivo-da-algarvia.jpg', extlink: '', thumb: 'https:\/\/cmnordeste.pt\/desporto\/wp-content\/uploads\/sites\/5\/2019\/09\/polidesportivo-da-algarvia-300x300.jpg', permalink: '<div class=\"galleria-layeritem\"><a title=\"Permalink\" href=\"https:\/\/cmnordeste.pt\/desporto\/instalacoes-desportivas\/#7298\"><div class=\"galleria-link-bookmark\"><\/div><\/a><\/div>', layer: '<div class=\"galleria-infolayer\"><div class=\"galleria-layeritem\" style=\"padding-right: 20px;\"><h1>Polidesportivo da Algarvia<\/h1><\/div><div class=\"galleria-layeritem\"><a title=\"Permalink\" href=\"https:\/\/cmnordeste.pt\/desporto\/instalacoes-desportivas\/#7298\"><div class=\"galleria-link-bookmark\"><\/div><\/a><\/div><div class=\"galleria-layeritem\" style=\"padding-right: 20px;\"><\/div>'},\n{id: 7299, image: 'http:\/\/cmnordeste.pt\/desporto\/wp-content\/uploads\/sites\/5\/2019\/09\/polidesportivo-da-algarvia-a.jpg', extlink: '', thumb: 'https:\/\/cmnordeste.pt\/desporto\/wp-content\/uploads\/sites\/5\/2019\/09\/polidesportivo-da-algarvia-a-300x300.jpg', permalink: '<div class=\"galleria-layeritem\"><a title=\"Permalink\" href=\"https:\/\/cmnordeste.pt\/desporto\/instalacoes-desportivas\/#7299\"><div class=\"galleria-link-bookmark\"><\/div><\/a><\/div>', layer: '<div class=\"galleria-infolayer\"><div class=\"galleria-layeritem\" style=\"padding-right: 20px;\"><h1>polidesportivo da Algarvia (a)<\/h1><\/div><div class=\"galleria-layeritem\"><a title=\"Permalink\" href=\"https:\/\/cmnordeste.pt\/desporto\/instalacoes-desportivas\/#7299\"><div class=\"galleria-link-bookmark\"><\/div><\/a><\/div><div class=\"galleria-layeritem\" style=\"padding-right: 20px;\"><\/div>'},\n{id: 7351, image: 'http:\/\/cmnordeste.pt\/desporto\/wp-content\/uploads\/sites\/5\/2024\/10\/polidesportivo-da-lomba-da-fazenda.jpg', extlink: '', thumb: 'https:\/\/cmnordeste.pt\/desporto\/wp-content\/uploads\/sites\/5\/2024\/10\/polidesportivo-da-lomba-da-fazenda-300x300.jpg', permalink: '<div class=\"galleria-layeritem\"><a title=\"Permalink\" href=\"https:\/\/cmnordeste.pt\/desporto\/instalacoes-desportivas\/#7351\"><div class=\"galleria-link-bookmark\"><\/div><\/a><\/div>', layer: '<div class=\"galleria-infolayer\"><div class=\"galleria-layeritem\" style=\"padding-right: 20px;\"><h1>Polidesportivo da Lomba da Fazenda<\/h1><\/div><div class=\"galleria-layeritem\"><a title=\"Permalink\" href=\"https:\/\/cmnordeste.pt\/desporto\/instalacoes-desportivas\/#7351\"><div class=\"galleria-link-bookmark\"><\/div><\/a><\/div><div class=\"galleria-layeritem\" style=\"padding-right: 20px;\"><\/div>'},\n{id: 7349, image: 'http:\/\/cmnordeste.pt\/desporto\/wp-content\/uploads\/sites\/5\/2024\/10\/parque-da-lomba-da-fazenda-2.jpg', extlink: '', thumb: 'https:\/\/cmnordeste.pt\/desporto\/wp-content\/uploads\/sites\/5\/2024\/10\/parque-da-lomba-da-fazenda-2-300x300.jpg', permalink: '<div class=\"galleria-layeritem\"><a title=\"Permalink\" href=\"https:\/\/cmnordeste.pt\/desporto\/instalacoes-desportivas\/#7349\"><div class=\"galleria-link-bookmark\"><\/div><\/a><\/div>', layer: '<div class=\"galleria-infolayer\"><div class=\"galleria-layeritem\" style=\"padding-right: 20px;\"><h1>Parque da Lomba da Fazenda 2<\/h1><\/div><div class=\"galleria-layeritem\"><a title=\"Permalink\" href=\"https:\/\/cmnordeste.pt\/desporto\/instalacoes-desportivas\/#7349\"><div class=\"galleria-link-bookmark\"><\/div><\/a><\/div><div class=\"galleria-layeritem\" style=\"padding-right: 20px;\"><\/div>'},\n{id: 7348, image: 'http:\/\/cmnordeste.pt\/desporto\/wp-content\/uploads\/sites\/5\/2024\/10\/parque-da-lomba-da-fazenda-1.jpg', extlink: '', thumb: 'https:\/\/cmnordeste.pt\/desporto\/wp-content\/uploads\/sites\/5\/2024\/10\/parque-da-lomba-da-fazenda-1-300x300.jpg', permalink: '<div class=\"galleria-layeritem\"><a title=\"Permalink\" href=\"https:\/\/cmnordeste.pt\/desporto\/instalacoes-desportivas\/#7348\"><div class=\"galleria-link-bookmark\"><\/div><\/a><\/div>', layer: '<div class=\"galleria-infolayer\"><div class=\"galleria-layeritem\" style=\"padding-right: 20px;\"><h1>Parque da Lomba da Fazenda 1<\/h1><\/div><div class=\"galleria-layeritem\"><a title=\"Permalink\" href=\"https:\/\/cmnordeste.pt\/desporto\/instalacoes-desportivas\/#7348\"><div class=\"galleria-link-bookmark\"><\/div><\/a><\/div><div class=\"galleria-layeritem\" style=\"padding-right: 20px;\"><\/div>'},\n{id: 7286, image: 'http:\/\/cmnordeste.pt\/desporto\/wp-content\/uploads\/sites\/5\/2019\/09\/complexo-desportivo-municipal-campo-de-futebol-vila.jpg', extlink: '', thumb: 'https:\/\/cmnordeste.pt\/desporto\/wp-content\/uploads\/sites\/5\/2019\/09\/complexo-desportivo-municipal-campo-de-futebol-vila-300x300.jpg', permalink: '<div class=\"galleria-layeritem\"><a title=\"Permalink\" href=\"https:\/\/cmnordeste.pt\/desporto\/instalacoes-desportivas\/#7286\"><div class=\"galleria-link-bookmark\"><\/div><\/a><\/div>', layer: '<div class=\"galleria-infolayer\"><div class=\"galleria-layeritem\" style=\"padding-right: 20px;\"><h1>Complexo Desportivo Municipal Campo de Futebol Vila<\/h1><\/div><div class=\"galleria-layeritem\"><a title=\"Permalink\" href=\"https:\/\/cmnordeste.pt\/desporto\/instalacoes-desportivas\/#7286\"><div class=\"galleria-link-bookmark\"><\/div><\/a><\/div><div class=\"galleria-layeritem\" style=\"padding-right: 20px;\"><\/div>'},\n{id: 7287, image: 'http:\/\/cmnordeste.pt\/desporto\/wp-content\/uploads\/sites\/5\/2019\/09\/complexo-desportivo-municipal-campo-de-futsal-vila.jpg', extlink: '', thumb: 'https:\/\/cmnordeste.pt\/desporto\/wp-content\/uploads\/sites\/5\/2019\/09\/complexo-desportivo-municipal-campo-de-futsal-vila-300x300.jpg', permalink: '<div class=\"galleria-layeritem\"><a title=\"Permalink\" href=\"https:\/\/cmnordeste.pt\/desporto\/instalacoes-desportivas\/#7287\"><div class=\"galleria-link-bookmark\"><\/div><\/a><\/div>', layer: '<div class=\"galleria-infolayer\"><div class=\"galleria-layeritem\" style=\"padding-right: 20px;\"><h1>Complexo Desportivo Municipal Campo de Futsal Vila<\/h1><\/div><div class=\"galleria-layeritem\"><a title=\"Permalink\" href=\"https:\/\/cmnordeste.pt\/desporto\/instalacoes-desportivas\/#7287\"><div class=\"galleria-link-bookmark\"><\/div><\/a><\/div><div class=\"galleria-layeritem\" style=\"padding-right: 20px;\"><\/div>'},\n{id: 7290, image: 'http:\/\/cmnordeste.pt\/desporto\/wp-content\/uploads\/sites\/5\/2019\/09\/campo-de-futebol-e-voleibol-de-praia.jpg', extlink: '', thumb: 'https:\/\/cmnordeste.pt\/desporto\/wp-content\/uploads\/sites\/5\/2019\/09\/campo-de-futebol-e-voleibol-de-praia-300x300.jpg', permalink: '<div class=\"galleria-layeritem\"><a title=\"Permalink\" href=\"https:\/\/cmnordeste.pt\/desporto\/instalacoes-desportivas\/#7290\"><div class=\"galleria-link-bookmark\"><\/div><\/a><\/div>', layer: '<div class=\"galleria-infolayer\"><div class=\"galleria-layeritem\" style=\"padding-right: 20px;\"><h1>Campo de Futebol e Voleibol de Praia<\/h1><\/div><div class=\"galleria-layeritem\"><a title=\"Permalink\" href=\"https:\/\/cmnordeste.pt\/desporto\/instalacoes-desportivas\/#7290\"><div class=\"galleria-link-bookmark\"><\/div><\/a><\/div><div class=\"galleria-layeritem\" style=\"padding-right: 20px;\"><\/div>'},\n{id: 7302, image: 'http:\/\/cmnordeste.pt\/desporto\/wp-content\/uploads\/sites\/5\/2019\/09\/campo-futebol-e-voleibol-praia.jpg', extlink: '', thumb: 'https:\/\/cmnordeste.pt\/desporto\/wp-content\/uploads\/sites\/5\/2019\/09\/campo-futebol-e-voleibol-praia-300x300.jpg', permalink: '<div class=\"galleria-layeritem\"><a title=\"Permalink\" href=\"https:\/\/cmnordeste.pt\/desporto\/instalacoes-desportivas\/#7302\"><div class=\"galleria-link-bookmark\"><\/div><\/a><\/div>', layer: '<div class=\"galleria-infolayer\"><div class=\"galleria-layeritem\" style=\"padding-right: 20px;\"><h1>campo futebol e voleibol praia<\/h1><\/div><div class=\"galleria-layeritem\"><a title=\"Permalink\" href=\"https:\/\/cmnordeste.pt\/desporto\/instalacoes-desportivas\/#7302\"><div class=\"galleria-link-bookmark\"><\/div><\/a><\/div><div class=\"galleria-layeritem\" style=\"padding-right: 20px;\"><\/div>'},\n{id: 7291, image: 'http:\/\/cmnordeste.pt\/desporto\/wp-content\/uploads\/sites\/5\/2019\/09\/pavilhao-da-ebs-de-nordeste-1.jpg', extlink: '', thumb: 'https:\/\/cmnordeste.pt\/desporto\/wp-content\/uploads\/sites\/5\/2019\/09\/pavilhao-da-ebs-de-nordeste-1-300x300.jpg', permalink: '<div class=\"galleria-layeritem\"><a title=\"Permalink\" href=\"https:\/\/cmnordeste.pt\/desporto\/instalacoes-desportivas\/#7291\"><div class=\"galleria-link-bookmark\"><\/div><\/a><\/div>', layer: '<div class=\"galleria-infolayer\"><div class=\"galleria-layeritem\" style=\"padding-right: 20px;\"><h1>Pavilh\u00e3o da EBS de Nordeste 1<\/h1><\/div><div class=\"galleria-layeritem\"><a title=\"Permalink\" href=\"https:\/\/cmnordeste.pt\/desporto\/instalacoes-desportivas\/#7291\"><div class=\"galleria-link-bookmark\"><\/div><\/a><\/div><div class=\"galleria-layeritem\" style=\"padding-right: 20px;\"><\/div>'},\n{id: 7292, image: 'http:\/\/cmnordeste.pt\/desporto\/wp-content\/uploads\/sites\/5\/2019\/09\/pavilhao-da-ebs-de-nordeste-2.jpg', extlink: '', thumb: 'https:\/\/cmnordeste.pt\/desporto\/wp-content\/uploads\/sites\/5\/2019\/09\/pavilhao-da-ebs-de-nordeste-2-300x300.jpg', permalink: '<div class=\"galleria-layeritem\"><a title=\"Permalink\" href=\"https:\/\/cmnordeste.pt\/desporto\/instalacoes-desportivas\/#7292\"><div class=\"galleria-link-bookmark\"><\/div><\/a><\/div>', layer: '<div class=\"galleria-infolayer\"><div class=\"galleria-layeritem\" style=\"padding-right: 20px;\"><h1>Pavilh\u00e3o da EBS de Nordeste 2<\/h1><\/div><div class=\"galleria-layeritem\"><a title=\"Permalink\" href=\"https:\/\/cmnordeste.pt\/desporto\/instalacoes-desportivas\/#7292\"><div class=\"galleria-link-bookmark\"><\/div><\/a><\/div><div class=\"galleria-layeritem\" style=\"padding-right: 20px;\"><\/div>'},\n{id: 7309, image: 'http:\/\/cmnordeste.pt\/desporto\/wp-content\/uploads\/sites\/5\/2019\/10\/polidesportivo_salga_1_ok.jpg', extlink: '', thumb: 'https:\/\/cmnordeste.pt\/desporto\/wp-content\/uploads\/sites\/5\/2019\/10\/polidesportivo_salga_1_ok-300x300.jpg', permalink: '<div class=\"galleria-layeritem\"><a title=\"Permalink\" href=\"https:\/\/cmnordeste.pt\/desporto\/instalacoes-desportivas\/#7309\"><div class=\"galleria-link-bookmark\"><\/div><\/a><\/div>', layer: '<div class=\"galleria-infolayer\"><div class=\"galleria-layeritem\" style=\"padding-right: 20px;\"><h1>Polidesportivo Salga<\/h1><\/div><div class=\"galleria-layeritem\"><a title=\"Permalink\" href=\"https:\/\/cmnordeste.pt\/desporto\/instalacoes-desportivas\/#7309\"><div class=\"galleria-link-bookmark\"><\/div><\/a><\/div><div class=\"galleria-layeritem\" style=\"padding-right: 20px;\"><\/div>'},\n{id: 7308, image: 'http:\/\/cmnordeste.pt\/desporto\/wp-content\/uploads\/sites\/5\/2019\/10\/polidesportivo_salga_2.jpg', extlink: '', thumb: 'https:\/\/cmnordeste.pt\/desporto\/wp-content\/uploads\/sites\/5\/2019\/10\/polidesportivo_salga_2-300x300.jpg', permalink: '<div class=\"galleria-layeritem\"><a title=\"Permalink\" href=\"https:\/\/cmnordeste.pt\/desporto\/instalacoes-desportivas\/#7308\"><div class=\"galleria-link-bookmark\"><\/div><\/a><\/div>', layer: '<div class=\"galleria-infolayer\"><div class=\"galleria-layeritem\" style=\"padding-right: 20px;\"><h1>Polidesportivo Salga<\/h1><\/div><div class=\"galleria-layeritem\"><a title=\"Permalink\" href=\"https:\/\/cmnordeste.pt\/desporto\/instalacoes-desportivas\/#7308\"><div class=\"galleria-link-bookmark\"><\/div><\/a><\/div><div class=\"galleria-layeritem\" style=\"padding-right: 20px;\"><\/div>'},\n{id: 7300, image: 'http:\/\/cmnordeste.pt\/desporto\/wp-content\/uploads\/sites\/5\/2019\/09\/polidesportivo-feteira-pequena.jpg', extlink: '', thumb: 'https:\/\/cmnordeste.pt\/desporto\/wp-content\/uploads\/sites\/5\/2019\/09\/polidesportivo-feteira-pequena-300x300.jpg', permalink: '<div class=\"galleria-layeritem\"><a title=\"Permalink\" href=\"https:\/\/cmnordeste.pt\/desporto\/instalacoes-desportivas\/#7300\"><div class=\"galleria-link-bookmark\"><\/div><\/a><\/div>', layer: '<div class=\"galleria-infolayer\"><div class=\"galleria-layeritem\" style=\"padding-right: 20px;\"><h1>polidesportivo feteira pequena<\/h1><\/div><div class=\"galleria-layeritem\"><a title=\"Permalink\" href=\"https:\/\/cmnordeste.pt\/desporto\/instalacoes-desportivas\/#7300\"><div class=\"galleria-link-bookmark\"><\/div><\/a><\/div><div class=\"galleria-layeritem\" style=\"padding-right: 20px;\"><\/div>'},\n{id: 7301, image: 'http:\/\/cmnordeste.pt\/desporto\/wp-content\/uploads\/sites\/5\/2019\/09\/polidesportivo-feteira-pequena-a.jpg', extlink: '', thumb: 'https:\/\/cmnordeste.pt\/desporto\/wp-content\/uploads\/sites\/5\/2019\/09\/polidesportivo-feteira-pequena-a-300x300.jpg', permalink: '<div class=\"galleria-layeritem\"><a title=\"Permalink\" href=\"https:\/\/cmnordeste.pt\/desporto\/instalacoes-desportivas\/#7301\"><div class=\"galleria-link-bookmark\"><\/div><\/a><\/div>', layer: '<div class=\"galleria-infolayer\"><div class=\"galleria-layeritem\" style=\"padding-right: 20px;\"><h1>polidesportivo feteira pequena (a)<\/h1><\/div><div class=\"galleria-layeritem\"><a title=\"Permalink\" href=\"https:\/\/cmnordeste.pt\/desporto\/instalacoes-desportivas\/#7301\"><div class=\"galleria-link-bookmark\"><\/div><\/a><\/div><div class=\"galleria-layeritem\" style=\"padding-right: 20px;\"><\/div>'},\n{id: 7347, image: 'http:\/\/cmnordeste.pt\/desporto\/wp-content\/uploads\/sites\/5\/2024\/10\/complexo-desportivo-de-sao-pedro.jpg', extlink: '', thumb: 'https:\/\/cmnordeste.pt\/desporto\/wp-content\/uploads\/sites\/5\/2024\/10\/complexo-desportivo-de-sao-pedro-300x300.jpg', permalink: '<div class=\"galleria-layeritem\"><a title=\"Permalink\" href=\"https:\/\/cmnordeste.pt\/desporto\/instalacoes-desportivas\/#7347\"><div class=\"galleria-link-bookmark\"><\/div><\/a><\/div>', layer: '<div class=\"galleria-infolayer\"><div class=\"galleria-layeritem\" style=\"padding-right: 20px;\"><h1>Complexo Desportivo de S\u00e3o Pedro<\/h1><\/div><div class=\"galleria-layeritem\"><a title=\"Permalink\" href=\"https:\/\/cmnordeste.pt\/desporto\/instalacoes-desportivas\/#7347\"><div class=\"galleria-link-bookmark\"><\/div><\/a><\/div><div class=\"galleria-layeritem\" style=\"padding-right: 20px;\"><\/div>'}\n];<\/script>\n<h2>Achada<\/h2>\n<p><strong>Pavilh\u00e3o<\/strong><\/p>\n<div style=\"padding-left: 40px;\">Modalidades: Futsal<\/div>\n<div style=\"padding-left: 40px;\">Localiza\u00e7\u00e3o: Estrada Regional &#8211; Achada<\/div>\n<div style=\"padding-left: 40px;\">Entidade Respons\u00e1vel: Servi\u00e7o de Desporto de S\u00e3o Miguel<\/div>\n<div style=\"padding-left: 40px;\">Contactos: Tel.: 296 630 610 &#8211; Email: <a href=\"mailto:sd.s.miguel@azores.gov.pt\">sd.s.miguel@azores.gov.pt<\/a><\/div>\n<p>&nbsp;<\/p>\n<p><a data-postid=\"fsg_post_7258\" data-imgid=\"7265\" href=\"https:\/\/cmnordeste.pt\/desporto\/wp-content\/uploads\/sites\/5\/2019\/07\/pavilhao_achada_3.jpg\"><img loading=\"lazy\" decoding=\"async\" title=\"Pavilh\u00e3o Achada - Exterior\" src=\"https:\/\/cmnordeste.pt\/desporto\/wp-content\/uploads\/sites\/5\/2019\/07\/pavilhao_achada_3.jpg\" alt=\"Pavilh\u00e3o Achada - Exterior\" class=\"_img_responsive_grid col-xs-12 col-sm-4 alignnone wp-image-7265 size-full\" width=\"448\" height=\"336\" \/><\/a><\/p>\n<p><a data-postid=\"fsg_post_7258\" data-imgid=\"7263\" href=\"https:\/\/cmnordeste.pt\/desporto\/wp-content\/uploads\/sites\/5\/2019\/07\/pavilhao_achada.jpg\"><img loading=\"lazy\" decoding=\"async\" title=\"Pavilh\u00e3o Achada\" src=\"https:\/\/cmnordeste.pt\/desporto\/wp-content\/uploads\/sites\/5\/2019\/07\/pavilhao_achada.jpg\" alt=\"Pavilh\u00e3o Achada\" class=\"_img_responsive_grid col-xs-12 col-sm-4 alignnone wp-image-7263 size-full\" width=\"448\" height=\"336\" \/><\/a><\/p>\n<p><a data-postid=\"fsg_post_7258\" data-imgid=\"7285\" href=\"https:\/\/cmnordeste.pt\/desporto\/wp-content\/uploads\/sites\/5\/2019\/09\/pavilhao-da-achada.jpg\"><img loading=\"lazy\" decoding=\"async\" title=\"Pavilh\u00e3o da Achada\" src=\"https:\/\/cmnordeste.pt\/desporto\/wp-content\/uploads\/sites\/5\/2019\/09\/pavilhao-da-achada.jpg\" alt=\"Pavilh\u00e3o da Achada\" class=\"_img_responsive_grid col-xs-12 col-sm-4 alignnone wp-image-7285\" width=\"448\" height=\"336\" srcset=\"https:\/\/cmnordeste.pt\/desporto\/wp-content\/uploads\/sites\/5\/2019\/09\/pavilhao-da-achada.jpg 1024w, https:\/\/cmnordeste.pt\/desporto\/wp-content\/uploads\/sites\/5\/2019\/09\/pavilhao-da-achada-683x512.jpg 683w, https:\/\/cmnordeste.pt\/desporto\/wp-content\/uploads\/sites\/5\/2019\/09\/pavilhao-da-achada-768x576.jpg 768w\" sizes=\"auto, (max-width: 448px) 100vw, 448px\" \/><\/a><\/p>\n<p class=\"separador_bloco\">\n<h2>Achadinha<\/h2>\n<p><strong>Polidesportivo<\/strong><\/p>\n<div style=\"padding-left: 40px;\">Modalidades: Futsal e T\u00e9nis<\/div>\n<div style=\"padding-left: 40px;\">Localiza\u00e7\u00e3o: Rua do Romano<\/div>\n<div style=\"padding-left: 40px;\">Entidade Respons\u00e1vel: Junta de Freguesia da Achadinha<\/div>\n<div style=\"padding-left: 40px;\">Contacto: 296 452 950<\/div>\n<p>&nbsp;<\/p>\n<p><a data-postid=\"fsg_post_7258\" data-imgid=\"7267\" href=\"https:\/\/cmnordeste.pt\/desporto\/wp-content\/uploads\/sites\/5\/2019\/07\/polidesportivo_achadinha.jpg\"><img loading=\"lazy\" decoding=\"async\" title=\"Polidesportivo Achadinha\" src=\"https:\/\/cmnordeste.pt\/desporto\/wp-content\/uploads\/sites\/5\/2019\/07\/polidesportivo_achadinha-768x510.jpg\" alt=\"Polidesportivo Achadinha\" class=\"_img_responsive_grid col-xs-12 col-sm-6 alignnone wp-image-7267 size-medium\" width=\"768\" height=\"510\" srcset=\"https:\/\/cmnordeste.pt\/desporto\/wp-content\/uploads\/sites\/5\/2019\/07\/polidesportivo_achadinha-768x510.jpg 768w, https:\/\/cmnordeste.pt\/desporto\/wp-content\/uploads\/sites\/5\/2019\/07\/polidesportivo_achadinha.jpg 1024w\" sizes=\"auto, (max-width: 768px) 100vw, 768px\" \/><\/a><\/p>\n<p><a data-postid=\"fsg_post_7258\" data-imgid=\"7297\" href=\"https:\/\/cmnordeste.pt\/desporto\/wp-content\/uploads\/sites\/5\/2019\/09\/polidesportivo-da-achadinha.jpg\"><img loading=\"lazy\" decoding=\"async\" title=\"polidesportivo da achadinha\" src=\"https:\/\/cmnordeste.pt\/desporto\/wp-content\/uploads\/sites\/5\/2019\/09\/polidesportivo-da-achadinha-768x510.jpg\" alt=\"polidesportivo da achadinha\" class=\"_img_responsive_grid col-xs-12 col-sm-6 alignnone wp-image-7297 size-medium\" width=\"768\" height=\"510\" srcset=\"https:\/\/cmnordeste.pt\/desporto\/wp-content\/uploads\/sites\/5\/2019\/09\/polidesportivo-da-achadinha-768x510.jpg 768w, https:\/\/cmnordeste.pt\/desporto\/wp-content\/uploads\/sites\/5\/2019\/09\/polidesportivo-da-achadinha.jpg 1024w\" sizes=\"auto, (max-width: 768px) 100vw, 768px\" \/><\/a><\/p>\n<p class=\"separador_bloco\">\n<h2>Algarvia<\/h2>\n<p><strong>Polidesportivo<\/strong><\/p>\n<div style=\"padding-left: 40px;\">Modalidades: Futsal, Voleibol e T\u00e9nis<\/div>\n<div style=\"padding-left: 40px;\">Localiza\u00e7\u00e3o: Rua do Atalho<\/div>\n<div style=\"padding-left: 40px;\">Entidade Respons\u00e1vel: Junta de Freguesia da Algarvia<\/div>\n<div style=\"padding-left: 40px;\">Contacto: 296 480 005 \u2013 dias \u00fateis<\/div>\n<p>&nbsp;<\/p>\n<p><a data-postid=\"fsg_post_7258\" data-imgid=\"7298\" href=\"https:\/\/cmnordeste.pt\/desporto\/wp-content\/uploads\/sites\/5\/2019\/09\/polidesportivo-da-algarvia.jpg\"><img loading=\"lazy\" decoding=\"async\" title=\"Polidesportivo da Algarvia\" src=\"https:\/\/cmnordeste.pt\/desporto\/wp-content\/uploads\/sites\/5\/2019\/09\/polidesportivo-da-algarvia-768x510.jpg\" alt=\"Polidesportivo da Algarvia\" class=\"_img_responsive_grid col-xs-12 col-sm-6 alignnone wp-image-7298 size-medium\" width=\"768\" height=\"510\" srcset=\"https:\/\/cmnordeste.pt\/desporto\/wp-content\/uploads\/sites\/5\/2019\/09\/polidesportivo-da-algarvia-768x510.jpg 768w, https:\/\/cmnordeste.pt\/desporto\/wp-content\/uploads\/sites\/5\/2019\/09\/polidesportivo-da-algarvia.jpg 1024w\" sizes=\"auto, (max-width: 768px) 100vw, 768px\" \/><\/a><\/p>\n<p><a data-postid=\"fsg_post_7258\" data-imgid=\"7299\" href=\"https:\/\/cmnordeste.pt\/desporto\/wp-content\/uploads\/sites\/5\/2019\/09\/polidesportivo-da-algarvia-a.jpg\"><img loading=\"lazy\" decoding=\"async\" title=\"polidesportivo da Algarvia (a)\" src=\"https:\/\/cmnordeste.pt\/desporto\/wp-content\/uploads\/sites\/5\/2019\/09\/polidesportivo-da-algarvia-a-768x493.jpg\" alt=\"polidesportivo da Algarvia (a)\" class=\"_img_responsive_grid col-xs-12 col-sm-6 alignnone wp-image-7299 size-medium\" width=\"768\" height=\"493\" srcset=\"https:\/\/cmnordeste.pt\/desporto\/wp-content\/uploads\/sites\/5\/2019\/09\/polidesportivo-da-algarvia-a-768x493.jpg 768w, https:\/\/cmnordeste.pt\/desporto\/wp-content\/uploads\/sites\/5\/2019\/09\/polidesportivo-da-algarvia-a.jpg 1024w\" sizes=\"auto, (max-width: 768px) 100vw, 768px\" \/><\/a><\/p>\n<p class=\"separador_bloco\">\n<h2>Lomba da Fazenda<\/h2>\n<p><strong>Polidesportivo<\/strong><\/p>\n<div style=\"padding-left: 40px;\">Modalidades: Futsal, Voleibol e Andebol<\/div>\n<div style=\"padding-left: 40px;\">Localiza\u00e7\u00e3o: Rua da Concei\u00e7\u00e3o<\/div>\n<div style=\"padding-left: 40px;\">Entidade Respons\u00e1vel: Junta de Freguesia da Lomba da Fazenda<\/div>\n<div style=\"padding-left: 40px;\">Contacto: 296 486 103 \u2013 dias \u00fateis<\/div>\n<p>&nbsp;<\/p>\n<p><a data-postid=\"fsg_post_7258\" data-imgid=\"7351\" href=\"https:\/\/cmnordeste.pt\/desporto\/wp-content\/uploads\/sites\/5\/2024\/10\/polidesportivo-da-lomba-da-fazenda.jpg\"><img loading=\"lazy\" decoding=\"async\" title=\"Polidesportivo da Lomba da Fazenda\" src=\"https:\/\/cmnordeste.pt\/desporto\/wp-content\/uploads\/sites\/5\/2024\/10\/polidesportivo-da-lomba-da-fazenda-683x512.jpg\" alt=\"Polidesportivo da Lomba da Fazenda\" width=\"683\" height=\"512\" class=\"_img_responsive_grid col-xs-12 col-sm-6 alignnone wp-image-7351 size-medium\" srcset=\"https:\/\/cmnordeste.pt\/desporto\/wp-content\/uploads\/sites\/5\/2024\/10\/polidesportivo-da-lomba-da-fazenda-683x512.jpg 683w, https:\/\/cmnordeste.pt\/desporto\/wp-content\/uploads\/sites\/5\/2024\/10\/polidesportivo-da-lomba-da-fazenda-768x576.jpg 768w, https:\/\/cmnordeste.pt\/desporto\/wp-content\/uploads\/sites\/5\/2024\/10\/polidesportivo-da-lomba-da-fazenda.jpg 1024w\" sizes=\"auto, (max-width: 683px) 100vw, 683px\" \/><\/a><\/p>\n<p class=\"separador_bloco\">\n<p><strong>Parque da Lomba da Fazenda<\/strong><\/p>\n<div style=\"padding-left: 40px;\">\u00a0Modalidades: gin\u00e1sio ao ar livre, futsal, voleibol e caminhada<\/div>\n<div style=\"padding-left: 40px;\">\u00a0Morada: Caminho do Pico S\/N Lomba da Fazenda<\/div>\n<div style=\"padding-left: 40px;\">\u00a0Entidade respons\u00e1vel: Junta de Freguesia da Lomba da Fazenda<\/div>\n<div style=\"padding-left: 40px;\">\u00a0Contactos: 296486103 \/ 927395212 &#8211; Email: <a href=\"mailto:jffazenda@sapo.pt\">jffazenda@sapo.pt<\/a><\/div>\n<p>&nbsp;<\/p>\n<p><a data-postid=\"fsg_post_7258\" data-imgid=\"7349\" href=\"https:\/\/cmnordeste.pt\/desporto\/wp-content\/uploads\/sites\/5\/2024\/10\/parque-da-lomba-da-fazenda-2.jpg\"><img loading=\"lazy\" decoding=\"async\" title=\"Parque da Lomba da Fazenda 2\" src=\"https:\/\/cmnordeste.pt\/desporto\/wp-content\/uploads\/sites\/5\/2024\/10\/parque-da-lomba-da-fazenda-2-683x512.jpg\" alt=\"Parque da Lomba da Fazenda 2\" width=\"683\" height=\"512\" class=\"_img_responsive_grid col-xs-12 col-sm-6 alignnone wp-image-7349 size-medium\" srcset=\"https:\/\/cmnordeste.pt\/desporto\/wp-content\/uploads\/sites\/5\/2024\/10\/parque-da-lomba-da-fazenda-2-683x512.jpg 683w, https:\/\/cmnordeste.pt\/desporto\/wp-content\/uploads\/sites\/5\/2024\/10\/parque-da-lomba-da-fazenda-2-768x576.jpg 768w, https:\/\/cmnordeste.pt\/desporto\/wp-content\/uploads\/sites\/5\/2024\/10\/parque-da-lomba-da-fazenda-2.jpg 1024w\" sizes=\"auto, (max-width: 683px) 100vw, 683px\" \/><\/a><\/p>\n<p><a data-postid=\"fsg_post_7258\" data-imgid=\"7348\" href=\"https:\/\/cmnordeste.pt\/desporto\/wp-content\/uploads\/sites\/5\/2024\/10\/parque-da-lomba-da-fazenda-1.jpg\"><img loading=\"lazy\" decoding=\"async\" title=\"Parque da Lomba da Fazenda 1\" src=\"https:\/\/cmnordeste.pt\/desporto\/wp-content\/uploads\/sites\/5\/2024\/10\/parque-da-lomba-da-fazenda-1-683x512.jpg\" alt=\"Parque da Lomba da Fazenda 1\" width=\"683\" height=\"512\" class=\"_img_responsive_grid col-xs-12 col-sm-6 alignnone wp-image-7348 size-medium\" srcset=\"https:\/\/cmnordeste.pt\/desporto\/wp-content\/uploads\/sites\/5\/2024\/10\/parque-da-lomba-da-fazenda-1-683x512.jpg 683w, https:\/\/cmnordeste.pt\/desporto\/wp-content\/uploads\/sites\/5\/2024\/10\/parque-da-lomba-da-fazenda-1-768x576.jpg 768w, https:\/\/cmnordeste.pt\/desporto\/wp-content\/uploads\/sites\/5\/2024\/10\/parque-da-lomba-da-fazenda-1.jpg 1024w\" sizes=\"auto, (max-width: 683px) 100vw, 683px\" \/><\/a><\/p>\n<p>&nbsp;<\/p>\n<p class=\"separador_bloco\">\n<h2>Vila do Nordeste<\/h2>\n<p><strong>Complexo Desportivo Municipal<\/strong><\/p>\n<div style=\"padding-left: 40px;\">Modalidades: Futebol de 11, Futsal, Basquetebol, Voleibol e T\u00e9nis<\/div>\n<div>\u00a0 \u00a0 \u00a0 \u00a0 \u00a0 Entidade respons\u00e1vel: C\u00e2mara Municipal do Nordeste<\/div>\n<div style=\"padding-left: 40px;\">Morada: Rua do Poceir\u00e3o S\/N<\/div>\n<div style=\"padding-left: 40px;\">Contactos: Telf: 296 480 060 (CMN) &#8211; Email: <a href=\"mailto:geral@cmnordeste.pt\">geral@cmnordeste.pt<\/a><\/div>\n<p>&nbsp;<\/p>\n<p><a data-postid=\"fsg_post_7258\" data-imgid=\"7286\" href=\"https:\/\/cmnordeste.pt\/desporto\/wp-content\/uploads\/sites\/5\/2019\/09\/complexo-desportivo-municipal-campo-de-futebol-vila.jpg\"><img loading=\"lazy\" decoding=\"async\" title=\"Complexo Desportivo Municipal Campo de Futebol - Vila\" src=\"https:\/\/cmnordeste.pt\/desporto\/wp-content\/uploads\/sites\/5\/2019\/09\/complexo-desportivo-municipal-campo-de-futebol-vila-768x510.jpg\" alt=\"Complexo Desportivo Municipal - Campo de Futebol - Vila\" class=\"_img_responsive_grid col-xs-12 col-sm-6 alignnone wp-image-7286 size-medium\" width=\"768\" height=\"510\" srcset=\"https:\/\/cmnordeste.pt\/desporto\/wp-content\/uploads\/sites\/5\/2019\/09\/complexo-desportivo-municipal-campo-de-futebol-vila-768x510.jpg 768w, https:\/\/cmnordeste.pt\/desporto\/wp-content\/uploads\/sites\/5\/2019\/09\/complexo-desportivo-municipal-campo-de-futebol-vila.jpg 1024w\" sizes=\"auto, (max-width: 768px) 100vw, 768px\" \/><\/a><\/p>\n<p><a data-postid=\"fsg_post_7258\" data-imgid=\"7287\" href=\"https:\/\/cmnordeste.pt\/desporto\/wp-content\/uploads\/sites\/5\/2019\/09\/complexo-desportivo-municipal-campo-de-futsal-vila.jpg\"><img loading=\"lazy\" decoding=\"async\" title=\"Complexo Desportivo Municipal - Campo de Futsal, Basquetebol, Voleibol e T\u00e9nis - Vila\" src=\"https:\/\/cmnordeste.pt\/desporto\/wp-content\/uploads\/sites\/5\/2019\/09\/complexo-desportivo-municipal-campo-de-futsal-vila-768x512.jpg\" alt=\"Complexo Desportivo Municipal - Campo de Futsal, Basquetebol, Voleibol e T\u00e9nis - Vila\" class=\"_img_responsive_grid col-xs-12 col-sm-6 alignnone wp-image-7287 size-medium\" width=\"768\" height=\"512\" srcset=\"https:\/\/cmnordeste.pt\/desporto\/wp-content\/uploads\/sites\/5\/2019\/09\/complexo-desportivo-municipal-campo-de-futsal-vila-768x512.jpg 768w, https:\/\/cmnordeste.pt\/desporto\/wp-content\/uploads\/sites\/5\/2019\/09\/complexo-desportivo-municipal-campo-de-futsal-vila.jpg 1024w\" sizes=\"auto, (max-width: 768px) 100vw, 768px\" \/><\/a><\/p>\n<p class=\"separador_bloco\">\n<p><strong>Campo de Futebol e Voleibol de Praia<\/strong><\/p>\n<div style=\"padding-left: 40px;\">Modalidades: Futebol e Voleibol de praia<\/div>\n<div style=\"padding-left: 40px;\">Morada: Largo do Jogo da Choca<\/div>\n<div style=\"padding-left: 40px;\">Contactos: Telf: 91 43 20 338 (CDRCN) ou 296 480 060 (CMN) &#8211; Email: <a href=\"mailto:c.d.r.c.nordeste@gmail.com\">c.d.r.c.nordeste@gmail.com<\/a> ou <a href=\"mailto:geral@cmnordeste.pt\">geral@cmnordeste.pt<\/a><\/div>\n<p>&nbsp;<\/p>\n<p><a data-postid=\"fsg_post_7258\" data-imgid=\"7290\" href=\"https:\/\/cmnordeste.pt\/desporto\/wp-content\/uploads\/sites\/5\/2019\/09\/campo-de-futebol-e-voleibol-de-praia.jpg\"><img loading=\"lazy\" decoding=\"async\" title=\"Campo de Futebol e Voleibol de Praia\" src=\"https:\/\/cmnordeste.pt\/desporto\/wp-content\/uploads\/sites\/5\/2019\/09\/campo-de-futebol-e-voleibol-de-praia-683x512.jpg\" alt=\"Campo de Futebol e Voleibol de Praia\" class=\"_img_responsive_grid col-xs-12 col-sm-6 alignnone wp-image-7290 size-medium\" width=\"683\" height=\"512\" srcset=\"https:\/\/cmnordeste.pt\/desporto\/wp-content\/uploads\/sites\/5\/2019\/09\/campo-de-futebol-e-voleibol-de-praia-683x512.jpg 683w, https:\/\/cmnordeste.pt\/desporto\/wp-content\/uploads\/sites\/5\/2019\/09\/campo-de-futebol-e-voleibol-de-praia-768x576.jpg 768w, https:\/\/cmnordeste.pt\/desporto\/wp-content\/uploads\/sites\/5\/2019\/09\/campo-de-futebol-e-voleibol-de-praia.jpg 1024w\" sizes=\"auto, (max-width: 683px) 100vw, 683px\" \/><\/a><\/p>\n<p><a data-postid=\"fsg_post_7258\" data-imgid=\"7302\" href=\"https:\/\/cmnordeste.pt\/desporto\/wp-content\/uploads\/sites\/5\/2019\/09\/campo-futebol-e-voleibol-praia.jpg\"><img loading=\"lazy\" decoding=\"async\" title=\"campo futebol e voleibol praia\" src=\"https:\/\/cmnordeste.pt\/desporto\/wp-content\/uploads\/sites\/5\/2019\/09\/campo-futebol-e-voleibol-praia-683x512.jpg\" alt=\"campo futebol e voleibol praia\" class=\"_img_responsive_grid col-xs-12 col-sm-6 alignnone wp-image-7302 size-medium\" width=\"683\" height=\"512\" srcset=\"https:\/\/cmnordeste.pt\/desporto\/wp-content\/uploads\/sites\/5\/2019\/09\/campo-futebol-e-voleibol-praia-683x512.jpg 683w, https:\/\/cmnordeste.pt\/desporto\/wp-content\/uploads\/sites\/5\/2019\/09\/campo-futebol-e-voleibol-praia-768x576.jpg 768w, https:\/\/cmnordeste.pt\/desporto\/wp-content\/uploads\/sites\/5\/2019\/09\/campo-futebol-e-voleibol-praia.jpg 1024w\" sizes=\"auto, (max-width: 683px) 100vw, 683px\" \/><\/a><\/p>\n<p class=\"separador_bloco\">\n<p><strong>Escola B\u00e1sica e Secund\u00e1ria do Nordeste &#8211; Pavilh\u00e3o<\/strong><\/p>\n<div style=\"padding-left: 40px;\">Modalidades: Futsal, Basquetebol, Gin\u00e1stica (art\u00edstica e a solo), Andebol, Patins, Dardos, Voleibol, Badminton e Ping-pong<\/div>\n<div style=\"padding-left: 40px;\">Localiza\u00e7\u00e3o: Rua do Ros\u00e1rio<\/div>\n<div style=\"padding-left: 40px;\">Entidade Respons\u00e1vel: Escola B\u00e1sica e Secund\u00e1ria do Nordeste<\/div>\n<div style=\"padding-left: 40px;\">Contacto: 296 480 140 &#8211; dias \u00fateis<\/div>\n<p>&nbsp;<\/p>\n<p><a data-postid=\"fsg_post_7258\" data-imgid=\"7291\" href=\"https:\/\/cmnordeste.pt\/desporto\/wp-content\/uploads\/sites\/5\/2019\/09\/pavilhao-da-ebs-de-nordeste-1.jpg\"><\/a><a data-postid=\"fsg_post_7258\" data-imgid=\"7292\" href=\"https:\/\/cmnordeste.pt\/desporto\/wp-content\/uploads\/sites\/5\/2019\/09\/pavilhao-da-ebs-de-nordeste-2.jpg\"><img loading=\"lazy\" decoding=\"async\" title=\"Pavilh\u00e3o da EBS de Nordeste 2\" src=\"https:\/\/cmnordeste.pt\/desporto\/wp-content\/uploads\/sites\/5\/2019\/09\/pavilhao-da-ebs-de-nordeste-2-768x512.jpg\" alt=\"Pavilh\u00e3o da EBS de Nordeste 2\" class=\"_img_responsive_grid col-xs-12 col-sm-6 alignnone wp-image-7292 size-medium\" width=\"768\" height=\"512\" srcset=\"https:\/\/cmnordeste.pt\/desporto\/wp-content\/uploads\/sites\/5\/2019\/09\/pavilhao-da-ebs-de-nordeste-2-768x512.jpg 768w, https:\/\/cmnordeste.pt\/desporto\/wp-content\/uploads\/sites\/5\/2019\/09\/pavilhao-da-ebs-de-nordeste-2.jpg 1024w\" sizes=\"auto, (max-width: 768px) 100vw, 768px\" \/><\/a><\/p>\n<p><a data-postid=\"fsg_post_7258\" data-imgid=\"7291\" href=\"https:\/\/cmnordeste.pt\/desporto\/wp-content\/uploads\/sites\/5\/2019\/09\/pavilhao-da-ebs-de-nordeste-1.jpg\"><img loading=\"lazy\" decoding=\"async\" title=\"Pavilh\u00e3o da EBS de Nordeste 1\" src=\"https:\/\/cmnordeste.pt\/desporto\/wp-content\/uploads\/sites\/5\/2019\/09\/pavilhao-da-ebs-de-nordeste-1-683x512.jpg\" alt=\"Pavilh\u00e3o da EBS de Nordeste 1\" class=\"_img_responsive_grid col-xs-12 col-sm-6 alignnone wp-image-7291 size-medium\" width=\"683\" height=\"512\" srcset=\"https:\/\/cmnordeste.pt\/desporto\/wp-content\/uploads\/sites\/5\/2019\/09\/pavilhao-da-ebs-de-nordeste-1-683x512.jpg 683w, https:\/\/cmnordeste.pt\/desporto\/wp-content\/uploads\/sites\/5\/2019\/09\/pavilhao-da-ebs-de-nordeste-1-768x576.jpg 768w, https:\/\/cmnordeste.pt\/desporto\/wp-content\/uploads\/sites\/5\/2019\/09\/pavilhao-da-ebs-de-nordeste-1.jpg 1024w\" sizes=\"auto, (max-width: 683px) 100vw, 683px\" \/><\/a><\/p>\n<p class=\"separador_bloco\">\n<p><strong>Escola B\u00e1sica e Secund\u00e1ria do Nordeste &#8211; <\/strong><strong>Polidesportivo<\/strong><\/p>\n<p style=\"padding-left: 40px;\">Modalidades: Futebol de 11 e Futsal<\/p>\n<p><a href=\"https:\/\/cmnordeste.pt\/desporto\/wp-content\/uploads\/sites\/5\/2024\/10\/polidesportivo-da-ebs-nordeste.jpg\"><img loading=\"lazy\" decoding=\"async\" title=\"Polidesportivo EBSN\" src=\"https:\/\/cmnordeste.pt\/desporto\/wp-content\/uploads\/sites\/5\/2024\/10\/polidesportivo-da-ebs-nordeste-683x512.jpg\" alt=\"Polidesportivo da EBS Nordeste\" class=\"_img_responsive_grid col-xs-12 col-sm-6 alignnone wp-image-7350 size-medium\" width=\"683\" height=\"512\" srcset=\"https:\/\/cmnordeste.pt\/desporto\/wp-content\/uploads\/sites\/5\/2024\/10\/polidesportivo-da-ebs-nordeste-683x512.jpg 683w, https:\/\/cmnordeste.pt\/desporto\/wp-content\/uploads\/sites\/5\/2024\/10\/polidesportivo-da-ebs-nordeste-768x576.jpg 768w, https:\/\/cmnordeste.pt\/desporto\/wp-content\/uploads\/sites\/5\/2024\/10\/polidesportivo-da-ebs-nordeste.jpg 1024w\" sizes=\"auto, (max-width: 683px) 100vw, 683px\" \/><\/a><\/p>\n<p>&nbsp;<\/p>\n<p class=\"separador_bloco\">\n<h2>Pedreira<\/h2>\n<p><strong>Polidesportivo<\/strong><\/p>\n<div style=\"padding-left: 40px;\">Modalidades: Futsal<\/div>\n<div style=\"padding-left: 40px;\">Localiza\u00e7\u00e3o: Estrada Regional<\/div>\n<div style=\"padding-left: 40px;\">Entidade Respons\u00e1vel: Junta de Freguesia de Nordeste<\/div>\n<div style=\"padding-left: 40px;\">Contacto: 296 488 002\u00a0<\/div>\n<div style=\"padding-left: 40px;\"><\/div>\n<p>&nbsp;<\/p>\n<p><a href=\"https:\/\/cmnordeste.pt\/desporto\/wp-content\/uploads\/sites\/5\/2024\/10\/polidesportivo-da-pedreira-1.jpg\"><img loading=\"lazy\" decoding=\"async\" title=\"Polidesportivo Pedreira\" src=\"https:\/\/cmnordeste.pt\/desporto\/wp-content\/uploads\/sites\/5\/2024\/10\/polidesportivo-da-pedreira-1-683x512.jpg\" alt=\"Polidesportivo da Pedreira 1\" class=\"_img_responsive_grid col-xs-12 col-sm-6 alignnone wp-image-7352 size-medium\" width=\"683\" height=\"512\" srcset=\"https:\/\/cmnordeste.pt\/desporto\/wp-content\/uploads\/sites\/5\/2024\/10\/polidesportivo-da-pedreira-1-683x512.jpg 683w, https:\/\/cmnordeste.pt\/desporto\/wp-content\/uploads\/sites\/5\/2024\/10\/polidesportivo-da-pedreira-1-768x576.jpg 768w, https:\/\/cmnordeste.pt\/desporto\/wp-content\/uploads\/sites\/5\/2024\/10\/polidesportivo-da-pedreira-1.jpg 1024w\" sizes=\"auto, (max-width: 683px) 100vw, 683px\" \/><\/a><\/p>\n<p><a href=\"https:\/\/cmnordeste.pt\/desporto\/wp-content\/uploads\/sites\/5\/2024\/10\/polidesportivo-da-pedreira-2.jpg\"><img loading=\"lazy\" decoding=\"async\" title=\"Polidesportivo Pedreira\" src=\"https:\/\/cmnordeste.pt\/desporto\/wp-content\/uploads\/sites\/5\/2024\/10\/polidesportivo-da-pedreira-2-683x512.jpg\" alt=\"Polidesportivo da Pedreira 2\" class=\"_img_responsive_grid col-xs-12 col-sm-6 alignnone wp-image-7353 size-medium\" width=\"683\" height=\"512\" srcset=\"https:\/\/cmnordeste.pt\/desporto\/wp-content\/uploads\/sites\/5\/2024\/10\/polidesportivo-da-pedreira-2-683x512.jpg 683w, https:\/\/cmnordeste.pt\/desporto\/wp-content\/uploads\/sites\/5\/2024\/10\/polidesportivo-da-pedreira-2-768x576.jpg 768w, https:\/\/cmnordeste.pt\/desporto\/wp-content\/uploads\/sites\/5\/2024\/10\/polidesportivo-da-pedreira-2.jpg 1024w\" sizes=\"auto, (max-width: 683px) 100vw, 683px\" \/><\/a><\/p>\n<p>&nbsp;<\/p>\n<p class=\"separador_bloco\">\n<h2>Salga<\/h2>\n<p><strong>Polidesportivo<\/strong><\/p>\n<div style=\"padding-left: 40px;\">Modalidades: Futebol e Voleibol<\/div>\n<div style=\"padding-left: 40px;\">Localiza\u00e7\u00e3o: Rua Direita<\/div>\n<div style=\"padding-left: 40px;\">Entidade Respons\u00e1vel: Junta de Freguesia da Salga<\/div>\n<div style=\"padding-left: 40px;\">Contacto: 296 462 301 (dias uteis)<\/div>\n<p>&nbsp;<\/p>\n<p><a data-postid=\"fsg_post_7258\" data-imgid=\"7309\" href=\"https:\/\/cmnordeste.pt\/desporto\/wp-content\/uploads\/sites\/5\/2019\/10\/polidesportivo_salga_1_ok.jpg\"><img loading=\"lazy\" decoding=\"async\" title=\"Polidesportivo Salga\" src=\"https:\/\/cmnordeste.pt\/desporto\/wp-content\/uploads\/sites\/5\/2019\/10\/polidesportivo_salga_1_ok-683x512.jpg\" alt=\"Polidesportivo Salga\" class=\"_img_responsive_grid col-xs-12 col-sm-6 alignnone wp-image-7309 size-medium\" width=\"683\" height=\"512\" srcset=\"https:\/\/cmnordeste.pt\/desporto\/wp-content\/uploads\/sites\/5\/2019\/10\/polidesportivo_salga_1_ok-683x512.jpg 683w, https:\/\/cmnordeste.pt\/desporto\/wp-content\/uploads\/sites\/5\/2019\/10\/polidesportivo_salga_1_ok-768x576.jpg 768w, https:\/\/cmnordeste.pt\/desporto\/wp-content\/uploads\/sites\/5\/2019\/10\/polidesportivo_salga_1_ok.jpg 1024w\" sizes=\"auto, (max-width: 683px) 100vw, 683px\" \/><\/a><\/p>\n<p><a data-postid=\"fsg_post_7258\" data-imgid=\"7308\" href=\"https:\/\/cmnordeste.pt\/desporto\/wp-content\/uploads\/sites\/5\/2019\/10\/polidesportivo_salga_2.jpg\"><img loading=\"lazy\" decoding=\"async\" title=\"Polidesportivo Salga\" src=\"https:\/\/cmnordeste.pt\/desporto\/wp-content\/uploads\/sites\/5\/2019\/10\/polidesportivo_salga_2-683x512.jpg\" alt=\"Polidesportivo Salga\" class=\"_img_responsive_grid col-xs-12 col-sm-6 alignnone wp-image-7308 size-medium\" width=\"683\" height=\"512\" srcset=\"https:\/\/cmnordeste.pt\/desporto\/wp-content\/uploads\/sites\/5\/2019\/10\/polidesportivo_salga_2-683x512.jpg 683w, https:\/\/cmnordeste.pt\/desporto\/wp-content\/uploads\/sites\/5\/2019\/10\/polidesportivo_salga_2-768x576.jpg 768w, https:\/\/cmnordeste.pt\/desporto\/wp-content\/uploads\/sites\/5\/2019\/10\/polidesportivo_salga_2.jpg 1024w\" sizes=\"auto, (max-width: 683px) 100vw, 683px\" \/><\/a><\/p>\n<p>&nbsp;<\/p>\n<p class=\"separador_bloco\">\n<h2>Santana &#8211; Feteira Pequena<\/h2>\n<p><strong>Polidesportivo<\/strong><\/p>\n<div style=\"padding-left: 40px;\">Modalidades: Futsal e Voleibol<\/div>\n<div style=\"padding-left: 40px;\">Localiza\u00e7\u00e3o: Rua da Igreja<\/div>\n<div style=\"padding-left: 40px;\">Entidade Respons\u00e1vel: Junta de Freguesia de Santana<\/div>\n<div style=\"padding-left: 40px;\">Contacto: 296 452 990 (dias \u00fateis)<\/div>\n<p>&nbsp;<\/p>\n<p><a data-postid=\"fsg_post_7258\" data-imgid=\"7300\" href=\"https:\/\/cmnordeste.pt\/desporto\/wp-content\/uploads\/sites\/5\/2019\/09\/polidesportivo-feteira-pequena.jpg\"><img loading=\"lazy\" decoding=\"async\" title=\"polidesportivo feteira pequena\" src=\"https:\/\/cmnordeste.pt\/desporto\/wp-content\/uploads\/sites\/5\/2019\/09\/polidesportivo-feteira-pequena-768x432.jpg\" alt=\"polidesportivo feteira pequena\" class=\"_img_responsive_grid col-xs-12 col-sm-6 alignnone wp-image-7300 size-medium\" width=\"768\" height=\"432\" srcset=\"https:\/\/cmnordeste.pt\/desporto\/wp-content\/uploads\/sites\/5\/2019\/09\/polidesportivo-feteira-pequena-768x432.jpg 768w, https:\/\/cmnordeste.pt\/desporto\/wp-content\/uploads\/sites\/5\/2019\/09\/polidesportivo-feteira-pequena.jpg 1024w\" sizes=\"auto, (max-width: 768px) 100vw, 768px\" \/><\/a><\/p>\n<p><a data-postid=\"fsg_post_7258\" data-imgid=\"7301\" href=\"https:\/\/cmnordeste.pt\/desporto\/wp-content\/uploads\/sites\/5\/2019\/09\/polidesportivo-feteira-pequena-a.jpg\"><img loading=\"lazy\" decoding=\"async\" title=\"polidesportivo feteira pequena (a)\" src=\"https:\/\/cmnordeste.pt\/desporto\/wp-content\/uploads\/sites\/5\/2019\/09\/polidesportivo-feteira-pequena-a-768x432.jpg\" alt=\"polidesportivo feteira pequena (a)\" class=\"_img_responsive_grid col-xs-12 col-sm-6 alignnone wp-image-7301 size-medium\" width=\"768\" height=\"432\" srcset=\"https:\/\/cmnordeste.pt\/desporto\/wp-content\/uploads\/sites\/5\/2019\/09\/polidesportivo-feteira-pequena-a-768x432.jpg 768w, https:\/\/cmnordeste.pt\/desporto\/wp-content\/uploads\/sites\/5\/2019\/09\/polidesportivo-feteira-pequena-a.jpg 1024w\" sizes=\"auto, (max-width: 768px) 100vw, 768px\" \/><\/a><\/p>\n<p>&nbsp;<\/p>\n<p class=\"separador_bloco\">\n<h2>S\u00e3o Pedro de Nordestinho<\/h2>\n<p><strong>Complexo Desportivo de S\u00e3o Pedro de Nordestinho<\/strong><\/p>\n<div style=\"padding-left: 40px;\">Modalidades: Futsal e Fitness<\/div>\n<div style=\"padding-left: 40px;\">Morada: Caminho Lomba da Al\u00e9m<\/div>\n<div style=\"padding-left: 40px;\">Entidade Respons\u00e1vel: Junta de Freguesia de S\u00e3o Pedro de Nordestinho<\/div>\n<div style=\"padding-left: 40px;\">Contatos Telef\u00f3nicos: 296 486 150 (dias \u00fateis)<\/div>\n<p>&nbsp;<\/p>\n<p><a data-postid=\"fsg_post_7258\" data-imgid=\"7347\" href=\"https:\/\/cmnordeste.pt\/desporto\/wp-content\/uploads\/sites\/5\/2024\/10\/complexo-desportivo-de-sao-pedro.jpg\"><img loading=\"lazy\" decoding=\"async\" title=\"Complexo Desportivo de S\u00e3o Pedro\" src=\"https:\/\/cmnordeste.pt\/desporto\/wp-content\/uploads\/sites\/5\/2024\/10\/complexo-desportivo-de-sao-pedro-683x512.jpg\" alt=\"Complexo Desportivo de S\u00e3o Pedro\" width=\"683\" height=\"512\" class=\"_img_responsive_grid col-xs-12 col-sm-6  alignnone wp-image-7347 size-medium\" srcset=\"https:\/\/cmnordeste.pt\/desporto\/wp-content\/uploads\/sites\/5\/2024\/10\/complexo-desportivo-de-sao-pedro-683x512.jpg 683w, https:\/\/cmnordeste.pt\/desporto\/wp-content\/uploads\/sites\/5\/2024\/10\/complexo-desportivo-de-sao-pedro-768x576.jpg 768w, https:\/\/cmnordeste.pt\/desporto\/wp-content\/uploads\/sites\/5\/2024\/10\/complexo-desportivo-de-sao-pedro.jpg 1024w\" sizes=\"auto, (max-width: 683px) 100vw, 683px\" \/><\/a><\/p>\n<p>&nbsp;<\/p>\n<p class=\"separador_bloco\">\n<h2>Santo Ant\u00f3nio de Nordestinho<\/h2>\n<p><strong>Campo de Santo Ant\u00f3nio de Nordestinho<\/strong><\/p>\n<div style=\"padding-left: 40px;\">Modalidades: futsal\u00a0<\/div>\n<div style=\"padding-left: 40px;\">Morada: Estrada Regional S\/N 9630-230 Santo Ant\u00f3nio (traseira do edif\u00edcio da escola prim\u00e1ria)<\/div>\n<div style=\"padding-left: 40px;\">Entidade Respons\u00e1vel: Junta de Freguesia de Santo Ant\u00f3nio<\/div>\n<div style=\"padding-left: 40px;\">Contatos Telef\u00f3nicos:\u00a0 296 486092 (dias \u00fateis)<\/div>\n<div>\u00a0 \u00a0 \u00a0 \u00a0 \u00a0 Email: jfsanordestinho@sapo.pt<\/div>\n<div><\/div>\n<div>\n<p><img loading=\"lazy\" decoding=\"async\" title=\"Instala\u00e7\u00f5es Desportivas\" src=\"https:\/\/cmnordeste.pt\/desporto\/wp-content\/uploads\/sites\/5\/2025\/12\/dji_0289-768x512.jpg\" alt=\"Instala\u00e7\u00f5es Desportivas\" width=\"768\" height=\"512\" class=\"_img_responsive_grid col-xs-12 col-sm-6 alignnone wp-image-7363 size-medium\" srcset=\"https:\/\/cmnordeste.pt\/desporto\/wp-content\/uploads\/sites\/5\/2025\/12\/dji_0289-768x512.jpg 768w, https:\/\/cmnordeste.pt\/desporto\/wp-content\/uploads\/sites\/5\/2025\/12\/dji_0289-1024x683.jpg 1024w, https:\/\/cmnordeste.pt\/desporto\/wp-content\/uploads\/sites\/5\/2025\/12\/dji_0289.jpg 1920w\" sizes=\"auto, (max-width: 768px) 100vw, 768px\" \/><\/p>\n<\/div>\n<p>&nbsp;<\/p>\n<p class=\"separador_bloco\">\n","protected":false},"excerpt":{"rendered":"<p>Achada Pavilh\u00e3o Modalidades: Futsal Localiza\u00e7\u00e3o: Estrada Regional &#8211; Achada Entidade Respons\u00e1vel: Servi\u00e7o de Desporto de S\u00e3o Miguel Contactos: Tel.: 296 630 610 &#8211; Email: sd.s.miguel@azores.gov.pt &nbsp; Achadinha Polidesportivo Modalidades: Futsal e T\u00e9nis Localiza\u00e7\u00e3o: Rua do Romano Entidade Respons\u00e1vel: Junta de Freguesia da Achadinha Contacto: 296 452 950 &nbsp; Algarvia Polidesportivo Modalidades: Futsal, Voleibol e T\u00e9nis [&hellip;]<\/p>\n","protected":false},"author":1,"featured_media":7287,"parent":0,"menu_order":0,"comment_status":"closed","ping_status":"closed","template":"page-conteudos-1.php","meta":{"_acf_changed":false,"footnotes":""},"class_list":["post-7258","page","type-page","status-publish","has-post-thumbnail","hentry"],"acf":[],"yoast_head":"<!-- This site is optimized with the Yoast SEO plugin v27.4 - https:\/\/yoast.com\/product\/yoast-seo-wordpress\/ -->\n<title>Instala\u00e7\u00f5es Desportivas - Desporto<\/title>\n<meta name=\"robots\" content=\"index, follow, max-snippet:-1, max-image-preview:large, max-video-preview:-1\" \/>\n<link rel=\"canonical\" href=\"https:\/\/cmnordeste.pt\/desporto\/instalacoes-desportivas\/\" \/>\n<meta property=\"og:locale\" content=\"pt_PT\" \/>\n<meta property=\"og:type\" content=\"article\" \/>\n<meta property=\"og:title\" content=\"Instala\u00e7\u00f5es Desportivas - Desporto\" \/>\n<meta property=\"og:description\" content=\"Achada Pavilh\u00e3o Modalidades: Futsal Localiza\u00e7\u00e3o: Estrada Regional &#8211; Achada Entidade Respons\u00e1vel: Servi\u00e7o de Desporto de S\u00e3o Miguel Contactos: Tel.: 296 630 610 &#8211; Email: sd.s.miguel@azores.gov.pt &nbsp; Achadinha Polidesportivo Modalidades: Futsal e T\u00e9nis Localiza\u00e7\u00e3o: Rua do Romano Entidade Respons\u00e1vel: Junta de Freguesia da Achadinha Contacto: 296 452 950 &nbsp; Algarvia Polidesportivo Modalidades: Futsal, Voleibol e T\u00e9nis [&hellip;]\" \/>\n<meta property=\"og:url\" content=\"https:\/\/cmnordeste.pt\/desporto\/instalacoes-desportivas\/\" \/>\n<meta property=\"og:site_name\" content=\"Desporto\" \/>\n<meta property=\"article:modified_time\" content=\"2026-03-10T19:52:48+00:00\" \/>\n<meta property=\"og:image\" content=\"https:\/\/cmnordeste.pt\/desporto\/wp-content\/uploads\/sites\/5\/2019\/07\/pavilhao_achada_3.jpg\" \/>\n<meta name=\"twitter:card\" content=\"summary_large_image\" \/>\n<meta name=\"twitter:label1\" content=\"Tempo estimado de leitura\" \/>\n\t<meta name=\"twitter:data1\" content=\"2 minutos\" \/>\n<script type=\"application\/ld+json\" class=\"yoast-schema-graph\">{\"@context\":\"https:\\\/\\\/schema.org\",\"@graph\":[{\"@type\":\"WebPage\",\"@id\":\"https:\\\/\\\/cmnordeste.pt\\\/desporto\\\/instalacoes-desportivas\\\/\",\"url\":\"https:\\\/\\\/cmnordeste.pt\\\/desporto\\\/instalacoes-desportivas\\\/\",\"name\":\"Instala\u00e7\u00f5es Desportivas - Desporto\",\"isPartOf\":{\"@id\":\"https:\\\/\\\/cmnordeste.pt\\\/desporto\\\/#website\"},\"primaryImageOfPage\":{\"@id\":\"https:\\\/\\\/cmnordeste.pt\\\/desporto\\\/instalacoes-desportivas\\\/#primaryimage\"},\"image\":{\"@id\":\"https:\\\/\\\/cmnordeste.pt\\\/desporto\\\/instalacoes-desportivas\\\/#primaryimage\"},\"thumbnailUrl\":\"https:\\\/\\\/cmnordeste.pt\\\/desporto\\\/wp-content\\\/uploads\\\/sites\\\/5\\\/2019\\\/09\\\/complexo-desportivo-municipal-campo-de-futsal-vila.jpg\",\"datePublished\":\"2025-12-29T14:18:55+00:00\",\"dateModified\":\"2026-03-10T19:52:48+00:00\",\"breadcrumb\":{\"@id\":\"https:\\\/\\\/cmnordeste.pt\\\/desporto\\\/instalacoes-desportivas\\\/#breadcrumb\"},\"inLanguage\":\"pt-PT\",\"potentialAction\":[{\"@type\":\"ReadAction\",\"target\":[\"https:\\\/\\\/cmnordeste.pt\\\/desporto\\\/instalacoes-desportivas\\\/\"]}]},{\"@type\":\"ImageObject\",\"inLanguage\":\"pt-PT\",\"@id\":\"https:\\\/\\\/cmnordeste.pt\\\/desporto\\\/instalacoes-desportivas\\\/#primaryimage\",\"url\":\"https:\\\/\\\/cmnordeste.pt\\\/desporto\\\/wp-content\\\/uploads\\\/sites\\\/5\\\/2019\\\/09\\\/complexo-desportivo-municipal-campo-de-futsal-vila.jpg\",\"contentUrl\":\"https:\\\/\\\/cmnordeste.pt\\\/desporto\\\/wp-content\\\/uploads\\\/sites\\\/5\\\/2019\\\/09\\\/complexo-desportivo-municipal-campo-de-futsal-vila.jpg\",\"width\":1024,\"height\":683,\"caption\":\"Complexo Desportivo Municipal Campo de Futsal Vila\"},{\"@type\":\"BreadcrumbList\",\"@id\":\"https:\\\/\\\/cmnordeste.pt\\\/desporto\\\/instalacoes-desportivas\\\/#breadcrumb\",\"itemListElement\":[{\"@type\":\"ListItem\",\"position\":1,\"name\":\"In\u00edcio\",\"item\":\"https:\\\/\\\/cmnordeste.pt\\\/desporto\\\/\"},{\"@type\":\"ListItem\",\"position\":2,\"name\":\"Instala\u00e7\u00f5es Desportivas\"}]},{\"@type\":\"WebSite\",\"@id\":\"https:\\\/\\\/cmnordeste.pt\\\/desporto\\\/#website\",\"url\":\"https:\\\/\\\/cmnordeste.pt\\\/desporto\\\/\",\"name\":\"Desporto\",\"description\":\"Desporto no Nordeste\",\"potentialAction\":[{\"@type\":\"SearchAction\",\"target\":{\"@type\":\"EntryPoint\",\"urlTemplate\":\"https:\\\/\\\/cmnordeste.pt\\\/desporto\\\/?s={search_term_string}\"},\"query-input\":{\"@type\":\"PropertyValueSpecification\",\"valueRequired\":true,\"valueName\":\"search_term_string\"}}],\"inLanguage\":\"pt-PT\"}]}<\/script>\n<!-- \/ Yoast SEO plugin. -->","yoast_head_json":{"title":"Instala\u00e7\u00f5es Desportivas - Desporto","robots":{"index":"index","follow":"follow","max-snippet":"max-snippet:-1","max-image-preview":"max-image-preview:large","max-video-preview":"max-video-preview:-1"},"canonical":"https:\/\/cmnordeste.pt\/desporto\/instalacoes-desportivas\/","og_locale":"pt_PT","og_type":"article","og_title":"Instala\u00e7\u00f5es Desportivas - Desporto","og_description":"Achada Pavilh\u00e3o Modalidades: Futsal Localiza\u00e7\u00e3o: Estrada Regional &#8211; Achada Entidade Respons\u00e1vel: Servi\u00e7o de Desporto de S\u00e3o Miguel Contactos: Tel.: 296 630 610 &#8211; Email: sd.s.miguel@azores.gov.pt &nbsp; Achadinha Polidesportivo Modalidades: Futsal e T\u00e9nis Localiza\u00e7\u00e3o: Rua do Romano Entidade Respons\u00e1vel: Junta de Freguesia da Achadinha Contacto: 296 452 950 &nbsp; Algarvia Polidesportivo Modalidades: Futsal, Voleibol e T\u00e9nis [&hellip;]","og_url":"https:\/\/cmnordeste.pt\/desporto\/instalacoes-desportivas\/","og_site_name":"Desporto","article_modified_time":"2026-03-10T19:52:48+00:00","og_image":[{"url":"https:\/\/cmnordeste.pt\/desporto\/wp-content\/uploads\/sites\/5\/2019\/07\/pavilhao_achada_3.jpg","type":"","width":"","height":""}],"twitter_card":"summary_large_image","twitter_misc":{"Tempo estimado de leitura":"2 minutos"},"schema":{"@context":"https:\/\/schema.org","@graph":[{"@type":"WebPage","@id":"https:\/\/cmnordeste.pt\/desporto\/instalacoes-desportivas\/","url":"https:\/\/cmnordeste.pt\/desporto\/instalacoes-desportivas\/","name":"Instala\u00e7\u00f5es Desportivas - Desporto","isPartOf":{"@id":"https:\/\/cmnordeste.pt\/desporto\/#website"},"primaryImageOfPage":{"@id":"https:\/\/cmnordeste.pt\/desporto\/instalacoes-desportivas\/#primaryimage"},"image":{"@id":"https:\/\/cmnordeste.pt\/desporto\/instalacoes-desportivas\/#primaryimage"},"thumbnailUrl":"https:\/\/cmnordeste.pt\/desporto\/wp-content\/uploads\/sites\/5\/2019\/09\/complexo-desportivo-municipal-campo-de-futsal-vila.jpg","datePublished":"2025-12-29T14:18:55+00:00","dateModified":"2026-03-10T19:52:48+00:00","breadcrumb":{"@id":"https:\/\/cmnordeste.pt\/desporto\/instalacoes-desportivas\/#breadcrumb"},"inLanguage":"pt-PT","potentialAction":[{"@type":"ReadAction","target":["https:\/\/cmnordeste.pt\/desporto\/instalacoes-desportivas\/"]}]},{"@type":"ImageObject","inLanguage":"pt-PT","@id":"https:\/\/cmnordeste.pt\/desporto\/instalacoes-desportivas\/#primaryimage","url":"https:\/\/cmnordeste.pt\/desporto\/wp-content\/uploads\/sites\/5\/2019\/09\/complexo-desportivo-municipal-campo-de-futsal-vila.jpg","contentUrl":"https:\/\/cmnordeste.pt\/desporto\/wp-content\/uploads\/sites\/5\/2019\/09\/complexo-desportivo-municipal-campo-de-futsal-vila.jpg","width":1024,"height":683,"caption":"Complexo Desportivo Municipal Campo de Futsal Vila"},{"@type":"BreadcrumbList","@id":"https:\/\/cmnordeste.pt\/desporto\/instalacoes-desportivas\/#breadcrumb","itemListElement":[{"@type":"ListItem","position":1,"name":"In\u00edcio","item":"https:\/\/cmnordeste.pt\/desporto\/"},{"@type":"ListItem","position":2,"name":"Instala\u00e7\u00f5es Desportivas"}]},{"@type":"WebSite","@id":"https:\/\/cmnordeste.pt\/desporto\/#website","url":"https:\/\/cmnordeste.pt\/desporto\/","name":"Desporto","description":"Desporto no Nordeste","potentialAction":[{"@type":"SearchAction","target":{"@type":"EntryPoint","urlTemplate":"https:\/\/cmnordeste.pt\/desporto\/?s={search_term_string}"},"query-input":{"@type":"PropertyValueSpecification","valueRequired":true,"valueName":"search_term_string"}}],"inLanguage":"pt-PT"}]}},"_links":{"self":[{"href":"https:\/\/cmnordeste.pt\/desporto\/wp-json\/wp\/v2\/pages\/7258","targetHints":{"allow":["GET"]}}],"collection":[{"href":"https:\/\/cmnordeste.pt\/desporto\/wp-json\/wp\/v2\/pages"}],"about":[{"href":"https:\/\/cmnordeste.pt\/desporto\/wp-json\/wp\/v2\/types\/page"}],"author":[{"embeddable":true,"href":"https:\/\/cmnordeste.pt\/desporto\/wp-json\/wp\/v2\/users\/1"}],"replies":[{"embeddable":true,"href":"https:\/\/cmnordeste.pt\/desporto\/wp-json\/wp\/v2\/comments?post=7258"}],"version-history":[{"count":17,"href":"https:\/\/cmnordeste.pt\/desporto\/wp-json\/wp\/v2\/pages\/7258\/revisions"}],"predecessor-version":[{"id":7369,"href":"https:\/\/cmnordeste.pt\/desporto\/wp-json\/wp\/v2\/pages\/7258\/revisions\/7369"}],"wp:featuredmedia":[{"embeddable":true,"href":"https:\/\/cmnordeste.pt\/desporto\/wp-json\/wp\/v2\/media\/7287"}],"wp:attachment":[{"href":"https:\/\/cmnordeste.pt\/desporto\/wp-json\/wp\/v2\/media?parent=7258"}],"curies":[{"name":"wp","href":"https:\/\/api.w.org\/{rel}","templated":true}]}}