{"id":24,"date":"2025-12-18T09:40:29","date_gmt":"2025-12-18T09:40:29","guid":{"rendered":"https:\/\/cmnordeste.pt\/municipio\/?page_id=24"},"modified":"2025-12-18T10:45:53","modified_gmt":"2025-12-18T10:45:53","slug":"contatos-da-autarquia","status":"publish","type":"page","link":"https:\/\/cmnordeste.pt\/municipio\/","title":{"rendered":"Contactos da Autarquia"},"content":{"rendered":"<h2>C\u00e2mara Municipal do Nordeste<\/h2>\n<p style=\"text-align: justify\">Pra\u00e7a da Rep\u00fablica, 9630 &#8211; Nordeste<\/p>\n<p style=\"text-align: justify\">Tel: 296 480 060<\/p>\n<p style=\"text-align: justify\">E-mail: <a href=\"mailto:geral@cmnordeste.pt\">geral@cmnordeste.pt<\/a><\/p>\n<p>&nbsp;<\/p>\n<p><strong>Hor\u00e1rio de funcionamento<\/strong><\/p>\n<p>08h30-12h30 \/ 13h30-16h30 (dias \u00fateis)<\/p>\n<p>&nbsp;<\/p>\n<p>&nbsp;<\/p>\n<table style=\"height: 1412px\">\n<colgroup>\n<col width=\"70%\" \/>\n<col width=\"30%\" \/> <\/colgroup>\n<tbody>\n<tr style=\"height: 190px\">\n<td style=\"height: 190px;width: 674.063px\">\n<h2>Presidente<\/h2>\n<p style=\"text-align: justify\"><strong>Ant\u00f3nio Miguel Borges Soares<br \/>\n<\/strong><\/p>\n<p>Pelouro: <span>gest\u00e3o financeira, fundos comunit\u00e1rios, obras municipais, obras particulares, Prote\u00e7\u00e3o Civil e recursos humanos.<\/span><\/p>\n<p style=\"text-align: justify\">E-mail:\u00a0<a href=\"mailto:presidente@cmnordeste.pt\">presidente@cmnordeste.pt<br \/>\n<\/a>Tel: 296 480 064<\/p>\n<p>Nota biogr\u00e1fica: <a href=\"https:\/\/cmnordeste.pt\/municipio\/wp-content\/uploads\/sites\/3\/2014\/07\/PresidenteCMN.pdf\" class=\"mtli_attachment mtli_pdf\" rel=\"\">Presidente CMN<\/a><\/p>\n<\/td>\n<td style=\"height: 190px;width: 285.563px\"><\/td>\n<\/tr>\n<tr style=\"height: 204px\">\n<td style=\"height: 204px;width: 674.063px\">\n<h2>Vice-presid\u00eancia\u00a0<\/h2>\n<p style=\"text-align: justify\"><strong>Marco Paulo Rebelo Mour\u00e3o<br \/>\n<\/strong>Pelouro: <span>turismo, ambiente, comunica\u00e7\u00e3o e cultura, desporto e tempos livres, tr\u00e2nsito e topon\u00edmia.<\/span><strong><\/strong><\/p>\n<p>E-mail:\u00a0<a href=\"mailto:vereador@cmnordeste.pt\">vicepresidente@cmnordeste.pt<br \/>\n<\/a><a href=\"mailto:luisdutra@cmnordeste.pt\" style=\"text-align: justify;font-family: inherit;font-size: inherit\"><\/a><span style=\"text-align: justify;font-family: inherit;font-size: inherit\">Tel: 296 480 060\/64<br \/>\nNota biogr\u00e1fica: <a href=\"https:\/\/cmnordeste.pt\/municipio\/wp-content\/uploads\/sites\/3\/2025\/12\/vice-presidente-cmn.pdf\" class=\"mtli_attachment mtli_pdf\">Vice presidente CMN<\/a><\/span><\/p>\n<p>&nbsp;<\/p>\n<\/td>\n<td style=\"height: 204px;width: 285.563px\"><\/td>\n<\/tr>\n<tr>\n<td style=\"width: 674.063px\">\n<h3>Verea\u00e7\u00e3o\u00a0<\/h3>\n<p><strong>Sara Raquel Mendon\u00e7a Sousa<\/strong><br \/>\nPelouro: a\u00e7\u00e3o social, habita\u00e7\u00e3o, patrim\u00f3nio municipal, cidadania e igualdade de g\u00e9nero.<\/p>\n<p>Email: vereadora@cmnordeste.pt\u00a0<\/p>\n<p>Nota biogr\u00e1fica: <a href=\"https:\/\/cmnordeste.pt\/municipio\/wp-content\/uploads\/sites\/3\/2021\/11\/ver-sara-sousa.pdf\" class=\"mtli_attachment mtli_pdf\">Ver. Sara Sousa<\/a><\/p>\n<\/td>\n<td style=\"width: 285.563px\"><\/td>\n<\/tr>\n<tr>\n<td style=\"width: 674.063px\">\n<h2>Verea\u00e7\u00e3o<\/h2>\n<h2>Regime de n\u00e3o Perman\u00eancia<\/h2>\n<p><strong>Fl\u00e1vio da Silva Soares\u00a0<\/strong><\/p>\n<p>Tel: 296 480 060 (C\u00e2mara Municipal do Nordeste)<\/p>\n<p>Nota biogr\u00e1fica: Ver. <a href=\"https:\/\/cmnordeste.pt\/municipio\/wp-content\/uploads\/sites\/3\/2025\/11\/03-biografia-flavio-soares.pdf\" class=\"mtli_attachment mtli_pdf\">Fla\u0301vio Soares<\/a><\/p>\n<\/td>\n<td style=\"width: 285.563px\"><\/td>\n<\/tr>\n<tr style=\"height: 159px\">\n<td style=\"height: 159px;width: 674.063px\">\n<h2><span>Verea\u00e7\u00e3o<br \/>\nRegime de n\u00e3o Perman\u00eancia\u00a0<\/span><\/h2>\n<p><strong>Manuel de Medeiros Paiva<\/strong><\/p>\n<p>Telf: 296 480 060 (C\u00e2mara Municipal do Nordeste)\u00a0<\/p>\n<p>Nota biogr\u00e1fica: a incluir<\/p>\n<\/td>\n<td style=\"height: 159px;width: 285.563px\"><\/td>\n<\/tr>\n<tr style=\"height: 655px\">\n<td style=\"height: 655px;width: 674.063px\">\n<h2>Endere\u00e7os dos Servi\u00e7os<\/h2>\n<p>Atendimento Geral &#8211; <a href=\"mailto:geral@cmnordeste.pt\">geral@cmnordeste.pt<\/a><\/p>\n<p>Apoio \u00e0 Presid\u00eancia &#8211; <a href=\"mailto:apoiopresidencia@cmnordeste.pt\">apoiopresidencia@cmnordeste.pt<\/a><\/p>\n<p>Comunica\u00e7\u00e3o e Cultura &#8211; <a href=\"mailto:cultura@cmnordeste.pt\">cultura@cmnordeste.pt<\/a><\/p>\n<p>Sec\u00e7\u00e3o do Pessoal &#8211;\u00a0<a href=\"mailto:carmeliamedeiros@cmnordeste.pt\">carmeliamedeiros@cmnordeste.pt; <\/a><a href=\"mailto:pessoal@cmnordeste.pt\">pessoal@cmnordeste.pt<\/a><\/p>\n<p>Sec\u00e7\u00e3o do Expediente &#8211; <a href=\"mailto:expediente@cmnordeste.pt\">expediente@cmnordeste.pt<\/a><\/p>\n<p>Sec\u00e7\u00e3o de Contabilidade &#8211; <a href=\"mailto:contabilidade@cmnordeste.pt\">contabilidade@cmnordeste.pt<\/a><\/p>\n<p>Gabinete de Servi\u00e7o Social &#8211; <a href=\"mailto:habitacao@cmnordeste.pt\">servicosocial@cmnordeste.pt<\/a><\/p>\n<p>Sec\u00e7\u00e3o de Taxas e Licen\u00e7as &#8211; <a href=\"mailto:licencas@cmnordeste.pt\">licencas@cmnordeste.pt<\/a><\/p>\n<p>Gabinete de Arquitetura &#8211; <a href=\"mailto:arquitectura@cmnordeste.pt\">arquitectura@cmnordeste.pt<\/a><\/p>\n<p>CPCJN (Comiss\u00e3o de Prote\u00e7\u00e3o de Crian\u00e7as e Jovens) &#8211; cpcj.Nordeste@cnpdpcj.pt<\/p>\n<p>Biblioteca Municipal &#8211; biblioteca@cmnordeste.pt<\/p>\n<p>Aprovisionamento e Patrim\u00f3nio &#8211;\u00a0<a href=\"mailto:aprovisionamento@cmnordeste.pt\">aprovisionamento@cmnordeste.pt<\/a><\/p>\n<p>Inform\u00e1tica &#8211;\u00a0<a href=\"mailto:informatica@cmnordeste.pt\">informatica@cmnordeste.pt<\/a><\/p>\n<p>Tesouraria &#8211;\u00a0<a href=\"mailto:tesouraria@cmnordeste.pt\">tesouraria@cmnordeste.pt<\/a><\/p>\n<p>Posto de Turismo &#8211;\u00a0<a href=\"mailto:posto.turismo@cmnordeste.pt\">posto.turismo@cmnordeste.pt<\/a>;<\/p>\n<p>Museu Municipal Nestor de Sousa &#8211; <a href=\"mailto:museu@cmnordeste.pt\">museu@cmnordeste.pt (temporariamente inativo);<\/a><\/p>\n<p>Fiscaliza\u00e7\u00e3o &#8211;\u00a0<a href=\"mailto:procopiodutra@cmnordeste.pt\">procopiodutra@cmnordeste.pt<\/a>;<\/p>\n<p>Veterin\u00e1rio Municipal &#8211;\u00a0 <a href=\"mailto:veterinario@cmnordeste.pt\">veterinario@cmnordeste.pt &#8211; tel: 96 89 37 957 &#8211; 296 480 060<\/a><\/p>\n<p>Parque de M\u00e1quinas &#8211; parquedemaquinas@cmnordeste.pt<\/p>\n<p>Suporte T\u00e9cnico ao Site &#8211; <a href=\"mailto:suporte@cmnordeste.pt\">suporte@cmnordeste.pt<\/a><\/p>\n<p>Encarregado de Prote\u00e7\u00e3o de Dados &#8211; <a href=\"mailto:manuela.oliveira@goe.com.pt\">manuela.oliveira@goe.com.pt<\/a><\/p>\n<\/td>\n<td style=\"height: 655px;width: 285.563px\"><img loading=\"lazy\" decoding=\"async\" class=\" wp-image-2831 aligncenter\" alt=\"Bras\u00e3o maior resolu\u00e7\u00e3o\" src=\"https:\/\/cmnordeste.pt\/municipio\/wp-content\/uploads\/sites\/3\/2014\/07\/Bras\u00e3o-maior-resolu\u00e7\u00e3o-300x300.png\" width=\"143\" height=\"145\" \/><\/td>\n<\/tr>\n<\/tbody>\n<\/table>\n<p style=\"text-align: justify\"><a href=\"mailto:suporte@cmnordeste.pt\">\u00a0<\/a><\/p>\n","protected":false},"excerpt":{"rendered":"<p>C\u00e2mara Municipal do Nordeste Pra\u00e7a da Rep\u00fablica, 9630 &#8211; Nordeste Tel: 296 480 060 E-mail: geral@cmnordeste.pt &nbsp; Hor\u00e1rio de funcionamento 08h30-12h30 \/ 13h30-16h30 (dias \u00fateis) &nbsp; &nbsp; Presidente Ant\u00f3nio Miguel Borges Soares Pelouro: gest\u00e3o financeira, fundos comunit\u00e1rios, obras municipais, obras particulares, Prote\u00e7\u00e3o Civil e recursos humanos. E-mail:\u00a0presidente@cmnordeste.pt Tel: 296 480 064 Nota biogr\u00e1fica: Presidente CMN [&hellip;]<\/p>\n","protected":false},"author":1,"featured_media":0,"parent":5,"menu_order":11,"comment_status":"closed","ping_status":"closed","template":"page-width-max.php","meta":{"_acf_changed":false,"footnotes":""},"class_list":["post-24","page","type-page","status-publish","hentry"],"acf":[],"yoast_head":"<!-- This site is optimized with the Yoast SEO plugin v27.4 - https:\/\/yoast.com\/product\/yoast-seo-wordpress\/ -->\n<title>Contactos da Autarquia - Munic\u00edpio<\/title>\n<meta name=\"robots\" content=\"index, follow, max-snippet:-1, max-image-preview:large, max-video-preview:-1\" \/>\n<link rel=\"canonical\" href=\"https:\/\/cmnordeste.pt\/municipio\/\" \/>\n<meta property=\"og:locale\" content=\"pt_PT\" \/>\n<meta property=\"og:type\" content=\"article\" \/>\n<meta property=\"og:title\" content=\"Contactos da Autarquia - Munic\u00edpio\" \/>\n<meta property=\"og:description\" content=\"C\u00e2mara Municipal do Nordeste Pra\u00e7a da Rep\u00fablica, 9630 &#8211; Nordeste Tel: 296 480 060 E-mail: geral@cmnordeste.pt &nbsp; Hor\u00e1rio de funcionamento 08h30-12h30 \/ 13h30-16h30 (dias \u00fateis) &nbsp; &nbsp; Presidente Ant\u00f3nio Miguel Borges Soares Pelouro: gest\u00e3o financeira, fundos comunit\u00e1rios, obras municipais, obras particulares, Prote\u00e7\u00e3o Civil e recursos humanos. E-mail:\u00a0presidente@cmnordeste.pt Tel: 296 480 064 Nota biogr\u00e1fica: Presidente CMN [&hellip;]\" \/>\n<meta property=\"og:url\" content=\"https:\/\/cmnordeste.pt\/municipio\/\" \/>\n<meta property=\"og:site_name\" content=\"Munic\u00edpio\" \/>\n<meta property=\"article:modified_time\" content=\"2025-12-18T10:45:53+00:00\" \/>\n<meta name=\"twitter:card\" content=\"summary_large_image\" \/>\n<meta name=\"twitter:label1\" content=\"Tempo estimado de leitura\" \/>\n\t<meta name=\"twitter:data1\" content=\"2 minutos\" \/>\n<script type=\"application\/ld+json\" class=\"yoast-schema-graph\">{\"@context\":\"https:\\\/\\\/schema.org\",\"@graph\":[{\"@type\":\"WebPage\",\"@id\":\"https:\\\/\\\/cmnordeste.pt\\\/municipio\\\/\",\"url\":\"https:\\\/\\\/cmnordeste.pt\\\/municipio\\\/\",\"name\":\"Contactos da Autarquia - Munic\u00edpio\",\"isPartOf\":{\"@id\":\"https:\\\/\\\/cmnordeste.pt\\\/municipio\\\/#website\"},\"datePublished\":\"2025-12-18T09:40:29+00:00\",\"dateModified\":\"2025-12-18T10:45:53+00:00\",\"breadcrumb\":{\"@id\":\"https:\\\/\\\/cmnordeste.pt\\\/municipio\\\/#breadcrumb\"},\"inLanguage\":\"pt-PT\",\"potentialAction\":[{\"@type\":\"ReadAction\",\"target\":[\"https:\\\/\\\/cmnordeste.pt\\\/municipio\\\/\"]}]},{\"@type\":\"BreadcrumbList\",\"@id\":\"https:\\\/\\\/cmnordeste.pt\\\/municipio\\\/#breadcrumb\",\"itemListElement\":[{\"@type\":\"ListItem\",\"position\":1,\"name\":\"In\u00edcio\",\"item\":\"https:\\\/\\\/cmnordeste.pt\\\/municipio\\\/\"},{\"@type\":\"ListItem\",\"position\":2,\"name\":\"Contactos\",\"item\":\"https:\\\/\\\/cmnordeste.pt\\\/municipio\\\/contactos\\\/\"},{\"@type\":\"ListItem\",\"position\":3,\"name\":\"Contactos da Autarquia\"}]},{\"@type\":\"WebSite\",\"@id\":\"https:\\\/\\\/cmnordeste.pt\\\/municipio\\\/#website\",\"url\":\"https:\\\/\\\/cmnordeste.pt\\\/municipio\\\/\",\"name\":\"Munic\u00edpio\",\"description\":\"Munic\u00edpio do Nordeste\",\"potentialAction\":[{\"@type\":\"SearchAction\",\"target\":{\"@type\":\"EntryPoint\",\"urlTemplate\":\"https:\\\/\\\/cmnordeste.pt\\\/municipio\\\/?s={search_term_string}\"},\"query-input\":{\"@type\":\"PropertyValueSpecification\",\"valueRequired\":true,\"valueName\":\"search_term_string\"}}],\"inLanguage\":\"pt-PT\"}]}<\/script>\n<!-- \/ Yoast SEO plugin. -->","yoast_head_json":{"title":"Contactos da Autarquia - Munic\u00edpio","robots":{"index":"index","follow":"follow","max-snippet":"max-snippet:-1","max-image-preview":"max-image-preview:large","max-video-preview":"max-video-preview:-1"},"canonical":"https:\/\/cmnordeste.pt\/municipio\/","og_locale":"pt_PT","og_type":"article","og_title":"Contactos da Autarquia - Munic\u00edpio","og_description":"C\u00e2mara Municipal do Nordeste Pra\u00e7a da Rep\u00fablica, 9630 &#8211; Nordeste Tel: 296 480 060 E-mail: geral@cmnordeste.pt &nbsp; Hor\u00e1rio de funcionamento 08h30-12h30 \/ 13h30-16h30 (dias \u00fateis) &nbsp; &nbsp; Presidente Ant\u00f3nio Miguel Borges Soares Pelouro: gest\u00e3o financeira, fundos comunit\u00e1rios, obras municipais, obras particulares, Prote\u00e7\u00e3o Civil e recursos humanos. E-mail:\u00a0presidente@cmnordeste.pt Tel: 296 480 064 Nota biogr\u00e1fica: Presidente CMN [&hellip;]","og_url":"https:\/\/cmnordeste.pt\/municipio\/","og_site_name":"Munic\u00edpio","article_modified_time":"2025-12-18T10:45:53+00:00","twitter_card":"summary_large_image","twitter_misc":{"Tempo estimado de leitura":"2 minutos"},"schema":{"@context":"https:\/\/schema.org","@graph":[{"@type":"WebPage","@id":"https:\/\/cmnordeste.pt\/municipio\/","url":"https:\/\/cmnordeste.pt\/municipio\/","name":"Contactos da Autarquia - Munic\u00edpio","isPartOf":{"@id":"https:\/\/cmnordeste.pt\/municipio\/#website"},"datePublished":"2025-12-18T09:40:29+00:00","dateModified":"2025-12-18T10:45:53+00:00","breadcrumb":{"@id":"https:\/\/cmnordeste.pt\/municipio\/#breadcrumb"},"inLanguage":"pt-PT","potentialAction":[{"@type":"ReadAction","target":["https:\/\/cmnordeste.pt\/municipio\/"]}]},{"@type":"BreadcrumbList","@id":"https:\/\/cmnordeste.pt\/municipio\/#breadcrumb","itemListElement":[{"@type":"ListItem","position":1,"name":"In\u00edcio","item":"https:\/\/cmnordeste.pt\/municipio\/"},{"@type":"ListItem","position":2,"name":"Contactos","item":"https:\/\/cmnordeste.pt\/municipio\/contactos\/"},{"@type":"ListItem","position":3,"name":"Contactos da Autarquia"}]},{"@type":"WebSite","@id":"https:\/\/cmnordeste.pt\/municipio\/#website","url":"https:\/\/cmnordeste.pt\/municipio\/","name":"Munic\u00edpio","description":"Munic\u00edpio do Nordeste","potentialAction":[{"@type":"SearchAction","target":{"@type":"EntryPoint","urlTemplate":"https:\/\/cmnordeste.pt\/municipio\/?s={search_term_string}"},"query-input":{"@type":"PropertyValueSpecification","valueRequired":true,"valueName":"search_term_string"}}],"inLanguage":"pt-PT"}]}},"_links":{"self":[{"href":"https:\/\/cmnordeste.pt\/municipio\/wp-json\/wp\/v2\/pages\/24","targetHints":{"allow":["GET"]}}],"collection":[{"href":"https:\/\/cmnordeste.pt\/municipio\/wp-json\/wp\/v2\/pages"}],"about":[{"href":"https:\/\/cmnordeste.pt\/municipio\/wp-json\/wp\/v2\/types\/page"}],"author":[{"embeddable":true,"href":"https:\/\/cmnordeste.pt\/municipio\/wp-json\/wp\/v2\/users\/1"}],"replies":[{"embeddable":true,"href":"https:\/\/cmnordeste.pt\/municipio\/wp-json\/wp\/v2\/comments?post=24"}],"version-history":[{"count":10,"href":"https:\/\/cmnordeste.pt\/municipio\/wp-json\/wp\/v2\/pages\/24\/revisions"}],"predecessor-version":[{"id":13960,"href":"https:\/\/cmnordeste.pt\/municipio\/wp-json\/wp\/v2\/pages\/24\/revisions\/13960"}],"up":[{"embeddable":true,"href":"https:\/\/cmnordeste.pt\/municipio\/wp-json\/wp\/v2\/pages\/5"}],"wp:attachment":[{"href":"https:\/\/cmnordeste.pt\/municipio\/wp-json\/wp\/v2\/media?parent=24"}],"curies":[{"name":"wp","href":"https:\/\/api.w.org\/{rel}","templated":true}]}}