{"id":40,"date":"2020-09-25T11:41:50","date_gmt":"2020-09-25T11:41:50","guid":{"rendered":"https:\/\/cmnordeste.pt\/publicacoes\/?page_id=40"},"modified":"2020-09-25T11:43:42","modified_gmt":"2020-09-25T11:43:42","slug":"planos-de-pormenor","status":"publish","type":"page","link":"https:\/\/cmnordeste.pt\/publicacoes\/planos-de-pormenor\/","title":{"rendered":"Planos de Pormenor"},"content":{"rendered":"<h2>Revoga\u00e7\u00e3o do PP &#8211; Vila de Nordeste<\/h2>\n<p><a href=\"https:\/\/cmnordeste.pt\/municipio\/wp-content\/uploads\/sites\/3\/2014\/12\/Aviso-JORNAL-OFICIAL.pdf\" class=\"mtli_attachment mtli_pdf\" rel=\"\">Aviso Jornal Oficial<\/a><\/p>\n<p><a href=\"https:\/\/cmnordeste.pt\/municipio\/wp-content\/uploads\/sites\/3\/2014\/12\/AVISO-DI\u00c1RIO-DA-REP\u00daBLICA.pdf\" class=\"mtli_attachment mtli_pdf\" rel=\"\">Aviso Di\u00e1rio da Rep\u00fablica<\/a><\/p>\n<p><a href=\"https:\/\/cmnordeste.pt\/municipio\/wp-content\/uploads\/sites\/3\/2014\/12\/Minuta-da-ata-da-reuni\u00e3o-AMN-de-28-de-setembro-de-2018.pdf\" class=\"mtli_attachment mtli_pdf\" rel=\"\">Minuta da ata da reuni\u00e3o AMN de 28 de setembro de 2018<\/a><\/p>\n<p><a href=\"https:\/\/cmnordeste.pt\/municipio\/wp-content\/uploads\/sites\/3\/2014\/12\/Ata-n.\u00ba-20-de-23-de-julho-de-2018.pdf\" class=\"mtli_attachment mtli_pdf\" rel=\"\">Ata n.\u00ba 20 de 23 de julho de 2018<\/a><\/p>\n<p><a href=\"https:\/\/cmnordeste.pt\/municipio\/wp-content\/uploads\/sites\/3\/2014\/12\/Relat\u00f3rio-de-Execu\u00e7\u00e3o-e-Avalia\u00e7\u00e3o-PP-VN.pdf\" class=\"mtli_attachment mtli_pdf\" rel=\"\">Relat\u00f3rio de Execu\u00e7\u00e3o e Avalia\u00e7\u00e3o PP-VN<\/a><\/p>\n<p><a href=\"https:\/\/cmnordeste.pt\/municipio\/wp-content\/uploads\/sites\/3\/2014\/12\/PARECER-DA-DRA.pdf\" class=\"mtli_attachment mtli_pdf\" rel=\"\">Parecer emitido pela Dir. Reg. do Ambiente<\/a><\/p>\n<p><a href=\"https:\/\/cmnordeste.pt\/municipio\/wp-content\/uploads\/sites\/3\/2014\/12\/Edital.pdf\" class=\"mtli_attachment mtli_pdf\" rel=\"\">Edital<\/a><\/p>\n<h2>Revis\u00e3o do Plano de Pormenor &#8211; Vila de Nordeste<\/h2>\n<p><a href=\"https:\/\/cmnordeste.pt\/municipio\/wp-content\/uploads\/sites\/3\/2014\/12\/Relat\u00f3rio-do-Plano-de-Pormenor-da-Vila-de-Nordeste.pdf\" class=\"mtli_attachment mtli_pdf\" rel=\"\">Relat\u00f3rio do Plano de Pormenor da Vila de Nordeste<\/a><\/p>\n<p><a href=\"https:\/\/cmnordeste.pt\/municipio\/wp-content\/uploads\/sites\/3\/2014\/12\/Discuss\u00e3o-P\u00fablica-PP-Vila-Nordeste.pdf\" class=\"mtli_attachment mtli_pdf\" rel=\"\">Discuss\u00e3o P\u00fablica PP-Vila Nordeste<\/a><\/p>\n<p><a href=\"https:\/\/cmnordeste.pt\/municipio\/wp-content\/uploads\/sites\/3\/2014\/12\/Despacho-825-2017-Constitui\u00e7\u00e3o-da-CA.pdf\" class=\"mtli_attachment mtli_pdf\" rel=\"\">Despacho 825-2017 &#8211; Constitui\u00e7\u00e3o da CA<\/a><\/p>\n<p><a href=\"https:\/\/cmnordeste.pt\/municipio\/wp-content\/uploads\/sites\/3\/2014\/12\/AVISO-17-2017-PRORROGA\u00c7\u00c3O-MED-PREVENTIVAS.pdf\" class=\"mtli_attachment mtli_pdf\" rel=\"\">AVISO 17-2017 &#8211; Prorroga\u00e7\u00e3o Medidas Preventivas<\/a><\/p>\n<p><a href=\"https:\/\/cmnordeste.pt\/municipio\/wp-content\/uploads\/sites\/3\/2014\/12\/Aviso-de-Publica\u00e7\u00e3o-no-Jornal-Oficial.pdf\" class=\"mtli_attachment mtli_pdf\" rel=\"\">Aviso &#8211; Publica\u00e7\u00e3o no Jornal Oficial<\/a><\/p>\n<p><a href=\"https:\/\/cmnordeste.pt\/municipio\/wp-content\/uploads\/sites\/3\/2014\/12\/Aviso-de-Delibera\u00e7\u00e3o-da-C\u00e2mara-Municipal.pdf\" class=\"mtli_attachment mtli_pdf\" rel=\"\">Aviso de Delibera\u00e7\u00e3o da C\u00e2mara Municipal<\/a><\/p>\n<p><a href=\"https:\/\/cmnordeste.pt\/municipio\/wp-content\/uploads\/sites\/3\/2014\/12\/Formul\u00e1rio-de-Recolha-de-Opini\u00f5es.pdf\" class=\"mtli_attachment mtli_pdf\" rel=\"\">Formul\u00e1rio de Recolha de Opini\u00f5es<\/a><\/p>\n<p><a href=\"https:\/\/cmnordeste.pt\/municipio\/wp-content\/uploads\/sites\/3\/2014\/12\/Relat\u00f3rio-de-Avalia\u00e7\u00e3o-3-Planta.pdf\" class=\"mtli_attachment mtli_pdf\" rel=\"\">Relat\u00f3rio de Avalia\u00e7\u00e3o (3) &#8211; Planta<\/a><\/p>\n<p><a href=\"https:\/\/cmnordeste.pt\/municipio\/wp-content\/uploads\/sites\/3\/2014\/12\/Relat\u00f3rio-de-Avalia\u00e7\u00e3o-2-Anexos.pdf\" class=\"mtli_attachment mtli_pdf\" rel=\"\">Relat\u00f3rio de Avalia\u00e7\u00e3o (2) &#8211; Anexos<\/a><\/p>\n<p><a href=\"https:\/\/cmnordeste.pt\/municipio\/wp-content\/uploads\/sites\/3\/2014\/12\/Relat\u00f3rio-de-Avalia\u00e7\u00e3o-1.pdf\" class=\"mtli_attachment mtli_pdf\" rel=\"\">Relat\u00f3rio de Avalia\u00e7\u00e3o (1)<\/a><\/p>\n<p><a href=\"https:\/\/cmnordeste.pt\/municipio\/wp-content\/uploads\/sites\/3\/2014\/12\/2016-09-21-Delibera\u00e7\u00e3o-da-C\u00e2mara-Municipal.pdf\" class=\"mtli_attachment mtli_pdf\" rel=\"\">2016-09-21 Delibera\u00e7\u00e3o da C\u00e2mara Municipal<\/a><\/p>\n<h2>Plano de Pormenor da Salga<\/h2>\n<p><a href=\"https:\/\/cmnordeste.pt\/publicacoes\/wp-content\/uploads\/sites\/8\/2020\/09\/pps_2009-07-pp-05-02-plt-divisao-cadastral-sobreposta-parcelamento-plano.pdf\" class=\"mtli_attachment mtli_pdf\"> PP.05.02 Plt Divis\u00e3o Cadastral Sobreposta Parcelamento Plano<\/a><\/p>\n<p><a href=\"https:\/\/cmnordeste.pt\/publicacoes\/wp-content\/uploads\/sites\/8\/2020\/09\/pps_2009-07-pp-05-01-plt-divisao-cadastral-existente.pdf\" class=\"mtli_attachment mtli_pdf\"> PP.05.01 Plt Divis\u00e3o Cadastral Existente<\/a><\/p>\n<p><a href=\"https:\/\/cmnordeste.pt\/municipio\/wp-content\/uploads\/sites\/3\/2014\/12\/Relat\u00f3rio-do-Plano-de-Pormenor-da-Salga.pdf\" class=\"mtli_attachment mtli_pdf\" rel=\"\">Relat\u00f3rio do Plano de Pormenor da Salga<\/a><\/p>\n<p><a href=\"https:\/\/cmnordeste.pt\/municipio\/wp-content\/uploads\/sites\/3\/2014\/12\/Discuss\u00e3o-P\u00fablica-PP-Salga.pdf\" class=\"mtli_attachment mtli_pdf\" rel=\"\">Discuss\u00e3o P\u00fablica PP-Salga<\/a><\/p>\n<p><a href=\"https:\/\/cmnordeste.pt\/municipio\/wp-content\/uploads\/sites\/3\/2014\/12\/135_aviso.pdf\" class=\"mtli_attachment mtli_pdf\">Aviso<\/a><\/p>\n<p><a href=\"https:\/\/cmnordeste.pt\/municipio\/wp-content\/uploads\/sites\/3\/2014\/12\/136_certidao.pdf\" class=\"mtli_attachment mtli_pdf\">Certid\u00e3o<\/a><\/p>\n<p><a href=\"https:\/\/cmnordeste.pt\/municipio\/wp-content\/uploads\/sites\/3\/2014\/12\/137_regulamento.pdf\" class=\"mtli_attachment mtli_pdf\">Regulamento<\/a><\/p>\n<p><a class=\"mtli_attachment mtli_tiff\" href=\"https:\/\/cmnordeste.pt\/municipio\/wp-content\/uploads\/sites\/3\/2014\/12\/138_condicionantes.tif\">Condicionantes<\/a><\/p>\n<p><a class=\"mtli_attachment mtli_tiff\" href=\"https:\/\/cmnordeste.pt\/municipio\/wp-content\/uploads\/sites\/3\/2014\/12\/139_enquadramento.tif\">Enquadramento<\/a><\/p>\n<p><a class=\"mtli_attachment mtli_tiff\" href=\"https:\/\/cmnordeste.pt\/municipio\/wp-content\/uploads\/sites\/3\/2014\/12\/140_implantacao.tif\">Implanta\u00e7\u00e3o<\/a><\/p>\n<p><a class=\"mtli_attachment mtli_tiff\" href=\"https:\/\/cmnordeste.pt\/municipio\/wp-content\/uploads\/sites\/3\/2014\/12\/141_zonamento.tif\">Zonamento<\/a><\/p>\n","protected":false},"excerpt":{"rendered":"<p>Revoga\u00e7\u00e3o do PP &#8211; Vila de Nordeste Aviso Jornal Oficial Aviso Di\u00e1rio da Rep\u00fablica Minuta da ata da reuni\u00e3o AMN de 28 de setembro de 2018 Ata n.\u00ba 20 de 23 de julho de 2018 Relat\u00f3rio de Execu\u00e7\u00e3o e Avalia\u00e7\u00e3o PP-VN Parecer emitido pela Dir. Reg. do Ambiente Edital Revis\u00e3o do Plano de Pormenor &#8211; [&hellip;]<\/p>\n","protected":false},"author":1,"featured_media":0,"parent":0,"menu_order":52,"comment_status":"closed","ping_status":"closed","template":"page-publicacoes.php","meta":{"_acf_changed":false,"footnotes":""},"class_list":["post-40","page","type-page","status-publish","hentry"],"acf":[],"yoast_head":"<!-- This site is optimized with the Yoast SEO plugin v27.4 - https:\/\/yoast.com\/product\/yoast-seo-wordpress\/ -->\n<title>Planos de Pormenor - Publica\u00e7\u00f5es<\/title>\n<meta name=\"robots\" content=\"index, follow, max-snippet:-1, max-image-preview:large, max-video-preview:-1\" \/>\n<link rel=\"canonical\" href=\"https:\/\/cmnordeste.pt\/publicacoes\/planos-de-pormenor\/\" \/>\n<meta property=\"og:locale\" content=\"pt_PT\" \/>\n<meta property=\"og:type\" content=\"article\" \/>\n<meta property=\"og:title\" content=\"Planos de Pormenor - Publica\u00e7\u00f5es\" \/>\n<meta property=\"og:description\" content=\"Revoga\u00e7\u00e3o do PP &#8211; Vila de Nordeste Aviso Jornal Oficial Aviso Di\u00e1rio da Rep\u00fablica Minuta da ata da reuni\u00e3o AMN de 28 de setembro de 2018 Ata n.\u00ba 20 de 23 de julho de 2018 Relat\u00f3rio de Execu\u00e7\u00e3o e Avalia\u00e7\u00e3o PP-VN Parecer emitido pela Dir. Reg. do Ambiente Edital Revis\u00e3o do Plano de Pormenor &#8211; [&hellip;]\" \/>\n<meta property=\"og:url\" content=\"https:\/\/cmnordeste.pt\/publicacoes\/planos-de-pormenor\/\" \/>\n<meta property=\"og:site_name\" content=\"Publica\u00e7\u00f5es\" \/>\n<meta property=\"article:modified_time\" content=\"2020-09-25T11:43:42+00:00\" \/>\n<meta name=\"twitter:card\" content=\"summary_large_image\" \/>\n<meta name=\"twitter:label1\" content=\"Tempo estimado de leitura\" \/>\n\t<meta name=\"twitter:data1\" content=\"1 minuto\" \/>\n<script type=\"application\/ld+json\" class=\"yoast-schema-graph\">{\"@context\":\"https:\\\/\\\/schema.org\",\"@graph\":[{\"@type\":\"WebPage\",\"@id\":\"https:\\\/\\\/cmnordeste.pt\\\/publicacoes\\\/planos-de-pormenor\\\/\",\"url\":\"https:\\\/\\\/cmnordeste.pt\\\/publicacoes\\\/planos-de-pormenor\\\/\",\"name\":\"Planos de Pormenor - Publica\u00e7\u00f5es\",\"isPartOf\":{\"@id\":\"https:\\\/\\\/cmnordeste.pt\\\/publicacoes\\\/#website\"},\"datePublished\":\"2020-09-25T11:41:50+00:00\",\"dateModified\":\"2020-09-25T11:43:42+00:00\",\"breadcrumb\":{\"@id\":\"https:\\\/\\\/cmnordeste.pt\\\/publicacoes\\\/planos-de-pormenor\\\/#breadcrumb\"},\"inLanguage\":\"pt-PT\",\"potentialAction\":[{\"@type\":\"ReadAction\",\"target\":[\"https:\\\/\\\/cmnordeste.pt\\\/publicacoes\\\/planos-de-pormenor\\\/\"]}]},{\"@type\":\"BreadcrumbList\",\"@id\":\"https:\\\/\\\/cmnordeste.pt\\\/publicacoes\\\/planos-de-pormenor\\\/#breadcrumb\",\"itemListElement\":[{\"@type\":\"ListItem\",\"position\":1,\"name\":\"In\u00edcio\",\"item\":\"https:\\\/\\\/cmnordeste.pt\\\/publicacoes\\\/\"},{\"@type\":\"ListItem\",\"position\":2,\"name\":\"Planos de Pormenor\"}]},{\"@type\":\"WebSite\",\"@id\":\"https:\\\/\\\/cmnordeste.pt\\\/publicacoes\\\/#website\",\"url\":\"https:\\\/\\\/cmnordeste.pt\\\/publicacoes\\\/\",\"name\":\"Publica\u00e7\u00f5es\",\"description\":\"Publica\u00e7\u00f5es do Munic\u00edpio de Nordeste\",\"potentialAction\":[{\"@type\":\"SearchAction\",\"target\":{\"@type\":\"EntryPoint\",\"urlTemplate\":\"https:\\\/\\\/cmnordeste.pt\\\/publicacoes\\\/?s={search_term_string}\"},\"query-input\":{\"@type\":\"PropertyValueSpecification\",\"valueRequired\":true,\"valueName\":\"search_term_string\"}}],\"inLanguage\":\"pt-PT\"}]}<\/script>\n<!-- \/ Yoast SEO plugin. -->","yoast_head_json":{"title":"Planos de Pormenor - Publica\u00e7\u00f5es","robots":{"index":"index","follow":"follow","max-snippet":"max-snippet:-1","max-image-preview":"max-image-preview:large","max-video-preview":"max-video-preview:-1"},"canonical":"https:\/\/cmnordeste.pt\/publicacoes\/planos-de-pormenor\/","og_locale":"pt_PT","og_type":"article","og_title":"Planos de Pormenor - Publica\u00e7\u00f5es","og_description":"Revoga\u00e7\u00e3o do PP &#8211; Vila de Nordeste Aviso Jornal Oficial Aviso Di\u00e1rio da Rep\u00fablica Minuta da ata da reuni\u00e3o AMN de 28 de setembro de 2018 Ata n.\u00ba 20 de 23 de julho de 2018 Relat\u00f3rio de Execu\u00e7\u00e3o e Avalia\u00e7\u00e3o PP-VN Parecer emitido pela Dir. Reg. do Ambiente Edital Revis\u00e3o do Plano de Pormenor &#8211; [&hellip;]","og_url":"https:\/\/cmnordeste.pt\/publicacoes\/planos-de-pormenor\/","og_site_name":"Publica\u00e7\u00f5es","article_modified_time":"2020-09-25T11:43:42+00:00","twitter_card":"summary_large_image","twitter_misc":{"Tempo estimado de leitura":"1 minuto"},"schema":{"@context":"https:\/\/schema.org","@graph":[{"@type":"WebPage","@id":"https:\/\/cmnordeste.pt\/publicacoes\/planos-de-pormenor\/","url":"https:\/\/cmnordeste.pt\/publicacoes\/planos-de-pormenor\/","name":"Planos de Pormenor - Publica\u00e7\u00f5es","isPartOf":{"@id":"https:\/\/cmnordeste.pt\/publicacoes\/#website"},"datePublished":"2020-09-25T11:41:50+00:00","dateModified":"2020-09-25T11:43:42+00:00","breadcrumb":{"@id":"https:\/\/cmnordeste.pt\/publicacoes\/planos-de-pormenor\/#breadcrumb"},"inLanguage":"pt-PT","potentialAction":[{"@type":"ReadAction","target":["https:\/\/cmnordeste.pt\/publicacoes\/planos-de-pormenor\/"]}]},{"@type":"BreadcrumbList","@id":"https:\/\/cmnordeste.pt\/publicacoes\/planos-de-pormenor\/#breadcrumb","itemListElement":[{"@type":"ListItem","position":1,"name":"In\u00edcio","item":"https:\/\/cmnordeste.pt\/publicacoes\/"},{"@type":"ListItem","position":2,"name":"Planos de Pormenor"}]},{"@type":"WebSite","@id":"https:\/\/cmnordeste.pt\/publicacoes\/#website","url":"https:\/\/cmnordeste.pt\/publicacoes\/","name":"Publica\u00e7\u00f5es","description":"Publica\u00e7\u00f5es do Munic\u00edpio de Nordeste","potentialAction":[{"@type":"SearchAction","target":{"@type":"EntryPoint","urlTemplate":"https:\/\/cmnordeste.pt\/publicacoes\/?s={search_term_string}"},"query-input":{"@type":"PropertyValueSpecification","valueRequired":true,"valueName":"search_term_string"}}],"inLanguage":"pt-PT"}]}},"_links":{"self":[{"href":"https:\/\/cmnordeste.pt\/publicacoes\/wp-json\/wp\/v2\/pages\/40","targetHints":{"allow":["GET"]}}],"collection":[{"href":"https:\/\/cmnordeste.pt\/publicacoes\/wp-json\/wp\/v2\/pages"}],"about":[{"href":"https:\/\/cmnordeste.pt\/publicacoes\/wp-json\/wp\/v2\/types\/page"}],"author":[{"embeddable":true,"href":"https:\/\/cmnordeste.pt\/publicacoes\/wp-json\/wp\/v2\/users\/1"}],"replies":[{"embeddable":true,"href":"https:\/\/cmnordeste.pt\/publicacoes\/wp-json\/wp\/v2\/comments?post=40"}],"version-history":[{"count":4,"href":"https:\/\/cmnordeste.pt\/publicacoes\/wp-json\/wp\/v2\/pages\/40\/revisions"}],"predecessor-version":[{"id":1613,"href":"https:\/\/cmnordeste.pt\/publicacoes\/wp-json\/wp\/v2\/pages\/40\/revisions\/1613"}],"wp:attachment":[{"href":"https:\/\/cmnordeste.pt\/publicacoes\/wp-json\/wp\/v2\/media?parent=40"}],"curies":[{"name":"wp","href":"https:\/\/api.w.org\/{rel}","templated":true}]}}