{"id":5098,"date":"2025-03-18T08:55:39","date_gmt":"2025-03-18T08:55:39","guid":{"rendered":"https:\/\/cmnordeste.pt\/publicacoes\/?page_id=5098"},"modified":"2025-12-30T11:20:19","modified_gmt":"2025-12-30T11:20:19","slug":"plano-municipal-de-acao-climatica","status":"publish","type":"page","link":"https:\/\/cmnordeste.pt\/publicacoes\/plano-municipal-de-acao-climatica\/","title":{"rendered":"Plano Municipal de A\u00e7\u00e3o Clim\u00e1tica"},"content":{"rendered":"<p><a href=\"https:\/\/cmnordeste.pt\/publicacoes\/wp-content\/uploads\/sites\/8\/2025\/03\/versao-final-do-pmac.pdf\" class=\"mtli_attachment mtli_pdf\">Vers\u00e3o Final do PMAC<\/a><\/p>\n<p><a href=\"https:\/\/cmnordeste.pt\/publicacoes\/wp-content\/uploads\/sites\/8\/2025\/03\/ata-da-reuniao-da-assembleia-municipal-21fev2025.pdf\" class=\"mtli_attachment mtli_pdf\">Ata da reuni\u00e3o da Assembleia Municipal (21fev2025)<\/a><\/p>\n<p><a href=\"https:\/\/cmnordeste.pt\/publicacoes\/wp-content\/uploads\/sites\/8\/2025\/03\/ata-da-reuniao-de-camara-30dez2024.pdf\" class=\"mtli_attachment mtli_pdf\">Ata da reuni\u00e3o de C\u00e2mara (30dez2024)<\/a><\/p>\n<p><a href=\"https:\/\/cmnordeste.pt\/publicacoes\/wp-content\/uploads\/sites\/8\/2025\/03\/relatorio-de-consulta-publica-do-pmac.pdf\" class=\"mtli_attachment mtli_pdf\">Relat\u00f3rio de consulta p\u00fablica do PMAC<\/a><\/p>\n<p><a href=\"https:\/\/cmnordeste.pt\/publicacoes\/wp-content\/uploads\/sites\/8\/2024\/10\/edital-publicacao-em-diario-da-republica.pdf\" class=\"mtli_attachment mtli_pdf\">Publica\u00e7\u00e3o em Di\u00e1rio da Rep\u00fablica<\/a><\/p>\n<p><a href=\"https:\/\/cmnordeste.pt\/publicacoes\/wp-content\/uploads\/sites\/8\/2024\/10\/aviso-sessao-publica.pdf\" class=\"mtli_attachment mtli_pdf\">Aviso Sess\u00e3o P\u00fablica<\/a><\/p>\n<p><a href=\"https:\/\/cmnordeste.pt\/publicacoes\/wp-content\/uploads\/sites\/8\/2024\/10\/publicacao-de-edital.pdf\" class=\"mtli_attachment mtli_pdf\">Publica\u00e7\u00e3o de Edital<\/a><\/p>\n<p><a href=\"https:\/\/cmnordeste.pt\/publicacoes\/wp-content\/uploads\/sites\/8\/2024\/09\/edital-24-setembro-2024.pdf\" class=\"mtli_attachment mtli_pdf\">Edital &#8211; 24 setembro 2024<\/a><\/p>\n<p><a href=\"https:\/\/cmnordeste.pt\/publicacoes\/wp-content\/uploads\/sites\/8\/2024\/09\/deliberacao-23-setembro-2024.pdf\" class=\"mtli_attachment mtli_pdf\">Delibera\u00e7\u00e3o &#8211; 23 setembro 2024<\/a><\/p>\n<p><a href=\"https:\/\/cmnordeste.pt\/publicacoes\/wp-content\/uploads\/sites\/8\/2024\/09\/plano-municipal-de-acao-climatica-versao-preliminar.pdf\" class=\"mtli_attachment mtli_pdf\">Plano Municipal de A\u00e7\u00e3o Clim\u00e1tica &#8211; Vers\u00e3o Preliminar<\/a><\/p>\n","protected":false},"excerpt":{"rendered":"<p>Vers\u00e3o Final do PMAC Ata da reuni\u00e3o da Assembleia Municipal (21fev2025) Ata da reuni\u00e3o de C\u00e2mara (30dez2024) Relat\u00f3rio de consulta p\u00fablica do PMAC Publica\u00e7\u00e3o em Di\u00e1rio da Rep\u00fablica Aviso Sess\u00e3o P\u00fablica Publica\u00e7\u00e3o de Edital Edital &#8211; 24 setembro 2024 Delibera\u00e7\u00e3o &#8211; 23 setembro 2024 Plano Municipal de A\u00e7\u00e3o Clim\u00e1tica &#8211; Vers\u00e3o Preliminar<\/p>\n","protected":false},"author":1,"featured_media":0,"parent":0,"menu_order":53,"comment_status":"closed","ping_status":"closed","template":"page-publicacoes.php","meta":{"_acf_changed":false,"footnotes":""},"class_list":["post-5098","page","type-page","status-publish","hentry"],"acf":[],"yoast_head":"<!-- This site is optimized with the Yoast SEO plugin v27.4 - https:\/\/yoast.com\/product\/yoast-seo-wordpress\/ -->\n<title>Plano Municipal de A\u00e7\u00e3o Clim\u00e1tica - Publica\u00e7\u00f5es<\/title>\n<meta name=\"robots\" content=\"index, follow, max-snippet:-1, max-image-preview:large, max-video-preview:-1\" \/>\n<link rel=\"canonical\" href=\"https:\/\/cmnordeste.pt\/publicacoes\/?page_id=5098\" \/>\n<meta property=\"og:locale\" content=\"pt_PT\" \/>\n<meta property=\"og:type\" content=\"article\" \/>\n<meta property=\"og:title\" content=\"Plano Municipal de A\u00e7\u00e3o Clim\u00e1tica - Publica\u00e7\u00f5es\" \/>\n<meta property=\"og:description\" content=\"Vers\u00e3o Final do PMAC Ata da reuni\u00e3o da Assembleia Municipal (21fev2025) Ata da reuni\u00e3o de C\u00e2mara (30dez2024) Relat\u00f3rio de consulta p\u00fablica do PMAC Publica\u00e7\u00e3o em Di\u00e1rio da Rep\u00fablica Aviso Sess\u00e3o P\u00fablica Publica\u00e7\u00e3o de Edital Edital &#8211; 24 setembro 2024 Delibera\u00e7\u00e3o &#8211; 23 setembro 2024 Plano Municipal de A\u00e7\u00e3o Clim\u00e1tica &#8211; Vers\u00e3o Preliminar\" \/>\n<meta property=\"og:url\" content=\"https:\/\/cmnordeste.pt\/publicacoes\/?page_id=5098\" \/>\n<meta property=\"og:site_name\" content=\"Publica\u00e7\u00f5es\" \/>\n<meta property=\"article:modified_time\" content=\"2025-12-30T11:20:19+00:00\" \/>\n<meta name=\"twitter:card\" content=\"summary_large_image\" \/>\n<script type=\"application\/ld+json\" class=\"yoast-schema-graph\">{\"@context\":\"https:\\\/\\\/schema.org\",\"@graph\":[{\"@type\":\"WebPage\",\"@id\":\"https:\\\/\\\/cmnordeste.pt\\\/publicacoes\\\/?page_id=5098\",\"url\":\"https:\\\/\\\/cmnordeste.pt\\\/publicacoes\\\/?page_id=5098\",\"name\":\"Plano Municipal de A\u00e7\u00e3o Clim\u00e1tica - Publica\u00e7\u00f5es\",\"isPartOf\":{\"@id\":\"https:\\\/\\\/cmnordeste.pt\\\/publicacoes\\\/#website\"},\"datePublished\":\"2025-03-18T08:55:39+00:00\",\"dateModified\":\"2025-12-30T11:20:19+00:00\",\"breadcrumb\":{\"@id\":\"https:\\\/\\\/cmnordeste.pt\\\/publicacoes\\\/?page_id=5098#breadcrumb\"},\"inLanguage\":\"pt-PT\",\"potentialAction\":[{\"@type\":\"ReadAction\",\"target\":[\"https:\\\/\\\/cmnordeste.pt\\\/publicacoes\\\/?page_id=5098\"]}]},{\"@type\":\"BreadcrumbList\",\"@id\":\"https:\\\/\\\/cmnordeste.pt\\\/publicacoes\\\/?page_id=5098#breadcrumb\",\"itemListElement\":[{\"@type\":\"ListItem\",\"position\":1,\"name\":\"In\u00edcio\",\"item\":\"https:\\\/\\\/cmnordeste.pt\\\/publicacoes\\\/\"},{\"@type\":\"ListItem\",\"position\":2,\"name\":\"Plano Municipal de A\u00e7\u00e3o Clim\u00e1tica\"}]},{\"@type\":\"WebSite\",\"@id\":\"https:\\\/\\\/cmnordeste.pt\\\/publicacoes\\\/#website\",\"url\":\"https:\\\/\\\/cmnordeste.pt\\\/publicacoes\\\/\",\"name\":\"Publica\u00e7\u00f5es\",\"description\":\"Publica\u00e7\u00f5es do Munic\u00edpio de Nordeste\",\"potentialAction\":[{\"@type\":\"SearchAction\",\"target\":{\"@type\":\"EntryPoint\",\"urlTemplate\":\"https:\\\/\\\/cmnordeste.pt\\\/publicacoes\\\/?s={search_term_string}\"},\"query-input\":{\"@type\":\"PropertyValueSpecification\",\"valueRequired\":true,\"valueName\":\"search_term_string\"}}],\"inLanguage\":\"pt-PT\"}]}<\/script>\n<!-- \/ Yoast SEO plugin. -->","yoast_head_json":{"title":"Plano Municipal de A\u00e7\u00e3o Clim\u00e1tica - Publica\u00e7\u00f5es","robots":{"index":"index","follow":"follow","max-snippet":"max-snippet:-1","max-image-preview":"max-image-preview:large","max-video-preview":"max-video-preview:-1"},"canonical":"https:\/\/cmnordeste.pt\/publicacoes\/?page_id=5098","og_locale":"pt_PT","og_type":"article","og_title":"Plano Municipal de A\u00e7\u00e3o Clim\u00e1tica - Publica\u00e7\u00f5es","og_description":"Vers\u00e3o Final do PMAC Ata da reuni\u00e3o da Assembleia Municipal (21fev2025) Ata da reuni\u00e3o de C\u00e2mara (30dez2024) Relat\u00f3rio de consulta p\u00fablica do PMAC Publica\u00e7\u00e3o em Di\u00e1rio da Rep\u00fablica Aviso Sess\u00e3o P\u00fablica Publica\u00e7\u00e3o de Edital Edital &#8211; 24 setembro 2024 Delibera\u00e7\u00e3o &#8211; 23 setembro 2024 Plano Municipal de A\u00e7\u00e3o Clim\u00e1tica &#8211; Vers\u00e3o Preliminar","og_url":"https:\/\/cmnordeste.pt\/publicacoes\/?page_id=5098","og_site_name":"Publica\u00e7\u00f5es","article_modified_time":"2025-12-30T11:20:19+00:00","twitter_card":"summary_large_image","schema":{"@context":"https:\/\/schema.org","@graph":[{"@type":"WebPage","@id":"https:\/\/cmnordeste.pt\/publicacoes\/?page_id=5098","url":"https:\/\/cmnordeste.pt\/publicacoes\/?page_id=5098","name":"Plano Municipal de A\u00e7\u00e3o Clim\u00e1tica - Publica\u00e7\u00f5es","isPartOf":{"@id":"https:\/\/cmnordeste.pt\/publicacoes\/#website"},"datePublished":"2025-03-18T08:55:39+00:00","dateModified":"2025-12-30T11:20:19+00:00","breadcrumb":{"@id":"https:\/\/cmnordeste.pt\/publicacoes\/?page_id=5098#breadcrumb"},"inLanguage":"pt-PT","potentialAction":[{"@type":"ReadAction","target":["https:\/\/cmnordeste.pt\/publicacoes\/?page_id=5098"]}]},{"@type":"BreadcrumbList","@id":"https:\/\/cmnordeste.pt\/publicacoes\/?page_id=5098#breadcrumb","itemListElement":[{"@type":"ListItem","position":1,"name":"In\u00edcio","item":"https:\/\/cmnordeste.pt\/publicacoes\/"},{"@type":"ListItem","position":2,"name":"Plano Municipal de A\u00e7\u00e3o Clim\u00e1tica"}]},{"@type":"WebSite","@id":"https:\/\/cmnordeste.pt\/publicacoes\/#website","url":"https:\/\/cmnordeste.pt\/publicacoes\/","name":"Publica\u00e7\u00f5es","description":"Publica\u00e7\u00f5es do Munic\u00edpio de Nordeste","potentialAction":[{"@type":"SearchAction","target":{"@type":"EntryPoint","urlTemplate":"https:\/\/cmnordeste.pt\/publicacoes\/?s={search_term_string}"},"query-input":{"@type":"PropertyValueSpecification","valueRequired":true,"valueName":"search_term_string"}}],"inLanguage":"pt-PT"}]}},"_links":{"self":[{"href":"https:\/\/cmnordeste.pt\/publicacoes\/wp-json\/wp\/v2\/pages\/5098","targetHints":{"allow":["GET"]}}],"collection":[{"href":"https:\/\/cmnordeste.pt\/publicacoes\/wp-json\/wp\/v2\/pages"}],"about":[{"href":"https:\/\/cmnordeste.pt\/publicacoes\/wp-json\/wp\/v2\/types\/page"}],"author":[{"embeddable":true,"href":"https:\/\/cmnordeste.pt\/publicacoes\/wp-json\/wp\/v2\/users\/1"}],"replies":[{"embeddable":true,"href":"https:\/\/cmnordeste.pt\/publicacoes\/wp-json\/wp\/v2\/comments?post=5098"}],"version-history":[{"count":10,"href":"https:\/\/cmnordeste.pt\/publicacoes\/wp-json\/wp\/v2\/pages\/5098\/revisions"}],"predecessor-version":[{"id":6296,"href":"https:\/\/cmnordeste.pt\/publicacoes\/wp-json\/wp\/v2\/pages\/5098\/revisions\/6296"}],"wp:attachment":[{"href":"https:\/\/cmnordeste.pt\/publicacoes\/wp-json\/wp\/v2\/media?parent=5098"}],"curies":[{"name":"wp","href":"https:\/\/api.w.org\/{rel}","templated":true}]}}