{"id":6314,"date":"2026-01-09T10:00:00","date_gmt":"2026-01-09T10:00:00","guid":{"rendered":"https:\/\/cmnordeste.pt\/publicacoes\/?page_id=6314"},"modified":"2026-01-09T11:08:09","modified_gmt":"2026-01-09T11:08:09","slug":"carta-municipal-de-habitacao","status":"publish","type":"page","link":"https:\/\/cmnordeste.pt\/publicacoes\/carta-municipal-de-habitacao\/","title":{"rendered":"Carta Municipal de Habita\u00e7\u00e3o"},"content":{"rendered":"<p><a href=\"https:\/\/cmnordeste.pt\/publicacoes\/wp-content\/uploads\/sites\/8\/2026\/01\/01-_-carta-municipal-de-habitacao.pdf\" class=\"mtli_attachment mtli_pdf\">Carta Municipal de Habita\u00e7\u00e3o<\/a><\/p>\n<p><a href=\"https:\/\/cmnordeste.pt\/publicacoes\/wp-content\/uploads\/sites\/8\/2026\/01\/02-_-carta-municipal-de-habitacao-_-carta-diagnostico.pdf\" class=\"mtli_attachment mtli_pdf\">Carta Municipal de Habita\u00e7\u00e3o Carta Diagn\u00f3stico<\/a><\/p>\n<p><a href=\"https:\/\/cmnordeste.pt\/publicacoes\/wp-content\/uploads\/sites\/8\/2026\/01\/03-_-carta-municipal-de-habitacao-_-carta-estrategica.pdf\" class=\"mtli_attachment mtli_pdf\">\u00a0Carta Municipal de Habita\u00e7\u00e3o Carta Estrat\u00e9gica<\/a><\/p>\n<p><a href=\"https:\/\/cmnordeste.pt\/publicacoes\/wp-content\/uploads\/sites\/8\/2026\/01\/04-carta-municipal-de-habitacao-_-relatorio-de-ponderacao-da-consulta-publica.pdf\" class=\"mtli_attachment mtli_pdf\">Carta Municipal de Habita\u00e7\u00e3o Relat\u00f3rio de pondera\u00e7\u00e3o da consulta p\u00fablica<\/a><\/p>\n<p><a href=\"https:\/\/cmnordeste.pt\/publicacoes\/wp-content\/uploads\/sites\/8\/2026\/01\/05-_-cmn-_-ata-n-o-99-de-28-de-julho-de-2025-cmn.pdf\" class=\"mtli_attachment mtli_pdf\">CMN Ata n.\u00ba 99 de 28 de julho de 2025 (CMN)<\/a><\/p>\n<p><a href=\"https:\/\/cmnordeste.pt\/publicacoes\/wp-content\/uploads\/sites\/8\/2026\/01\/06-_-ata-n-o-23-de-24-de-setembro-de-2025-amn.pdf\" class=\"mtli_attachment mtli_pdf\">Ata n.\u00ba 23 de 24 de setembro de 2025 (AMN)<\/a><\/p>\n","protected":false},"excerpt":{"rendered":"<p>Carta Municipal de Habita\u00e7\u00e3o Carta Municipal de Habita\u00e7\u00e3o Carta Diagn\u00f3stico \u00a0Carta Municipal de Habita\u00e7\u00e3o Carta Estrat\u00e9gica Carta Municipal de Habita\u00e7\u00e3o Relat\u00f3rio de pondera\u00e7\u00e3o da consulta p\u00fablica CMN Ata n.\u00ba 99 de 28 de julho de 2025 (CMN) Ata n.\u00ba 23 de 24 de setembro de 2025 (AMN)<\/p>\n","protected":false},"author":1,"featured_media":0,"parent":0,"menu_order":54,"comment_status":"closed","ping_status":"closed","template":"page-publicacoes.php","meta":{"_acf_changed":false,"footnotes":""},"class_list":["post-6314","page","type-page","status-publish","hentry"],"acf":[],"yoast_head":"<!-- This site is optimized with the Yoast SEO plugin v27.4 - https:\/\/yoast.com\/product\/yoast-seo-wordpress\/ -->\n<title>Carta Municipal de Habita\u00e7\u00e3o - Publica\u00e7\u00f5es<\/title>\n<meta name=\"robots\" content=\"index, follow, max-snippet:-1, max-image-preview:large, max-video-preview:-1\" \/>\n<link rel=\"canonical\" href=\"https:\/\/cmnordeste.pt\/publicacoes\/?page_id=6314\" \/>\n<meta property=\"og:locale\" content=\"pt_PT\" \/>\n<meta property=\"og:type\" content=\"article\" \/>\n<meta property=\"og:title\" content=\"Carta Municipal de Habita\u00e7\u00e3o - Publica\u00e7\u00f5es\" \/>\n<meta property=\"og:description\" content=\"Carta Municipal de Habita\u00e7\u00e3o Carta Municipal de Habita\u00e7\u00e3o Carta Diagn\u00f3stico \u00a0Carta Municipal de Habita\u00e7\u00e3o Carta Estrat\u00e9gica Carta Municipal de Habita\u00e7\u00e3o Relat\u00f3rio de pondera\u00e7\u00e3o da consulta p\u00fablica CMN Ata n.\u00ba 99 de 28 de julho de 2025 (CMN) Ata n.\u00ba 23 de 24 de setembro de 2025 (AMN)\" \/>\n<meta property=\"og:url\" content=\"https:\/\/cmnordeste.pt\/publicacoes\/?page_id=6314\" \/>\n<meta property=\"og:site_name\" content=\"Publica\u00e7\u00f5es\" \/>\n<meta property=\"article:modified_time\" content=\"2026-01-09T11:08:09+00:00\" \/>\n<meta name=\"twitter:card\" content=\"summary_large_image\" \/>\n<script type=\"application\/ld+json\" class=\"yoast-schema-graph\">{\"@context\":\"https:\\\/\\\/schema.org\",\"@graph\":[{\"@type\":\"WebPage\",\"@id\":\"https:\\\/\\\/cmnordeste.pt\\\/publicacoes\\\/?page_id=6314\",\"url\":\"https:\\\/\\\/cmnordeste.pt\\\/publicacoes\\\/?page_id=6314\",\"name\":\"Carta Municipal de Habita\u00e7\u00e3o - Publica\u00e7\u00f5es\",\"isPartOf\":{\"@id\":\"https:\\\/\\\/cmnordeste.pt\\\/publicacoes\\\/#website\"},\"datePublished\":\"2026-01-09T10:00:00+00:00\",\"dateModified\":\"2026-01-09T11:08:09+00:00\",\"breadcrumb\":{\"@id\":\"https:\\\/\\\/cmnordeste.pt\\\/publicacoes\\\/?page_id=6314#breadcrumb\"},\"inLanguage\":\"pt-PT\",\"potentialAction\":[{\"@type\":\"ReadAction\",\"target\":[\"https:\\\/\\\/cmnordeste.pt\\\/publicacoes\\\/?page_id=6314\"]}]},{\"@type\":\"BreadcrumbList\",\"@id\":\"https:\\\/\\\/cmnordeste.pt\\\/publicacoes\\\/?page_id=6314#breadcrumb\",\"itemListElement\":[{\"@type\":\"ListItem\",\"position\":1,\"name\":\"In\u00edcio\",\"item\":\"https:\\\/\\\/cmnordeste.pt\\\/publicacoes\\\/\"},{\"@type\":\"ListItem\",\"position\":2,\"name\":\"Carta Municipal de Habita\u00e7\u00e3o\"}]},{\"@type\":\"WebSite\",\"@id\":\"https:\\\/\\\/cmnordeste.pt\\\/publicacoes\\\/#website\",\"url\":\"https:\\\/\\\/cmnordeste.pt\\\/publicacoes\\\/\",\"name\":\"Publica\u00e7\u00f5es\",\"description\":\"Publica\u00e7\u00f5es do Munic\u00edpio de Nordeste\",\"potentialAction\":[{\"@type\":\"SearchAction\",\"target\":{\"@type\":\"EntryPoint\",\"urlTemplate\":\"https:\\\/\\\/cmnordeste.pt\\\/publicacoes\\\/?s={search_term_string}\"},\"query-input\":{\"@type\":\"PropertyValueSpecification\",\"valueRequired\":true,\"valueName\":\"search_term_string\"}}],\"inLanguage\":\"pt-PT\"}]}<\/script>\n<!-- \/ Yoast SEO plugin. -->","yoast_head_json":{"title":"Carta Municipal de Habita\u00e7\u00e3o - Publica\u00e7\u00f5es","robots":{"index":"index","follow":"follow","max-snippet":"max-snippet:-1","max-image-preview":"max-image-preview:large","max-video-preview":"max-video-preview:-1"},"canonical":"https:\/\/cmnordeste.pt\/publicacoes\/?page_id=6314","og_locale":"pt_PT","og_type":"article","og_title":"Carta Municipal de Habita\u00e7\u00e3o - Publica\u00e7\u00f5es","og_description":"Carta Municipal de Habita\u00e7\u00e3o Carta Municipal de Habita\u00e7\u00e3o Carta Diagn\u00f3stico \u00a0Carta Municipal de Habita\u00e7\u00e3o Carta Estrat\u00e9gica Carta Municipal de Habita\u00e7\u00e3o Relat\u00f3rio de pondera\u00e7\u00e3o da consulta p\u00fablica CMN Ata n.\u00ba 99 de 28 de julho de 2025 (CMN) Ata n.\u00ba 23 de 24 de setembro de 2025 (AMN)","og_url":"https:\/\/cmnordeste.pt\/publicacoes\/?page_id=6314","og_site_name":"Publica\u00e7\u00f5es","article_modified_time":"2026-01-09T11:08:09+00:00","twitter_card":"summary_large_image","schema":{"@context":"https:\/\/schema.org","@graph":[{"@type":"WebPage","@id":"https:\/\/cmnordeste.pt\/publicacoes\/?page_id=6314","url":"https:\/\/cmnordeste.pt\/publicacoes\/?page_id=6314","name":"Carta Municipal de Habita\u00e7\u00e3o - Publica\u00e7\u00f5es","isPartOf":{"@id":"https:\/\/cmnordeste.pt\/publicacoes\/#website"},"datePublished":"2026-01-09T10:00:00+00:00","dateModified":"2026-01-09T11:08:09+00:00","breadcrumb":{"@id":"https:\/\/cmnordeste.pt\/publicacoes\/?page_id=6314#breadcrumb"},"inLanguage":"pt-PT","potentialAction":[{"@type":"ReadAction","target":["https:\/\/cmnordeste.pt\/publicacoes\/?page_id=6314"]}]},{"@type":"BreadcrumbList","@id":"https:\/\/cmnordeste.pt\/publicacoes\/?page_id=6314#breadcrumb","itemListElement":[{"@type":"ListItem","position":1,"name":"In\u00edcio","item":"https:\/\/cmnordeste.pt\/publicacoes\/"},{"@type":"ListItem","position":2,"name":"Carta Municipal de Habita\u00e7\u00e3o"}]},{"@type":"WebSite","@id":"https:\/\/cmnordeste.pt\/publicacoes\/#website","url":"https:\/\/cmnordeste.pt\/publicacoes\/","name":"Publica\u00e7\u00f5es","description":"Publica\u00e7\u00f5es do Munic\u00edpio de Nordeste","potentialAction":[{"@type":"SearchAction","target":{"@type":"EntryPoint","urlTemplate":"https:\/\/cmnordeste.pt\/publicacoes\/?s={search_term_string}"},"query-input":{"@type":"PropertyValueSpecification","valueRequired":true,"valueName":"search_term_string"}}],"inLanguage":"pt-PT"}]}},"_links":{"self":[{"href":"https:\/\/cmnordeste.pt\/publicacoes\/wp-json\/wp\/v2\/pages\/6314","targetHints":{"allow":["GET"]}}],"collection":[{"href":"https:\/\/cmnordeste.pt\/publicacoes\/wp-json\/wp\/v2\/pages"}],"about":[{"href":"https:\/\/cmnordeste.pt\/publicacoes\/wp-json\/wp\/v2\/types\/page"}],"author":[{"embeddable":true,"href":"https:\/\/cmnordeste.pt\/publicacoes\/wp-json\/wp\/v2\/users\/1"}],"replies":[{"embeddable":true,"href":"https:\/\/cmnordeste.pt\/publicacoes\/wp-json\/wp\/v2\/comments?post=6314"}],"version-history":[{"count":3,"href":"https:\/\/cmnordeste.pt\/publicacoes\/wp-json\/wp\/v2\/pages\/6314\/revisions"}],"predecessor-version":[{"id":6329,"href":"https:\/\/cmnordeste.pt\/publicacoes\/wp-json\/wp\/v2\/pages\/6314\/revisions\/6329"}],"wp:attachment":[{"href":"https:\/\/cmnordeste.pt\/publicacoes\/wp-json\/wp\/v2\/media?parent=6314"}],"curies":[{"name":"wp","href":"https:\/\/api.w.org\/{rel}","templated":true}]}}