{"id":64,"date":"2026-03-13T09:55:38","date_gmt":"2026-03-13T09:55:38","guid":{"rendered":"https:\/\/cmnordeste.pt\/publicacoes\/?page_id=64"},"modified":"2026-03-16T13:27:48","modified_gmt":"2026-03-16T13:27:48","slug":"projetos-cofinanciados","status":"publish","type":"page","link":"https:\/\/cmnordeste.pt\/publicacoes\/projetos-cofinanciados\/","title":{"rendered":"Projetos Cofinanciados"},"content":{"rendered":"<h2>PRR \u2013 Plano de Recupera\u00e7\u00e3o e Resili\u00eancia<\/h2>\r\n<p>O Plano de Recupera\u00e7\u00e3o e Resili\u00eancia (PRR) constitui um dos principais instrumentos de concretiza\u00e7\u00e3o da Estrat\u00e9gia Portugal 2030, enquadrando-se no mecanismo de financiamento extraordin\u00e1rio da Uni\u00e3o Europeia \u2013 o Next Generation EU.<\/p>\r\n<p>Este Plano integra um conjunto de reformas e investimentos concebidos para refor\u00e7ar a recupera\u00e7\u00e3o econ\u00f3mica do pa\u00eds na sequ\u00eancia da pandemia provocada pelo v\u00edrus SARS-CoV-2, promovendo a converg\u00eancia com a Uni\u00e3o Europeia e assegurando a transi\u00e7\u00e3o para uma economia mais verde, mais digital, mais competitiva e socialmente mais inclusiva, com a cria\u00e7\u00e3o de mais e melhor emprego.<\/p>\r\n<p><a href=\"https:\/\/recuperarportugal.gov.pt\/\" target=\"_blank\" rel=\"noopener\"><img loading=\"lazy\" decoding=\"async\" title=\"Log\u00f3tipos PRR\" src=\"https:\/\/cmnordeste.pt\/publicacoes\/wp-content\/uploads\/sites\/8\/2026\/01\/barra_prr_acores_800.png\" alt=\"Log\u00f3tipos PRR\" width=\"800\" height=\"83\" class=\"wp-image-6317 size-full aligncenter\" srcset=\"https:\/\/cmnordeste.pt\/publicacoes\/wp-content\/uploads\/sites\/8\/2026\/01\/barra_prr_acores_800.png 800w, https:\/\/cmnordeste.pt\/publicacoes\/wp-content\/uploads\/sites\/8\/2026\/01\/barra_prr_acores_800-768x80.png 768w\" sizes=\"auto, (max-width: 800px) 100vw, 800px\" \/><\/a><\/p>\r\n<p style=\"text-align: center\"><a href=\"https:\/\/recuperarportugal.gov.pt\/\" target=\"_blank\" rel=\"noopener\"><strong>recuperarportugal.gov.pt<\/strong><\/a><\/p>\r\n<p>Dando cumprimento \u00e0s normas de informa\u00e7\u00e3o e comunica\u00e7\u00e3o sobre o apoio prestado pelo Plano de Recupera\u00e7\u00e3o e Resili\u00eancia (PRR), abaixo encontram-se as fichas de projeto das opera\u00e7\u00f5es aprovadas de que o munic\u00edpio de Nordeste \u00e9 respons\u00e1vel pela sua implementa\u00e7\u00e3o.<\/p>\r\n<h3><\/h3>\r\n<p>&nbsp;<\/p>\r\n<h3>PRR &#8211; Moderniza\u00e7\u00e3o e Digitaliza\u00e7\u00e3o Administrativa\u00a0<\/h3>\r\n<p><a href=\"https:\/\/cmnordeste.pt\/publicacoes\/wp-content\/uploads\/sites\/8\/2026\/01\/ficha_projeto_sima_local_municipio_nordeste.pdf\" class=\"mtli_attachment mtli_pdf\">Moderniza\u00e7\u00e3o e Digitaliza\u00e7\u00e3o da Administra\u00e7\u00e3o P\u00fablica <\/a><\/p>\r\n<h3>PRR &#8211; Aquisi\u00e7\u00e3o\/Constru\u00e7\u00e3o e Reabilita\u00e7\u00e3o de Fogos<\/h3>\r\n<h4>Candidatura 62424<\/h4>\r\n<p><a href=\"https:\/\/cmnordeste.pt\/publicacoes\/wp-content\/uploads\/sites\/8\/2025\/11\/62424-aquisicao-e-reabilitacao-de-2-fogos-concelho-de-nordeste.pdf\" class=\"mtli_attachment mtli_pdf\">62424 &#8211; Aquisi\u00e7\u00e3o e Reabilita\u00e7\u00e3o de 2 fogos &#8211; Concelho de Nordeste<\/a><\/p>\r\n<h4>Candidatura 62131<\/h4>\r\n<p><a href=\"https:\/\/cmnordeste.pt\/publicacoes\/wp-content\/uploads\/sites\/8\/2026\/03\/ficha-de-projeto_siga-62131.pdf\" class=\"mtli_attachment mtli_pdf\">Ficha de Projeto SIGA 62131<\/a><\/p>\r\n<p><a href=\"https:\/\/cmnordeste.pt\/publicacoes\/wp-content\/uploads\/sites\/8\/2025\/11\/62131-aquisicao-e-reabilitacao-de-5-fogos-freguesias-de-algarvia-nordeste-e-achada.pdf\" class=\"mtli_attachment mtli_pdf\">62131 &#8211; Aquisi\u00e7\u00e3o e Reabilita\u00e7\u00e3o de 5 fogos &#8211; Freguesias de Algarvia, Nordeste e Achada<\/a><\/p>\r\n<h4>Candidatura 61350<\/h4>\r\n<p><a href=\"https:\/\/cmnordeste.pt\/publicacoes\/wp-content\/uploads\/sites\/8\/2026\/03\/ficha-de-projeto_siga-61350.pdf\" class=\"mtli_attachment mtli_pdf\">Ficha de Projeto SIGA 61350<\/a><\/p>\r\n<p><a href=\"https:\/\/cmnordeste.pt\/publicacoes\/wp-content\/uploads\/sites\/8\/2025\/11\/61350-aquisicao-e-reabilitacai-de-6-fogos-concelho-de-nordeste.pdf\" class=\"mtli_attachment mtli_pdf\">61350 &#8211; Aquisi\u00e7\u00e3o e Reabilita\u00e7\u00e3o de 6 fogos &#8211; Concelho de Nordeste<\/a><\/p>\r\n<h4>Candidatura 60386<\/h4>\r\n<p><a href=\"https:\/\/cmnordeste.pt\/publicacoes\/wp-content\/uploads\/sites\/8\/2025\/11\/60386-aquisicao-e-reabilitacao-de-5-fogos-concelho-de-nordeste.pdf\" class=\"mtli_attachment mtli_pdf\">60386 &#8211; Aquisi\u00e7\u00e3o e Reabilita\u00e7\u00e3o de 5 fogos &#8211; Concelho de Nordeste<\/a><\/p>\r\n<h4>Candidatura 59760<\/h4>\r\n<p><a href=\"https:\/\/cmnordeste.pt\/publicacoes\/wp-content\/uploads\/sites\/8\/2026\/03\/ficha-de-projeto_siga-59760.pdf\" class=\"mtli_attachment mtli_pdf\">Ficha de Projeto SIGA 59760<\/a><\/p>\r\n<p><a href=\"https:\/\/cmnordeste.pt\/publicacoes\/wp-content\/uploads\/sites\/8\/2025\/11\/59760-operacao-de-construcao-de-3-moradias-amoreiras.pdf\" class=\"mtli_attachment mtli_pdf\">59760 &#8211; Opera\u00e7\u00e3o de Constru\u00e7\u00e3o de 3 moradias &#8211; Amoreiras<\/a><\/p>\r\n<h4>Mapa de Candidaturas<\/h4>\r\n<p><a href=\"https:\/\/cmnordeste.pt\/publicacoes\/wp-content\/uploads\/sites\/8\/2025\/11\/programa-de-apoio-ao-acesso-a-habitacao-prog1d-re-c02-i01.pdf\" class=\"mtli_attachment mtli_pdf\">Mapa de Candidaturas ao Programa 1\u00ba Direito (19-11-2025)<\/a><\/p>\r\n<p>&nbsp;<\/p>\r\n<h2>A\u00c7ORES 2030<\/h2>\r\n<p><a href=\"https:\/\/cmnordeste.pt\/publicacoes\/wp-content\/uploads\/sites\/8\/2026\/02\/escolas_fazenda_nordeste_ficha_projeto.pdf\" class=\"mtli_attachment mtli_pdf\">Reabilita\u00e7\u00e3o e Beneficia\u00e7\u00e3o dos Edif\u00edcios Escolares EB Lomba da Fazenda e Nordeste<\/a><\/p>\r\n<p>&nbsp;<\/p>\r\n<h2>A\u00c7ORES 2020<\/h2>\r\n<a href=\"https:\/\/cmnordeste.pt\/publicacoes\/wp-content\/uploads\/sites\/8\/2024\/06\/intervencao-no-interland-da-vila-do-nordeste.pdf\" class=\"mtli_attachment mtli_pdf\">Interven\u00e7\u00e3o no Interland da Vila do Nordeste<\/a><br \/>\r\n<p><a href=\"https:\/\/cmnordeste.pt\/publicacoes\/wp-content\/uploads\/sites\/8\/2022\/07\/reabilitacao-do-parque-infantil-da-freguesia-de-sao-pedro-nordestinho.pdf\" class=\"mtli_attachment mtli_pdf\">Reabilita\u00e7\u00e3o do parque infantil da freguesia de S\u00e3o Pedro Nordestinho<\/a><\/p>\r\n<p><a href=\"https:\/\/cmnordeste.pt\/publicacoes\/wp-content\/uploads\/sites\/8\/2022\/07\/reabilitacao-do-parque-infantil-da-freguesia-de-algarvia.pdf\" class=\"mtli_attachment mtli_pdf\">Reabilita\u00e7\u00e3o do parque infantil da freguesia de Algarvia<\/a><\/p>\r\n<p><a href=\"https:\/\/cmnordeste.pt\/publicacoes\/wp-content\/uploads\/sites\/8\/2024\/03\/ampliacao-da-zona-industrial-da-vila-de-nordeste-1.pdf\" class=\"mtli_attachment mtli_pdf\">Amplia\u00e7\u00e3o da Zona Industrial da Vila de Nordeste<\/a><\/p>\r\n<p><a href=\"https:\/\/cmnordeste.pt\/publicacoes\/wp-content\/uploads\/sites\/8\/2021\/03\/publicidade-po2020-convertido.pdf\" class=\"mtli_attachment mtli_pdf\">Nordeste @ Administra\u00e7\u00e3o Inteligente<\/a><\/p>\r\n<p><a href=\"https:\/\/cmnordeste.pt\/publicacoes\/wp-content\/uploads\/sites\/8\/2020\/06\/reforco-dos-equipamentos-operacionais-do-servico-municipal-de-protecao-civil-do-municipio-de-nordeste-1.pdf\" class=\"mtli_attachment mtli_pdf\">Refor\u00e7o dos Equipamentos Operacionais do Servi\u00e7o Municipal de Prote\u00e7\u00e3o Civil do Munic\u00edpio de Nordeste<\/a><\/p>\r\n<p><a href=\"https:\/\/cmnordeste.pt\/publicacoes\/wp-content\/uploads\/sites\/8\/2024\/05\/melhoria-da-racionalizacao-energetica-do-nordeste.pdf\" class=\"mtli_attachment mtli_pdf\">Melhoria da Racionaliza\u00e7\u00e3o Energ\u00e9tica do Nordeste<\/a><\/p>\r\n<p><a href=\"https:\/\/cmnordeste.pt\/municipio\/wp-content\/uploads\/sites\/3\/2018\/03\/Ampliacao_da_EBJI_Nordeste.pdf\" class=\"mtli_attachment mtli_pdf\" rel=\"\">Amplia\u00e7\u00e3o da EB\/JI de Nordeste<\/a><\/p>\r\n<p>&nbsp;<\/p>\r\n<h2>PRORURAL<\/h2>\r\n<p><a href=\"https:\/\/cmnordeste.pt\/publicacoes\/wp-content\/uploads\/sites\/8\/2025\/10\/centro-de-convivio-jovem-de-sao-pedro-de-nordestinho.pdf\" class=\"mtli_attachment mtli_pdf\">Centro de Conv\u00edvio Jovem de S\u00e3o Pedro de Nordestinho<\/a><\/p>\r\n<p><a href=\"https:\/\/cmnordeste.pt\/publicacoes\/wp-content\/uploads\/sites\/8\/2025\/08\/viatura-ligeira-de-socorro-e-assistencia-pdf.pdf\" class=\"mtli_attachment mtli_pdf\">Aquisi\u00e7\u00e3o de Viatura Ligeira de Socorro e Assist\u00eancia <\/a><\/p>\r\n<p><a href=\"https:\/\/cmnordeste.pt\/publicacoes\/wp-content\/uploads\/sites\/8\/2025\/07\/aquisicao-de-trator-com-pa-carregador-frontal-rodo-raspador-e-limpa-bermas-.pdf\" class=\"mtli_attachment mtli_pdf\">Aquisi\u00e7\u00e3o de Trator com p\u00e1 carregador frontal<\/a><\/p>\r\n<p><a href=\"https:\/\/cmnordeste.pt\/publicacoes\/wp-content\/uploads\/sites\/8\/2025\/07\/aquisicao-de-trator-com-pa-carregador-frontal-rodo-raspador-e-limpa-bermas-.pdf\" class=\"mtli_attachment mtli_pdf\">Rodo raspador e limpa bermas<\/a><\/p>\r\n<p><a href=\"https:\/\/cmnordeste.pt\/publicacoes\/wp-content\/uploads\/sites\/8\/2025\/07\/aquisicao-de-um-camiao-.pdf\" class=\"mtli_attachment mtli_pdf\">Aquisi\u00e7\u00e3o de Cami\u00e3o<\/a><\/p>\r\n<p><a href=\"https:\/\/cmnordeste.pt\/publicacoes\/wp-content\/uploads\/sites\/8\/2025\/07\/aquisicao-de-viatura-de-apoio-a-infancia-.pdf\" class=\"mtli_attachment mtli_pdf\">Aquisi\u00e7\u00e3o de viatura de apoio \u00e0 Inf\u00e2ncia<\/a><\/p>\r\n<p><a href=\"https:\/\/cmnordeste.pt\/publicacoes\/wp-content\/uploads\/sites\/8\/2025\/07\/viatura-ligeira-de-socorro-e-assistencia-.pdf\" class=\"mtli_attachment mtli_pdf\">Viatura Ligeira de Socorro e Assist\u00eancia<\/a><\/p>\r\n<p><a href=\"https:\/\/cmnordeste.pt\/publicacoes\/wp-content\/uploads\/sites\/8\/2025\/06\/ficha-de-projeto_retroescavadora-1.pdf\" class=\"mtli_attachment mtli_pdf\">Aquisi\u00e7\u00e3o de uma retroescavadora para o Munic\u00edpio<\/a><\/p>\r\n<p><a href=\"https:\/\/cmnordeste.pt\/publicacoes\/wp-content\/uploads\/sites\/8\/2025\/06\/ficha-de-projeto_parque-infantil-santo-antonio-copia.pdf\" class=\"mtli_attachment mtli_pdf\">Requalifica\u00e7\u00e3o do Parque Infantil em Santo Ant\u00f3nio<\/a><\/p>\r\n<p><a href=\"https:\/\/cmnordeste.pt\/publicacoes\/wp-content\/uploads\/sites\/8\/2025\/05\/construcao-de-um-campo-de-jogos-e-melhoria-de-acessos-em-santo-antonio-nordestinho.pdf\" class=\"mtli_attachment mtli_pdf\">Constru\u00e7\u00e3o de Campo de Jogos e melhoria de acessos, em Santo Ant\u00f3nio Nordestinho<\/a><\/p>\r\n<p><a href=\"https:\/\/cmnordeste.pt\/publicacoes\/wp-content\/uploads\/sites\/8\/2020\/01\/empreitada-de-construcao-de-ciclovia-na-avenida-el-rei-d-manuel.pdf\" class=\"mtli_attachment mtli_pdf\">Empreitada de Constru\u00e7\u00e3o de ciclovia na Avenida El Rei D. Manuel<\/a><\/p>\r\n<p><a href=\"https:\/\/cmnordeste.pt\/publicacoes\/wp-content\/uploads\/sites\/8\/2019\/11\/empreitada-de-reabilitacao-do-parque-infantil-da-lomba-da-fazenda.pdf\" class=\"mtli_attachment mtli_pdf\">Empreitada de Reabilita\u00e7\u00e3o do Parque Infantil da Lomba da Fazenda<\/a><\/p>\r\n<p><a href=\"https:\/\/cmnordeste.pt\/publicacoes\/wp-content\/uploads\/sites\/8\/2019\/05\/conservacao-dos-fontanarios-do-concelho-de-nordeste.pdf\" class=\"mtli_attachment mtli_pdf\">Conserva\u00e7\u00e3o dos Fontan\u00e1rios do Concelho de Nordeste<\/a><\/p>\r\n<p><a href=\"https:\/\/cmnordeste.pt\/publicacoes\/wp-content\/uploads\/sites\/8\/2019\/05\/ebji-manuel-cabral-de-melo-beneficiacao-e-bem-estar-social-lomba-da-fazenda.pdf\" class=\"mtli_attachment mtli_pdf\">EBJI Manuel Cabral de Melo Beneficia\u00e7\u00e3o e Bem estar Social Lomba da Fazenda<\/a><\/p>\r\n<p><a href=\"https:\/\/cmnordeste.pt\/publicacoes\/wp-content\/uploads\/sites\/8\/2019\/05\/ebji-manuel-inacio-de-melo-beneficiacao-do-recreio-salga.pdf\" class=\"mtli_attachment mtli_pdf\">EBJI Manuel In\u00e1cio de Melo Beneficia\u00e7\u00e3o do Recreio Salga<\/a><\/p>\r\n<p><a href=\"https:\/\/cmnordeste.pt\/publicacoes\/wp-content\/uploads\/sites\/8\/2019\/05\/parque-de-merendas-dos-liberais.pdf\" class=\"mtli_attachment mtli_pdf\">Parque de Merendas dos Liberais<\/a><\/p>\r\n<p><a href=\"https:\/\/cmnordeste.pt\/publicacoes\/wp-content\/uploads\/sites\/8\/2019\/05\/parques-infantis-da-lomba-da-pedreira-lomba-da-cruz-e-santana.pdf\" class=\"mtli_attachment mtli_pdf\">Parques Infantis da Lomba da Pedreira, Lomba da Cruz e Santana<\/a><\/p>\r\n<p><a href=\"https:\/\/cmnordeste.pt\/municipio\/wp-content\/uploads\/sites\/3\/2018\/03\/Jardim_Assomada.pdf\" class=\"mtli_attachment mtli_pdf\" rel=\"\">Jardim da Assomada<\/a><\/p>\r\n","protected":false},"excerpt":{"rendered":"<p>PRR \u2013 Plano de Recupera\u00e7\u00e3o e Resili\u00eancia O Plano de Recupera\u00e7\u00e3o e Resili\u00eancia (PRR) constitui um dos principais instrumentos de concretiza\u00e7\u00e3o da Estrat\u00e9gia Portugal 2030, enquadrando-se no mecanismo de financiamento extraordin\u00e1rio da Uni\u00e3o Europeia \u2013 o Next Generation EU. Este Plano integra um conjunto de reformas e investimentos concebidos para refor\u00e7ar a recupera\u00e7\u00e3o econ\u00f3mica do [&hellip;]<\/p>\n","protected":false},"author":1,"featured_media":182,"parent":0,"menu_order":82,"comment_status":"closed","ping_status":"closed","template":"page-publicacoes.php","meta":{"_acf_changed":false,"footnotes":""},"class_list":["post-64","page","type-page","status-publish","has-post-thumbnail","hentry"],"acf":[],"yoast_head":"<!-- This site is optimized with the Yoast SEO plugin v27.4 - https:\/\/yoast.com\/product\/yoast-seo-wordpress\/ -->\n<title>Projetos Cofinanciados - Publica\u00e7\u00f5es<\/title>\n<meta name=\"robots\" content=\"index, follow, max-snippet:-1, max-image-preview:large, max-video-preview:-1\" \/>\n<link rel=\"canonical\" href=\"https:\/\/cmnordeste.pt\/publicacoes\/projetos-cofinanciados\/\" \/>\n<meta property=\"og:locale\" content=\"pt_PT\" \/>\n<meta property=\"og:type\" content=\"article\" \/>\n<meta property=\"og:title\" content=\"Projetos Cofinanciados - Publica\u00e7\u00f5es\" \/>\n<meta property=\"og:description\" content=\"PRR \u2013 Plano de Recupera\u00e7\u00e3o e Resili\u00eancia O Plano de Recupera\u00e7\u00e3o e Resili\u00eancia (PRR) constitui um dos principais instrumentos de concretiza\u00e7\u00e3o da Estrat\u00e9gia Portugal 2030, enquadrando-se no mecanismo de financiamento extraordin\u00e1rio da Uni\u00e3o Europeia \u2013 o Next Generation EU. Este Plano integra um conjunto de reformas e investimentos concebidos para refor\u00e7ar a recupera\u00e7\u00e3o econ\u00f3mica do [&hellip;]\" \/>\n<meta property=\"og:url\" content=\"https:\/\/cmnordeste.pt\/publicacoes\/projetos-cofinanciados\/\" \/>\n<meta property=\"og:site_name\" content=\"Publica\u00e7\u00f5es\" \/>\n<meta property=\"article:modified_time\" content=\"2026-03-16T13:27:48+00:00\" \/>\n<meta property=\"og:image\" content=\"https:\/\/cmnordeste.pt\/publicacoes\/wp-content\/uploads\/sites\/8\/2019\/05\/cmn_projetos_cofinanciados_2-1920x1080.jpg\" \/>\n\t<meta property=\"og:image:width\" content=\"1920\" \/>\n\t<meta property=\"og:image:height\" content=\"1280\" \/>\n\t<meta property=\"og:image:type\" content=\"image\/jpeg\" \/>\n<meta name=\"twitter:card\" content=\"summary_large_image\" \/>\n<meta name=\"twitter:label1\" content=\"Tempo estimado de leitura\" \/>\n\t<meta name=\"twitter:data1\" content=\"3 minutos\" \/>\n<script type=\"application\/ld+json\" class=\"yoast-schema-graph\">{\"@context\":\"https:\\\/\\\/schema.org\",\"@graph\":[{\"@type\":\"WebPage\",\"@id\":\"https:\\\/\\\/cmnordeste.pt\\\/publicacoes\\\/projetos-cofinanciados\\\/\",\"url\":\"https:\\\/\\\/cmnordeste.pt\\\/publicacoes\\\/projetos-cofinanciados\\\/\",\"name\":\"Projetos Cofinanciados - Publica\u00e7\u00f5es\",\"isPartOf\":{\"@id\":\"https:\\\/\\\/cmnordeste.pt\\\/publicacoes\\\/#website\"},\"primaryImageOfPage\":{\"@id\":\"https:\\\/\\\/cmnordeste.pt\\\/publicacoes\\\/projetos-cofinanciados\\\/#primaryimage\"},\"image\":{\"@id\":\"https:\\\/\\\/cmnordeste.pt\\\/publicacoes\\\/projetos-cofinanciados\\\/#primaryimage\"},\"thumbnailUrl\":\"https:\\\/\\\/cmnordeste.pt\\\/publicacoes\\\/wp-content\\\/uploads\\\/sites\\\/8\\\/2019\\\/05\\\/cmn_projetos_cofinanciados_2-1920x1080.jpg\",\"datePublished\":\"2026-03-13T09:55:38+00:00\",\"dateModified\":\"2026-03-16T13:27:48+00:00\",\"breadcrumb\":{\"@id\":\"https:\\\/\\\/cmnordeste.pt\\\/publicacoes\\\/projetos-cofinanciados\\\/#breadcrumb\"},\"inLanguage\":\"pt-PT\",\"potentialAction\":[{\"@type\":\"ReadAction\",\"target\":[\"https:\\\/\\\/cmnordeste.pt\\\/publicacoes\\\/projetos-cofinanciados\\\/\"]}]},{\"@type\":\"ImageObject\",\"inLanguage\":\"pt-PT\",\"@id\":\"https:\\\/\\\/cmnordeste.pt\\\/publicacoes\\\/projetos-cofinanciados\\\/#primaryimage\",\"url\":\"https:\\\/\\\/cmnordeste.pt\\\/publicacoes\\\/wp-content\\\/uploads\\\/sites\\\/8\\\/2019\\\/05\\\/cmn_projetos_cofinanciados_2-1920x1080.jpg\",\"contentUrl\":\"https:\\\/\\\/cmnordeste.pt\\\/publicacoes\\\/wp-content\\\/uploads\\\/sites\\\/8\\\/2019\\\/05\\\/cmn_projetos_cofinanciados_2-1920x1080.jpg\",\"width\":1920,\"height\":1280,\"caption\":\"cmn projetos cofinanciados 2\"},{\"@type\":\"BreadcrumbList\",\"@id\":\"https:\\\/\\\/cmnordeste.pt\\\/publicacoes\\\/projetos-cofinanciados\\\/#breadcrumb\",\"itemListElement\":[{\"@type\":\"ListItem\",\"position\":1,\"name\":\"In\u00edcio\",\"item\":\"https:\\\/\\\/cmnordeste.pt\\\/publicacoes\\\/\"},{\"@type\":\"ListItem\",\"position\":2,\"name\":\"Projetos Cofinanciados\"}]},{\"@type\":\"WebSite\",\"@id\":\"https:\\\/\\\/cmnordeste.pt\\\/publicacoes\\\/#website\",\"url\":\"https:\\\/\\\/cmnordeste.pt\\\/publicacoes\\\/\",\"name\":\"Publica\u00e7\u00f5es\",\"description\":\"Publica\u00e7\u00f5es do Munic\u00edpio de Nordeste\",\"potentialAction\":[{\"@type\":\"SearchAction\",\"target\":{\"@type\":\"EntryPoint\",\"urlTemplate\":\"https:\\\/\\\/cmnordeste.pt\\\/publicacoes\\\/?s={search_term_string}\"},\"query-input\":{\"@type\":\"PropertyValueSpecification\",\"valueRequired\":true,\"valueName\":\"search_term_string\"}}],\"inLanguage\":\"pt-PT\"}]}<\/script>\n<!-- \/ Yoast SEO plugin. -->","yoast_head_json":{"title":"Projetos Cofinanciados - Publica\u00e7\u00f5es","robots":{"index":"index","follow":"follow","max-snippet":"max-snippet:-1","max-image-preview":"max-image-preview:large","max-video-preview":"max-video-preview:-1"},"canonical":"https:\/\/cmnordeste.pt\/publicacoes\/projetos-cofinanciados\/","og_locale":"pt_PT","og_type":"article","og_title":"Projetos Cofinanciados - Publica\u00e7\u00f5es","og_description":"PRR \u2013 Plano de Recupera\u00e7\u00e3o e Resili\u00eancia O Plano de Recupera\u00e7\u00e3o e Resili\u00eancia (PRR) constitui um dos principais instrumentos de concretiza\u00e7\u00e3o da Estrat\u00e9gia Portugal 2030, enquadrando-se no mecanismo de financiamento extraordin\u00e1rio da Uni\u00e3o Europeia \u2013 o Next Generation EU. Este Plano integra um conjunto de reformas e investimentos concebidos para refor\u00e7ar a recupera\u00e7\u00e3o econ\u00f3mica do [&hellip;]","og_url":"https:\/\/cmnordeste.pt\/publicacoes\/projetos-cofinanciados\/","og_site_name":"Publica\u00e7\u00f5es","article_modified_time":"2026-03-16T13:27:48+00:00","og_image":[{"width":1920,"height":1280,"url":"https:\/\/cmnordeste.pt\/publicacoes\/wp-content\/uploads\/sites\/8\/2019\/05\/cmn_projetos_cofinanciados_2-1920x1080.jpg","type":"image\/jpeg"}],"twitter_card":"summary_large_image","twitter_misc":{"Tempo estimado de leitura":"3 minutos"},"schema":{"@context":"https:\/\/schema.org","@graph":[{"@type":"WebPage","@id":"https:\/\/cmnordeste.pt\/publicacoes\/projetos-cofinanciados\/","url":"https:\/\/cmnordeste.pt\/publicacoes\/projetos-cofinanciados\/","name":"Projetos Cofinanciados - Publica\u00e7\u00f5es","isPartOf":{"@id":"https:\/\/cmnordeste.pt\/publicacoes\/#website"},"primaryImageOfPage":{"@id":"https:\/\/cmnordeste.pt\/publicacoes\/projetos-cofinanciados\/#primaryimage"},"image":{"@id":"https:\/\/cmnordeste.pt\/publicacoes\/projetos-cofinanciados\/#primaryimage"},"thumbnailUrl":"https:\/\/cmnordeste.pt\/publicacoes\/wp-content\/uploads\/sites\/8\/2019\/05\/cmn_projetos_cofinanciados_2-1920x1080.jpg","datePublished":"2026-03-13T09:55:38+00:00","dateModified":"2026-03-16T13:27:48+00:00","breadcrumb":{"@id":"https:\/\/cmnordeste.pt\/publicacoes\/projetos-cofinanciados\/#breadcrumb"},"inLanguage":"pt-PT","potentialAction":[{"@type":"ReadAction","target":["https:\/\/cmnordeste.pt\/publicacoes\/projetos-cofinanciados\/"]}]},{"@type":"ImageObject","inLanguage":"pt-PT","@id":"https:\/\/cmnordeste.pt\/publicacoes\/projetos-cofinanciados\/#primaryimage","url":"https:\/\/cmnordeste.pt\/publicacoes\/wp-content\/uploads\/sites\/8\/2019\/05\/cmn_projetos_cofinanciados_2-1920x1080.jpg","contentUrl":"https:\/\/cmnordeste.pt\/publicacoes\/wp-content\/uploads\/sites\/8\/2019\/05\/cmn_projetos_cofinanciados_2-1920x1080.jpg","width":1920,"height":1280,"caption":"cmn projetos cofinanciados 2"},{"@type":"BreadcrumbList","@id":"https:\/\/cmnordeste.pt\/publicacoes\/projetos-cofinanciados\/#breadcrumb","itemListElement":[{"@type":"ListItem","position":1,"name":"In\u00edcio","item":"https:\/\/cmnordeste.pt\/publicacoes\/"},{"@type":"ListItem","position":2,"name":"Projetos Cofinanciados"}]},{"@type":"WebSite","@id":"https:\/\/cmnordeste.pt\/publicacoes\/#website","url":"https:\/\/cmnordeste.pt\/publicacoes\/","name":"Publica\u00e7\u00f5es","description":"Publica\u00e7\u00f5es do Munic\u00edpio de Nordeste","potentialAction":[{"@type":"SearchAction","target":{"@type":"EntryPoint","urlTemplate":"https:\/\/cmnordeste.pt\/publicacoes\/?s={search_term_string}"},"query-input":{"@type":"PropertyValueSpecification","valueRequired":true,"valueName":"search_term_string"}}],"inLanguage":"pt-PT"}]}},"_links":{"self":[{"href":"https:\/\/cmnordeste.pt\/publicacoes\/wp-json\/wp\/v2\/pages\/64","targetHints":{"allow":["GET"]}}],"collection":[{"href":"https:\/\/cmnordeste.pt\/publicacoes\/wp-json\/wp\/v2\/pages"}],"about":[{"href":"https:\/\/cmnordeste.pt\/publicacoes\/wp-json\/wp\/v2\/types\/page"}],"author":[{"embeddable":true,"href":"https:\/\/cmnordeste.pt\/publicacoes\/wp-json\/wp\/v2\/users\/1"}],"replies":[{"embeddable":true,"href":"https:\/\/cmnordeste.pt\/publicacoes\/wp-json\/wp\/v2\/comments?post=64"}],"version-history":[{"count":33,"href":"https:\/\/cmnordeste.pt\/publicacoes\/wp-json\/wp\/v2\/pages\/64\/revisions"}],"predecessor-version":[{"id":6450,"href":"https:\/\/cmnordeste.pt\/publicacoes\/wp-json\/wp\/v2\/pages\/64\/revisions\/6450"}],"wp:featuredmedia":[{"embeddable":true,"href":"https:\/\/cmnordeste.pt\/publicacoes\/wp-json\/wp\/v2\/media\/182"}],"wp:attachment":[{"href":"https:\/\/cmnordeste.pt\/publicacoes\/wp-json\/wp\/v2\/media?parent=64"}],"curies":[{"name":"wp","href":"https:\/\/api.w.org\/{rel}","templated":true}]}}