{"id":68,"date":"2026-01-29T14:48:19","date_gmt":"2026-01-29T14:48:19","guid":{"rendered":"https:\/\/cmnordeste.pt\/publicacoes\/?page_id=68"},"modified":"2026-01-29T15:48:35","modified_gmt":"2026-01-29T15:48:35","slug":"agua-e-residuos-urbanos","status":"publish","type":"page","link":"https:\/\/cmnordeste.pt\/publicacoes\/agua-e-residuos-urbanos\/","title":{"rendered":"\u00c1gua e Res\u00edduos Urbanos"},"content":{"rendered":"<p><strong>Editais da Qualidade da \u00c1gua &#8211; Anual 2025<\/strong><\/p>\n<p><a href=\"https:\/\/cmnordeste.pt\/publicacoes\/wp-content\/uploads\/sites\/8\/2026\/01\/editais_2025_anual.pdf\" class=\"mtli_attachment mtli_pdf\">Editais 2025 Anual<\/a><\/p>\n<p><strong>Editais da Qualidade da \u00c1gua &#8211; 3\u00ba trimestre 2025<\/strong><\/p>\n<p><a href=\"https:\/\/cmnordeste.pt\/publicacoes\/wp-content\/uploads\/sites\/8\/2025\/11\/editais_2025_3t.pdf\" class=\"mtli_attachment mtli_pdf\">Editais 2025 3T<\/a><\/p>\n<p><strong>Editais da Qualidade da \u00c1gua &#8211; 2\u00ba trimestre 2025<\/strong><\/p>\n<p><a href=\"https:\/\/cmnordeste.pt\/publicacoes\/wp-content\/uploads\/sites\/8\/2025\/08\/editais_2025_2t.pdf\" class=\"mtli_attachment mtli_pdf\">Editais 2025 2T<\/a><\/p>\n<p><strong>Editais da Qualidade da \u00c1gua &#8211; Anual 2024<\/strong><\/p>\n<p><a href=\"https:\/\/cmnordeste.pt\/publicacoes\/wp-content\/uploads\/sites\/8\/2025\/06\/editais_2024_anual.pdf\" class=\"mtli_attachment mtli_pdf\">Editais 2024 Anual<\/a><\/p>\n<p><strong>Editais da Qualidade da \u00c1gua &#8211; 1.\u00ba trimestre de 2025<\/strong><\/p>\n<p><a href=\"https:\/\/cmnordeste.pt\/publicacoes\/wp-content\/uploads\/sites\/8\/2025\/06\/editais-da-agua-1o-trimestre-de-2025.pdf\" class=\"mtli_attachment mtli_pdf\">Editais 2025_1T<\/a><\/p>\n<p><strong>Editais da Qualidade da \u00c1gua &#8211; 4.\u00ba trimestre de 2024<\/strong><\/p>\n<p><a href=\"https:\/\/cmnordeste.pt\/publicacoes\/wp-content\/uploads\/sites\/8\/2025\/02\/editais_2024_4t.pdf\" class=\"mtli_attachment mtli_pdf\">Editais 2024 4T<\/a><\/p>\n<p><strong>Editais da Qualidade da \u00c1gua &#8211; 3.\u00ba trimestre de 2024<\/strong><\/p>\n<p><a href=\"https:\/\/cmnordeste.pt\/publicacoes\/wp-content\/uploads\/sites\/8\/2024\/11\/editais_2024_3t.pdf\" class=\"mtli_attachment mtli_pdf\">Editais 2024 3T<\/a><\/p>\n<p><strong>Editais da Qualidade da \u00c1gua &#8211; 2.\u00ba trimestre de 2024<\/strong><\/p>\n<p><a href=\"https:\/\/cmnordeste.pt\/publicacoes\/wp-content\/uploads\/sites\/8\/2024\/08\/editais_2024_2t.pdf\" class=\"mtli_attachment mtli_pdf\">Editais 2024 2T<\/a><\/p>\n<p><strong>Editais da Qualidade da \u00c1gua &#8211; 1.\u00ba trimestre de 2024<\/strong><\/p>\n<p><a href=\"https:\/\/cmnordeste.pt\/publicacoes\/wp-content\/uploads\/sites\/8\/2024\/05\/editais_2024_1t.pdf\" class=\"mtli_attachment mtli_pdf\">Editais 2024 1T<\/a><\/p>\n<p><strong>Editais da Qualidade da \u00c1gua &#8211; 4.\u00ba trimestre de 2023<\/strong><\/p>\n<p><a href=\"https:\/\/cmnordeste.pt\/publicacoes\/wp-content\/uploads\/sites\/8\/2024\/02\/editais_2023_4t.pdf\" class=\"mtli_attachment mtli_pdf\">Editais 2023 4T<\/a><\/p>\n<p>&nbsp;<\/p>\n<p><strong>Editais da Qualidade da \u00c1gua &#8211; 3.\u00ba trimestre de 2023<\/strong><\/p>\n<p><a href=\"https:\/\/cmnordeste.pt\/publicacoes\/wp-content\/uploads\/sites\/8\/2023\/09\/editais_2023_2t_za-santana.pdf\" class=\"mtli_attachment mtli_pdf\">Editais 2023 2T ZA Santana<\/a><\/p>\n<p><a href=\"https:\/\/cmnordeste.pt\/publicacoes\/wp-content\/uploads\/sites\/8\/2023\/09\/editais_2023_2t_za-achada-1.pdf\" class=\"mtli_attachment mtli_pdf\">Editais 2023 2T ZA Achada<\/a><\/p>\n<p><a href=\"https:\/\/cmnordeste.pt\/publicacoes\/wp-content\/uploads\/sites\/8\/2023\/11\/editais_2023_3t_za-achada.pdf\" class=\"mtli_attachment mtli_pdf\">Editais 2023 3T ZA Achada<\/a><\/p>\n<p><a href=\"https:\/\/cmnordeste.pt\/publicacoes\/wp-content\/uploads\/sites\/8\/2023\/11\/editais_2023_3t_za-achadinha.pdf\" class=\"mtli_attachment mtli_pdf\">Editais 2023 3T ZA Achadinha<\/a><\/p>\n<p><a href=\"https:\/\/cmnordeste.pt\/publicacoes\/wp-content\/uploads\/sites\/8\/2023\/11\/editais_2023_3t_za-assomada.pdf\" class=\"mtli_attachment mtli_pdf\">Editais 2023 3T ZA Assomada<\/a><\/p>\n<p><a href=\"https:\/\/cmnordeste.pt\/publicacoes\/wp-content\/uploads\/sites\/8\/2023\/11\/editais_2023_3t_za-banda-do-moinho.pdf\" class=\"mtli_attachment mtli_pdf\">Editais 2023 3T ZA Banda do Moinho<\/a><\/p>\n<p><a href=\"https:\/\/cmnordeste.pt\/publicacoes\/wp-content\/uploads\/sites\/8\/2023\/11\/editais_2023_3t_za-calvo.pdf\" class=\"mtli_attachment mtli_pdf\">Editais 2023 3T ZA Calvo<\/a><\/p>\n<p><a href=\"https:\/\/cmnordeste.pt\/publicacoes\/wp-content\/uploads\/sites\/8\/2023\/11\/editais_2023_3t_za-clerigos.pdf\" class=\"mtli_attachment mtli_pdf\">Editais 2023 3T ZA Cl\u00e9rigos<\/a><\/p>\n<p><a href=\"https:\/\/cmnordeste.pt\/publicacoes\/wp-content\/uploads\/sites\/8\/2023\/11\/editais_2023_3t_za-dez-alqueires.pdf\" class=\"mtli_attachment mtli_pdf\">Editais 2023 3T ZA Dez Alqueires<\/a><\/p>\n<p><a href=\"https:\/\/cmnordeste.pt\/publicacoes\/wp-content\/uploads\/sites\/8\/2023\/11\/editais_2023_3t_za-espigao.pdf\" class=\"mtli_attachment mtli_pdf\">Editais 2023 3T ZA Espig\u00e3o<\/a><\/p>\n<p><a href=\"https:\/\/cmnordeste.pt\/publicacoes\/wp-content\/uploads\/sites\/8\/2023\/11\/editais_2023_3t_za-lagos.pdf\" class=\"mtli_attachment mtli_pdf\">Editais 2023 3T ZA Lagos<\/a><\/p>\n<p><a href=\"https:\/\/cmnordeste.pt\/publicacoes\/wp-content\/uploads\/sites\/8\/2023\/11\/editais_2023_3t_za-lomba-da-cruz.pdf\" class=\"mtli_attachment mtli_pdf\">Editais 2023 3T ZA Lomba da Cruz<\/a><\/p>\n<p><a href=\"https:\/\/cmnordeste.pt\/publicacoes\/wp-content\/uploads\/sites\/8\/2023\/11\/editais_2023_3t_za-pedreira.pdf\" class=\"mtli_attachment mtli_pdf\">Editais 2023 3T ZA Pedreira<\/a><\/p>\n<p><a href=\"https:\/\/cmnordeste.pt\/publicacoes\/wp-content\/uploads\/sites\/8\/2023\/11\/editais_2023_3t_za-rua-do-outeiro.pdf\" class=\"mtli_attachment mtli_pdf\">Editais 2023 3T ZA Rua do Outeiro<\/a><\/p>\n<p><a href=\"https:\/\/cmnordeste.pt\/publicacoes\/wp-content\/uploads\/sites\/8\/2023\/11\/editais_2023_3t_za-salga.pdf\" class=\"mtli_attachment mtli_pdf\">Editais 2023 3T ZA Salga<\/a><\/p>\n<p><strong>Editais da Qualidade da \u00c1gua &#8211; 2.\u00ba trimestre de 2023<\/strong><\/p>\n<p><a href=\"https:\/\/cmnordeste.pt\/publicacoes\/wp-content\/uploads\/sites\/8\/2023\/11\/editais_2023_3t_za-santana.pdf\" class=\"mtli_attachment mtli_pdf\">Editais 2023 3T ZA Santana<\/a><\/p>\n<p><a href=\"https:\/\/cmnordeste.pt\/publicacoes\/wp-content\/uploads\/sites\/8\/2023\/11\/editais_2023_3t_za-sao-pedro-nordestinho.pdf\" class=\"mtli_attachment mtli_pdf\">Editais 2023 3T ZA S\u00e3o Pedro Nordestinho<\/a><a href=\"https:\/\/cmnordeste.pt\/publicacoes\/wp-content\/uploads\/sites\/8\/2023\/09\/editais_2023_2t_za-achada-1.pdf\" class=\"mtli_attachment mtli_pdf\"><\/a><\/p>\n<p><a href=\"https:\/\/cmnordeste.pt\/publicacoes\/wp-content\/uploads\/sites\/8\/2023\/09\/editais_2023_2t_za-achadinha-1.pdf\" class=\"mtli_attachment mtli_pdf\">Editais 2023 2T ZA Achadinha<\/a><\/p>\n<p><a href=\"https:\/\/cmnordeste.pt\/publicacoes\/wp-content\/uploads\/sites\/8\/2023\/09\/editais_2023_2t_za-assomada-1.pdf\" class=\"mtli_attachment mtli_pdf\">Editais 2023 2T ZA Assomada<\/a><\/p>\n<p><a href=\"https:\/\/cmnordeste.pt\/publicacoes\/wp-content\/uploads\/sites\/8\/2023\/09\/editais_2023_2t_za-banda-do-moinho-1.pdf\" class=\"mtli_attachment mtli_pdf\">Editais 2023 2T ZA Banda do Moinho<\/a><\/p>\n<p><a href=\"https:\/\/cmnordeste.pt\/publicacoes\/wp-content\/uploads\/sites\/8\/2023\/09\/editais_2023_2t_za-calvo-1.pdf\" class=\"mtli_attachment mtli_pdf\">Editais 2023 2T ZA Calvo<\/a><\/p>\n<p><a href=\"https:\/\/cmnordeste.pt\/publicacoes\/wp-content\/uploads\/sites\/8\/2023\/09\/editais_2023_2t_za-clerigos-1.pdf\" class=\"mtli_attachment mtli_pdf\">Editais 2023 2T ZA Cl\u00e9rigos<\/a><\/p>\n<p><a href=\"https:\/\/cmnordeste.pt\/publicacoes\/wp-content\/uploads\/sites\/8\/2023\/09\/editais_2023_2t_za-dez-alqueires-1.pdf\" class=\"mtli_attachment mtli_pdf\">Editais 2023 2T ZA Dez Alqueires<\/a><\/p>\n<p><a href=\"https:\/\/cmnordeste.pt\/publicacoes\/wp-content\/uploads\/sites\/8\/2023\/09\/editais_2023_2t_za-espigao-1.pdf\" class=\"mtli_attachment mtli_pdf\">Editais 2023 2T ZA Espig\u00e3o<\/a><\/p>\n<p><a href=\"https:\/\/cmnordeste.pt\/publicacoes\/wp-content\/uploads\/sites\/8\/2023\/09\/editais_2023_2t_za-lagos-1.pdf\" class=\"mtli_attachment mtli_pdf\">Editais 2023 2T ZA Lagos<\/a><\/p>\n<p><a href=\"https:\/\/cmnordeste.pt\/publicacoes\/wp-content\/uploads\/sites\/8\/2023\/09\/editais_2023_2t_za-lomba-da-cruz-1.pdf\" class=\"mtli_attachment mtli_pdf\">Editais 2023 2T ZA Lomba da Cruz<\/a><\/p>\n<p><a href=\"https:\/\/cmnordeste.pt\/publicacoes\/wp-content\/uploads\/sites\/8\/2023\/09\/editais_2023_2t_za-pedreira-1.pdf\" class=\"mtli_attachment mtli_pdf\">Editais 2023 2T ZA Pedreira<\/a><\/p>\n<p><a href=\"https:\/\/cmnordeste.pt\/publicacoes\/wp-content\/uploads\/sites\/8\/2023\/09\/editais_2023_2t_za-rua-do-outeiro-1.pdf\" class=\"mtli_attachment mtli_pdf\">Editais 2023 2T ZA Rua do Outeiro<\/a><\/p>\n<p><a href=\"https:\/\/cmnordeste.pt\/publicacoes\/wp-content\/uploads\/sites\/8\/2023\/09\/editais_2023_2t_za-salga-1.pdf\" class=\"mtli_attachment mtli_pdf\">Editais 2023 2T ZA Salga<\/a><\/p>\n<p><a href=\"https:\/\/cmnordeste.pt\/publicacoes\/wp-content\/uploads\/sites\/8\/2023\/09\/editais_2023_2t_za-santana-1.pdf\" class=\"mtli_attachment mtli_pdf\">Editais 2023 2T ZA Santana<\/a><\/p>\n<p><a href=\"https:\/\/cmnordeste.pt\/publicacoes\/wp-content\/uploads\/sites\/8\/2023\/09\/editais_2023_2t_za-sao-pedro-nordestinho-1.pdf\" class=\"mtli_attachment mtli_pdf\">Editais 2023 2T ZA S\u00e3o Pedro Nordestinho<\/a><\/p>\n<p><strong>Editais da Qualidade da \u00c1gua &#8211; 1.\u00ba trimestre de 2023<\/strong><\/p>\n<p><a href=\"https:\/\/cmnordeste.pt\/publicacoes\/wp-content\/uploads\/sites\/8\/2023\/05\/editais_2023_1t_za-achada.pdf\" class=\"mtli_attachment mtli_pdf\">Editais 2023 1T ZA Achada<\/a><\/p>\n<p><a href=\"https:\/\/cmnordeste.pt\/publicacoes\/wp-content\/uploads\/sites\/8\/2023\/05\/editais_2023_1t_za-achadinha.pdf\" class=\"mtli_attachment mtli_pdf\">Editais 2023 1T ZA Achadinha<\/a><\/p>\n<p><a href=\"https:\/\/cmnordeste.pt\/publicacoes\/wp-content\/uploads\/sites\/8\/2023\/05\/editais_2023_1t_za-assomada.pdf\" class=\"mtli_attachment mtli_pdf\">Editais 2023 1T ZA Assomada<\/a><\/p>\n<p><a href=\"https:\/\/cmnordeste.pt\/publicacoes\/wp-content\/uploads\/sites\/8\/2023\/05\/editais_2023_1t_za-banda-do-moinho.pdf\" class=\"mtli_attachment mtli_pdf\">Editais 2023 1T ZA Banda do Moinho<\/a><\/p>\n<p><a href=\"https:\/\/cmnordeste.pt\/publicacoes\/wp-content\/uploads\/sites\/8\/2023\/05\/editais_2023_1t_za-calvo.pdf\" class=\"mtli_attachment mtli_pdf\">Editais 2023 1T ZA Calvo<\/a><\/p>\n<p><a href=\"https:\/\/cmnordeste.pt\/publicacoes\/wp-content\/uploads\/sites\/8\/2023\/05\/editais_2023_1t_za-clerigos.pdf\" class=\"mtli_attachment mtli_pdf\">Editais 2023 1T ZA Cl\u00e9rigos<\/a><\/p>\n<p><a href=\"https:\/\/cmnordeste.pt\/publicacoes\/wp-content\/uploads\/sites\/8\/2023\/05\/editais_2023_1t_za-dez-alqueires.pdf\" class=\"mtli_attachment mtli_pdf\">Editais 2023 1T ZA Dez Alqueires<\/a><\/p>\n<p><a href=\"https:\/\/cmnordeste.pt\/publicacoes\/wp-content\/uploads\/sites\/8\/2023\/05\/editais_2023_1t_za-espigao.pdf\" class=\"mtli_attachment mtli_pdf\">Editais 2023 1T ZA Espig\u00e3o<\/a><\/p>\n<p><a href=\"https:\/\/cmnordeste.pt\/publicacoes\/wp-content\/uploads\/sites\/8\/2023\/05\/editais_2023_1t_za-lagos.pdf\" class=\"mtli_attachment mtli_pdf\">Editais 2023 1T ZA Lagos<\/a><\/p>\n<p><a href=\"https:\/\/cmnordeste.pt\/publicacoes\/wp-content\/uploads\/sites\/8\/2023\/05\/editais_2023_1t_za-lomba-da-cruz.pdf\" class=\"mtli_attachment mtli_pdf\">Editais 2023 1T ZA Lomba da Cruz<\/a><\/p>\n<p><a href=\"https:\/\/cmnordeste.pt\/publicacoes\/wp-content\/uploads\/sites\/8\/2023\/05\/editais_2023_1t_za-pedreira.pdf\" class=\"mtli_attachment mtli_pdf\">Editais 2023 1T ZA Pedreira<\/a><\/p>\n<p><a href=\"https:\/\/cmnordeste.pt\/publicacoes\/wp-content\/uploads\/sites\/8\/2023\/05\/editais_2023_1t_za-rua-do-outeiro.pdf\" class=\"mtli_attachment mtli_pdf\">Editais 2023 1T ZA Rua do Outeiro<\/a><\/p>\n<p><a href=\"https:\/\/cmnordeste.pt\/publicacoes\/wp-content\/uploads\/sites\/8\/2023\/05\/editais_2023_1t_za-salga.pdf\" class=\"mtli_attachment mtli_pdf\">Editais 2023 1T ZA Salga<\/a><\/p>\n<p><a href=\"https:\/\/cmnordeste.pt\/publicacoes\/wp-content\/uploads\/sites\/8\/2023\/05\/editais_2023_1t_za-santana.pdf\" class=\"mtli_attachment mtli_pdf\">Editais 2023 1T ZA Santana<\/a><\/p>\n<p><a href=\"https:\/\/cmnordeste.pt\/publicacoes\/wp-content\/uploads\/sites\/8\/2023\/05\/editais_2023_1t_za-sao-pedro-nordestinho.pdf\" class=\"mtli_attachment mtli_pdf\">Editais 2023 1T ZA S\u00e3o Pedro Nordestinho<\/a><\/p>\n<p>&nbsp;<\/p>\n<h3><strong><br \/>\nPlano Municipal de Res\u00edduos Urbanos<\/strong><\/h3>\n<p><a href=\"https:\/\/cmnordeste.pt\/publicacoes\/wp-content\/uploads\/sites\/8\/2022\/03\/plano-municipal-estrategico-de-prevencao-e-gestao-de-residuos-urbanos-do-nordeste-aprovado-2018.pdf\" class=\"mtli_attachment mtli_pdf\">Plano Municipal Estrat\u00e9gico de Preven\u00e7\u00e3o e Gest\u00e3o de Res\u00edduos Urbanos do Nordeste (aprovado 2018)<\/a><\/p>\n","protected":false},"excerpt":{"rendered":"<p>Editais da Qualidade da \u00c1gua &#8211; Anual 2025 Editais 2025 Anual Editais da Qualidade da \u00c1gua &#8211; 3\u00ba trimestre 2025 Editais 2025 3T Editais da Qualidade da \u00c1gua &#8211; 2\u00ba trimestre 2025 Editais 2025 2T Editais da Qualidade da \u00c1gua &#8211; Anual 2024 Editais 2024 Anual Editais da Qualidade da \u00c1gua &#8211; 1.\u00ba trimestre de [&hellip;]<\/p>\n","protected":false},"author":1,"featured_media":214,"parent":0,"menu_order":90,"comment_status":"closed","ping_status":"closed","template":"page-publicacoes.php","meta":{"_acf_changed":false,"footnotes":""},"class_list":["post-68","page","type-page","status-publish","has-post-thumbnail","hentry"],"acf":[],"yoast_head":"<!-- This site is optimized with the Yoast SEO plugin v27.4 - https:\/\/yoast.com\/product\/yoast-seo-wordpress\/ -->\n<title>\u00c1gua e Res\u00edduos Urbanos - Publica\u00e7\u00f5es<\/title>\n<meta name=\"robots\" content=\"index, follow, max-snippet:-1, max-image-preview:large, max-video-preview:-1\" \/>\n<link rel=\"canonical\" href=\"https:\/\/cmnordeste.pt\/publicacoes\/agua-e-residuos-urbanos\/\" \/>\n<meta property=\"og:locale\" content=\"pt_PT\" \/>\n<meta property=\"og:type\" content=\"article\" \/>\n<meta property=\"og:title\" content=\"\u00c1gua e Res\u00edduos Urbanos - Publica\u00e7\u00f5es\" \/>\n<meta property=\"og:description\" content=\"Editais da Qualidade da \u00c1gua &#8211; Anual 2025 Editais 2025 Anual Editais da Qualidade da \u00c1gua &#8211; 3\u00ba trimestre 2025 Editais 2025 3T Editais da Qualidade da \u00c1gua &#8211; 2\u00ba trimestre 2025 Editais 2025 2T Editais da Qualidade da \u00c1gua &#8211; Anual 2024 Editais 2024 Anual Editais da Qualidade da \u00c1gua &#8211; 1.\u00ba trimestre de [&hellip;]\" \/>\n<meta property=\"og:url\" content=\"https:\/\/cmnordeste.pt\/publicacoes\/agua-e-residuos-urbanos\/\" \/>\n<meta property=\"og:site_name\" content=\"Publica\u00e7\u00f5es\" \/>\n<meta property=\"article:modified_time\" content=\"2026-01-29T15:48:35+00:00\" \/>\n<meta property=\"og:image\" content=\"https:\/\/cmnordeste.pt\/publicacoes\/wp-content\/uploads\/sites\/8\/2019\/06\/depositphotos_25556937_xl-2015-1920x1080.jpg\" \/>\n\t<meta property=\"og:image:width\" content=\"1920\" \/>\n\t<meta property=\"og:image:height\" content=\"1718\" \/>\n\t<meta property=\"og:image:type\" content=\"image\/jpeg\" \/>\n<meta name=\"twitter:card\" content=\"summary_large_image\" \/>\n<meta name=\"twitter:label1\" content=\"Tempo estimado de leitura\" \/>\n\t<meta name=\"twitter:data1\" content=\"2 minutos\" \/>\n<script type=\"application\/ld+json\" class=\"yoast-schema-graph\">{\"@context\":\"https:\\\/\\\/schema.org\",\"@graph\":[{\"@type\":\"WebPage\",\"@id\":\"https:\\\/\\\/cmnordeste.pt\\\/publicacoes\\\/agua-e-residuos-urbanos\\\/\",\"url\":\"https:\\\/\\\/cmnordeste.pt\\\/publicacoes\\\/agua-e-residuos-urbanos\\\/\",\"name\":\"\u00c1gua e Res\u00edduos Urbanos - Publica\u00e7\u00f5es\",\"isPartOf\":{\"@id\":\"https:\\\/\\\/cmnordeste.pt\\\/publicacoes\\\/#website\"},\"primaryImageOfPage\":{\"@id\":\"https:\\\/\\\/cmnordeste.pt\\\/publicacoes\\\/agua-e-residuos-urbanos\\\/#primaryimage\"},\"image\":{\"@id\":\"https:\\\/\\\/cmnordeste.pt\\\/publicacoes\\\/agua-e-residuos-urbanos\\\/#primaryimage\"},\"thumbnailUrl\":\"https:\\\/\\\/cmnordeste.pt\\\/publicacoes\\\/wp-content\\\/uploads\\\/sites\\\/8\\\/2019\\\/06\\\/depositphotos_25556937_xl-2015-1920x1080.jpg\",\"datePublished\":\"2026-01-29T14:48:19+00:00\",\"dateModified\":\"2026-01-29T15:48:35+00:00\",\"breadcrumb\":{\"@id\":\"https:\\\/\\\/cmnordeste.pt\\\/publicacoes\\\/agua-e-residuos-urbanos\\\/#breadcrumb\"},\"inLanguage\":\"pt-PT\",\"potentialAction\":[{\"@type\":\"ReadAction\",\"target\":[\"https:\\\/\\\/cmnordeste.pt\\\/publicacoes\\\/agua-e-residuos-urbanos\\\/\"]}]},{\"@type\":\"ImageObject\",\"inLanguage\":\"pt-PT\",\"@id\":\"https:\\\/\\\/cmnordeste.pt\\\/publicacoes\\\/agua-e-residuos-urbanos\\\/#primaryimage\",\"url\":\"https:\\\/\\\/cmnordeste.pt\\\/publicacoes\\\/wp-content\\\/uploads\\\/sites\\\/8\\\/2019\\\/06\\\/depositphotos_25556937_xl-2015-1920x1080.jpg\",\"contentUrl\":\"https:\\\/\\\/cmnordeste.pt\\\/publicacoes\\\/wp-content\\\/uploads\\\/sites\\\/8\\\/2019\\\/06\\\/depositphotos_25556937_xl-2015-1920x1080.jpg\",\"width\":1920,\"height\":1718,\"caption\":\"Qualidade da \u00c1gua\"},{\"@type\":\"BreadcrumbList\",\"@id\":\"https:\\\/\\\/cmnordeste.pt\\\/publicacoes\\\/agua-e-residuos-urbanos\\\/#breadcrumb\",\"itemListElement\":[{\"@type\":\"ListItem\",\"position\":1,\"name\":\"In\u00edcio\",\"item\":\"https:\\\/\\\/cmnordeste.pt\\\/publicacoes\\\/\"},{\"@type\":\"ListItem\",\"position\":2,\"name\":\"\u00c1gua e Res\u00edduos Urbanos\"}]},{\"@type\":\"WebSite\",\"@id\":\"https:\\\/\\\/cmnordeste.pt\\\/publicacoes\\\/#website\",\"url\":\"https:\\\/\\\/cmnordeste.pt\\\/publicacoes\\\/\",\"name\":\"Publica\u00e7\u00f5es\",\"description\":\"Publica\u00e7\u00f5es do Munic\u00edpio de Nordeste\",\"potentialAction\":[{\"@type\":\"SearchAction\",\"target\":{\"@type\":\"EntryPoint\",\"urlTemplate\":\"https:\\\/\\\/cmnordeste.pt\\\/publicacoes\\\/?s={search_term_string}\"},\"query-input\":{\"@type\":\"PropertyValueSpecification\",\"valueRequired\":true,\"valueName\":\"search_term_string\"}}],\"inLanguage\":\"pt-PT\"}]}<\/script>\n<!-- \/ Yoast SEO plugin. -->","yoast_head_json":{"title":"\u00c1gua e Res\u00edduos Urbanos - Publica\u00e7\u00f5es","robots":{"index":"index","follow":"follow","max-snippet":"max-snippet:-1","max-image-preview":"max-image-preview:large","max-video-preview":"max-video-preview:-1"},"canonical":"https:\/\/cmnordeste.pt\/publicacoes\/agua-e-residuos-urbanos\/","og_locale":"pt_PT","og_type":"article","og_title":"\u00c1gua e Res\u00edduos Urbanos - Publica\u00e7\u00f5es","og_description":"Editais da Qualidade da \u00c1gua &#8211; Anual 2025 Editais 2025 Anual Editais da Qualidade da \u00c1gua &#8211; 3\u00ba trimestre 2025 Editais 2025 3T Editais da Qualidade da \u00c1gua &#8211; 2\u00ba trimestre 2025 Editais 2025 2T Editais da Qualidade da \u00c1gua &#8211; Anual 2024 Editais 2024 Anual Editais da Qualidade da \u00c1gua &#8211; 1.\u00ba trimestre de [&hellip;]","og_url":"https:\/\/cmnordeste.pt\/publicacoes\/agua-e-residuos-urbanos\/","og_site_name":"Publica\u00e7\u00f5es","article_modified_time":"2026-01-29T15:48:35+00:00","og_image":[{"width":1920,"height":1718,"url":"https:\/\/cmnordeste.pt\/publicacoes\/wp-content\/uploads\/sites\/8\/2019\/06\/depositphotos_25556937_xl-2015-1920x1080.jpg","type":"image\/jpeg"}],"twitter_card":"summary_large_image","twitter_misc":{"Tempo estimado de leitura":"2 minutos"},"schema":{"@context":"https:\/\/schema.org","@graph":[{"@type":"WebPage","@id":"https:\/\/cmnordeste.pt\/publicacoes\/agua-e-residuos-urbanos\/","url":"https:\/\/cmnordeste.pt\/publicacoes\/agua-e-residuos-urbanos\/","name":"\u00c1gua e Res\u00edduos Urbanos - Publica\u00e7\u00f5es","isPartOf":{"@id":"https:\/\/cmnordeste.pt\/publicacoes\/#website"},"primaryImageOfPage":{"@id":"https:\/\/cmnordeste.pt\/publicacoes\/agua-e-residuos-urbanos\/#primaryimage"},"image":{"@id":"https:\/\/cmnordeste.pt\/publicacoes\/agua-e-residuos-urbanos\/#primaryimage"},"thumbnailUrl":"https:\/\/cmnordeste.pt\/publicacoes\/wp-content\/uploads\/sites\/8\/2019\/06\/depositphotos_25556937_xl-2015-1920x1080.jpg","datePublished":"2026-01-29T14:48:19+00:00","dateModified":"2026-01-29T15:48:35+00:00","breadcrumb":{"@id":"https:\/\/cmnordeste.pt\/publicacoes\/agua-e-residuos-urbanos\/#breadcrumb"},"inLanguage":"pt-PT","potentialAction":[{"@type":"ReadAction","target":["https:\/\/cmnordeste.pt\/publicacoes\/agua-e-residuos-urbanos\/"]}]},{"@type":"ImageObject","inLanguage":"pt-PT","@id":"https:\/\/cmnordeste.pt\/publicacoes\/agua-e-residuos-urbanos\/#primaryimage","url":"https:\/\/cmnordeste.pt\/publicacoes\/wp-content\/uploads\/sites\/8\/2019\/06\/depositphotos_25556937_xl-2015-1920x1080.jpg","contentUrl":"https:\/\/cmnordeste.pt\/publicacoes\/wp-content\/uploads\/sites\/8\/2019\/06\/depositphotos_25556937_xl-2015-1920x1080.jpg","width":1920,"height":1718,"caption":"Qualidade da \u00c1gua"},{"@type":"BreadcrumbList","@id":"https:\/\/cmnordeste.pt\/publicacoes\/agua-e-residuos-urbanos\/#breadcrumb","itemListElement":[{"@type":"ListItem","position":1,"name":"In\u00edcio","item":"https:\/\/cmnordeste.pt\/publicacoes\/"},{"@type":"ListItem","position":2,"name":"\u00c1gua e Res\u00edduos Urbanos"}]},{"@type":"WebSite","@id":"https:\/\/cmnordeste.pt\/publicacoes\/#website","url":"https:\/\/cmnordeste.pt\/publicacoes\/","name":"Publica\u00e7\u00f5es","description":"Publica\u00e7\u00f5es do Munic\u00edpio de Nordeste","potentialAction":[{"@type":"SearchAction","target":{"@type":"EntryPoint","urlTemplate":"https:\/\/cmnordeste.pt\/publicacoes\/?s={search_term_string}"},"query-input":{"@type":"PropertyValueSpecification","valueRequired":true,"valueName":"search_term_string"}}],"inLanguage":"pt-PT"}]}},"_links":{"self":[{"href":"https:\/\/cmnordeste.pt\/publicacoes\/wp-json\/wp\/v2\/pages\/68","targetHints":{"allow":["GET"]}}],"collection":[{"href":"https:\/\/cmnordeste.pt\/publicacoes\/wp-json\/wp\/v2\/pages"}],"about":[{"href":"https:\/\/cmnordeste.pt\/publicacoes\/wp-json\/wp\/v2\/types\/page"}],"author":[{"embeddable":true,"href":"https:\/\/cmnordeste.pt\/publicacoes\/wp-json\/wp\/v2\/users\/1"}],"replies":[{"embeddable":true,"href":"https:\/\/cmnordeste.pt\/publicacoes\/wp-json\/wp\/v2\/comments?post=68"}],"version-history":[{"count":12,"href":"https:\/\/cmnordeste.pt\/publicacoes\/wp-json\/wp\/v2\/pages\/68\/revisions"}],"predecessor-version":[{"id":6358,"href":"https:\/\/cmnordeste.pt\/publicacoes\/wp-json\/wp\/v2\/pages\/68\/revisions\/6358"}],"wp:featuredmedia":[{"embeddable":true,"href":"https:\/\/cmnordeste.pt\/publicacoes\/wp-json\/wp\/v2\/media\/214"}],"wp:attachment":[{"href":"https:\/\/cmnordeste.pt\/publicacoes\/wp-json\/wp\/v2\/media?parent=68"}],"curies":[{"name":"wp","href":"https:\/\/api.w.org\/{rel}","templated":true}]}}